{"id":1289,"date":"2026-03-09T13:37:01","date_gmt":"2026-03-09T12:37:01","guid":{"rendered":"https:\/\/www.cravanparis.com\/evenement\/exquis-by-marie-ottavi-elli-medeiros\/"},"modified":"2026-03-09T13:38:31","modified_gmt":"2026-03-09T12:38:31","slug":"exquis-by-marie-ottavi-elli-medeiros","status":"publish","type":"events_cravan","link":"https:\/\/www.cravanparis.com\/en\/event\/exquis-by-marie-ottavi-elli-medeiros\/","title":{"rendered":"Exquis by Marie Ottavi &#8211; Elli Medeiros"},"content":{"rendered":"\n<p>Singer, songwriter, composer, actress, and director, Elli Medeiros left a lasting impression with her distinctive style and the sense of fantasy that radiated from her presence. Recently celebrated by Simon Porte Jacquemus during his latest Paris fashion show, she has long moved against the current, mocking trends and most often avoiding them altogether. She famously pinned together torn clothing with safety pins and wore her stepfather\u2019s hole-ridden sweaters before such styles became fashionable, later playfully choosing to wear pristine vintage pieces when deconstruction and deliberate wear-and-tear became the trend.   <\/p>\n\n<p>Elli Medeiros first emerged on the punk scene as a member of Stinky Toys from 1976 to 1979, before forming a duo with Jacno from 1979 to 1984 and later pursuing a solo career. Toi mon toit, one of her songs released in 1986, remains a timeless hit, whose chorus, along with its music video, continues to linger in our minds. <\/p>\n\n<figure class=\"wp-block-image size-large\"><img loading=\"lazy\" decoding=\"async\" width=\"1024\" height=\"639\" src=\"https:\/\/www.cravanparis.com\/app\/uploads\/2026\/03\/Screenshot-2026-02-06-123933_0.png-1024x639.webp\" alt=\"\" class=\"wp-image-1286\" srcset=\"https:\/\/www.cravanparis.com\/app\/uploads\/2026\/03\/Screenshot-2026-02-06-123933_0.png-1024x639.webp 1024w, https:\/\/www.cravanparis.com\/app\/uploads\/2026\/03\/Screenshot-2026-02-06-123933_0.png-300x187.webp 300w, https:\/\/www.cravanparis.com\/app\/uploads\/2026\/03\/Screenshot-2026-02-06-123933_0.png-768x479.webp 768w, https:\/\/www.cravanparis.com\/app\/uploads\/2026\/03\/Screenshot-2026-02-06-123933_0.png-600x375.webp 600w, https:\/\/www.cravanparis.com\/app\/uploads\/2026\/03\/Screenshot-2026-02-06-123933_0.png.webp 1400w\" sizes=\"auto, (max-width: 1024px) 100vw, 1024px\" \/><\/figure>\n\n<p>\u201cExquis\u201d is a series of meetings conceived and hosted by Marie Ottavi. Designed as a conversation dedicated to fashion, each edition brings together a guest from cinema, music, contemporary art, literature, architecture, and more. The interview takes place at the heart of CRAVAN and explores each guest\u2019s personal sartorial journey, offering their perspective and reflecting on different eras. \u201cExquis\u201d views fashion as a space for dialogue and reflection, and clothing as a meeting point between various disciplines, ideas, and sensibilities.<\/p>\n","protected":false},"excerpt":{"rendered":"<p>Singer, songwriter, composer, actress, and director, Elli Medeiros left a lasting impression with her distinctive style and the sense of fantasy that radiated from her presence. Recently celebrated by Simon Porte Jacquemus during his latest Paris fashion show, she has long moved against the current, mocking trends and most often avoiding them altogether. She famously [&hellip;]<\/p>\n","protected":false},"author":1,"featured_media":1288,"template":"","events_cravan_cat":[81],"class_list":["post-1289","events_cravan","type-events_cravan","status-publish","has-post-thumbnail","hentry","events_cravan_cat-melange-des-genres"],"acf":[],"yoast_head":"<!-- This site is optimized with the Yoast SEO plugin v27.3 - https:\/\/yoast.com\/product\/yoast-seo-wordpress\/ -->\n<title>Exquis by Marie Ottavi - Elli Medeiros - CRAVAN - Cocktail Bar - Paris 6<\/title>\n<meta name=\"robots\" content=\"index, follow, max-snippet:-1, max-image-preview:large, max-video-preview:-1\" \/>\n<link rel=\"canonical\" href=\"https:\/\/www.cravanparis.com\/en\/event\/exquis-by-marie-ottavi-elli-medeiros\/\" \/>\n<meta property=\"og:locale\" content=\"en_US\" \/>\n<meta property=\"og:type\" content=\"article\" \/>\n<meta property=\"og:title\" content=\"Exquis by Marie Ottavi - Elli Medeiros - CRAVAN - Cocktail Bar - Paris 6\" \/>\n<meta property=\"og:description\" content=\"Singer, songwriter, composer, actress, and director, Elli Medeiros left a lasting impression with her distinctive style and the sense of fantasy that radiated from her presence. Recently celebrated by Simon Porte Jacquemus during his latest Paris fashion show, she has long moved against the current, mocking trends and most often avoiding them altogether. She famously [&hellip;]\" \/>\n<meta property=\"og:url\" content=\"https:\/\/www.cravanparis.com\/en\/event\/exquis-by-marie-ottavi-elli-medeiros\/\" \/>\n<meta property=\"og:site_name\" content=\"CRAVAN - Cocktail Bar - Paris 6\" \/>\n<meta property=\"article:modified_time\" content=\"2026-03-09T12:38:31+00:00\" \/>\n<meta property=\"og:image\" content=\"https:\/\/www.cravanparis.com\/app\/uploads\/2026\/03\/Screenshot-2026-02-06-123933_0.png.webp\" \/>\n\t<meta property=\"og:image:width\" content=\"1400\" \/>\n\t<meta property=\"og:image:height\" content=\"874\" \/>\n\t<meta property=\"og:image:type\" content=\"image\/webp\" \/>\n<meta name=\"twitter:card\" content=\"summary_large_image\" \/>\n<meta name=\"twitter:label1\" content=\"Est. reading time\" \/>\n\t<meta name=\"twitter:data1\" content=\"1 minute\" \/>\n<script type=\"application\/ld+json\" class=\"yoast-schema-graph\">{\"@context\":\"https:\\\/\\\/schema.org\",\"@graph\":[{\"@type\":\"WebPage\",\"@id\":\"https:\\\/\\\/www.cravanparis.com\\\/en\\\/event\\\/exquis-by-marie-ottavi-elli-medeiros\\\/\",\"url\":\"https:\\\/\\\/www.cravanparis.com\\\/en\\\/event\\\/exquis-by-marie-ottavi-elli-medeiros\\\/\",\"name\":\"Exquis by Marie Ottavi - Elli Medeiros - CRAVAN - Cocktail Bar - Paris 6\",\"isPartOf\":{\"@id\":\"https:\\\/\\\/www.cravanparis.com\\\/fr\\\/#website\"},\"primaryImageOfPage\":{\"@id\":\"https:\\\/\\\/www.cravanparis.com\\\/en\\\/event\\\/exquis-by-marie-ottavi-elli-medeiros\\\/#primaryimage\"},\"image\":{\"@id\":\"https:\\\/\\\/www.cravanparis.com\\\/en\\\/event\\\/exquis-by-marie-ottavi-elli-medeiros\\\/#primaryimage\"},\"thumbnailUrl\":\"https:\\\/\\\/www.cravanparis.com\\\/app\\\/uploads\\\/2026\\\/03\\\/Screenshot-2026-02-06-123933_0.png.webp\",\"datePublished\":\"2026-03-09T12:37:01+00:00\",\"dateModified\":\"2026-03-09T12:38:31+00:00\",\"breadcrumb\":{\"@id\":\"https:\\\/\\\/www.cravanparis.com\\\/en\\\/event\\\/exquis-by-marie-ottavi-elli-medeiros\\\/#breadcrumb\"},\"inLanguage\":\"en-US\",\"potentialAction\":[{\"@type\":\"ReadAction\",\"target\":[\"https:\\\/\\\/www.cravanparis.com\\\/en\\\/event\\\/exquis-by-marie-ottavi-elli-medeiros\\\/\"]}]},{\"@type\":\"ImageObject\",\"inLanguage\":\"en-US\",\"@id\":\"https:\\\/\\\/www.cravanparis.com\\\/en\\\/event\\\/exquis-by-marie-ottavi-elli-medeiros\\\/#primaryimage\",\"url\":\"https:\\\/\\\/www.cravanparis.com\\\/app\\\/uploads\\\/2026\\\/03\\\/Screenshot-2026-02-06-123933_0.png.webp\",\"contentUrl\":\"https:\\\/\\\/www.cravanparis.com\\\/app\\\/uploads\\\/2026\\\/03\\\/Screenshot-2026-02-06-123933_0.png.webp\",\"width\":1400,\"height\":874},{\"@type\":\"BreadcrumbList\",\"@id\":\"https:\\\/\\\/www.cravanparis.com\\\/en\\\/event\\\/exquis-by-marie-ottavi-elli-medeiros\\\/#breadcrumb\",\"itemListElement\":[{\"@type\":\"ListItem\",\"position\":1,\"name\":\"Home\",\"item\":\"https:\\\/\\\/www.cravanparis.com\\\/en\\\/\"},{\"@type\":\"ListItem\",\"position\":2,\"name\":\"\u00c9v\u00e8nements Cravan\",\"item\":\"https:\\\/\\\/www.cravanparis.com\\\/fr\\\/evenement\\\/\"},{\"@type\":\"ListItem\",\"position\":3,\"name\":\"Exquis by Marie Ottavi &#8211; Elli Medeiros\"}]},{\"@type\":\"WebSite\",\"@id\":\"https:\\\/\\\/www.cravanparis.com\\\/fr\\\/#website\",\"url\":\"https:\\\/\\\/www.cravanparis.com\\\/fr\\\/\",\"name\":\"CRAVAN - Cocktail Bar - Paris 6\",\"description\":\"CRAVAN, bar \u00e0 cocktails dans le 6\u00e8 arrondissement de Paris, au c\u0153ur du quartier litt\u00e9raire de Saint-Germain-des-Pr\u00e9s. Suivez-nous sur @cravanparis.\",\"publisher\":{\"@id\":\"https:\\\/\\\/www.cravanparis.com\\\/fr\\\/#organization\"},\"potentialAction\":[{\"@type\":\"SearchAction\",\"target\":{\"@type\":\"EntryPoint\",\"urlTemplate\":\"https:\\\/\\\/www.cravanparis.com\\\/fr\\\/?s={search_term_string}\"},\"query-input\":{\"@type\":\"PropertyValueSpecification\",\"valueRequired\":true,\"valueName\":\"search_term_string\"}}],\"inLanguage\":\"en-US\"},{\"@type\":\"Organization\",\"@id\":\"https:\\\/\\\/www.cravanparis.com\\\/fr\\\/#organization\",\"name\":\"CRAVAN - Cocktail Bar - Paris 6\",\"url\":\"https:\\\/\\\/www.cravanparis.com\\\/fr\\\/\",\"logo\":{\"@type\":\"ImageObject\",\"inLanguage\":\"en-US\",\"@id\":\"https:\\\/\\\/www.cravanparis.com\\\/fr\\\/#\\\/schema\\\/logo\\\/image\\\/\",\"url\":\"https:\\\/\\\/www.cravanparis.com\\\/app\\\/uploads\\\/2026\\\/03\\\/cravan.svg\",\"contentUrl\":\"https:\\\/\\\/www.cravanparis.com\\\/app\\\/uploads\\\/2026\\\/03\\\/cravan.svg\",\"width\":1296,\"height\":357,\"caption\":\"CRAVAN - Cocktail Bar - Paris 6\"},\"image\":{\"@id\":\"https:\\\/\\\/www.cravanparis.com\\\/fr\\\/#\\\/schema\\\/logo\\\/image\\\/\"},\"sameAs\":[\"https:\\\/\\\/www.instagram.com\\\/cravanparis\\\/\"]}]}<\/script>\n<!-- \/ Yoast SEO plugin. -->","yoast_head_json":{"title":"Exquis by Marie Ottavi - Elli Medeiros - CRAVAN - Cocktail Bar - Paris 6","robots":{"index":"index","follow":"follow","max-snippet":"max-snippet:-1","max-image-preview":"max-image-preview:large","max-video-preview":"max-video-preview:-1"},"canonical":"https:\/\/www.cravanparis.com\/en\/event\/exquis-by-marie-ottavi-elli-medeiros\/","og_locale":"en_US","og_type":"article","og_title":"Exquis by Marie Ottavi - Elli Medeiros - CRAVAN - Cocktail Bar - Paris 6","og_description":"Singer, songwriter, composer, actress, and director, Elli Medeiros left a lasting impression with her distinctive style and the sense of fantasy that radiated from her presence. Recently celebrated by Simon Porte Jacquemus during his latest Paris fashion show, she has long moved against the current, mocking trends and most often avoiding them altogether. She famously [&hellip;]","og_url":"https:\/\/www.cravanparis.com\/en\/event\/exquis-by-marie-ottavi-elli-medeiros\/","og_site_name":"CRAVAN - Cocktail Bar - Paris 6","article_modified_time":"2026-03-09T12:38:31+00:00","og_image":[{"width":1400,"height":874,"url":"https:\/\/www.cravanparis.com\/app\/uploads\/2026\/03\/Screenshot-2026-02-06-123933_0.png.webp","type":"image\/webp"}],"twitter_card":"summary_large_image","twitter_misc":{"Est. reading time":"1 minute"},"schema":{"@context":"https:\/\/schema.org","@graph":[{"@type":"WebPage","@id":"https:\/\/www.cravanparis.com\/en\/event\/exquis-by-marie-ottavi-elli-medeiros\/","url":"https:\/\/www.cravanparis.com\/en\/event\/exquis-by-marie-ottavi-elli-medeiros\/","name":"Exquis by Marie Ottavi - Elli Medeiros - CRAVAN - Cocktail Bar - Paris 6","isPartOf":{"@id":"https:\/\/www.cravanparis.com\/fr\/#website"},"primaryImageOfPage":{"@id":"https:\/\/www.cravanparis.com\/en\/event\/exquis-by-marie-ottavi-elli-medeiros\/#primaryimage"},"image":{"@id":"https:\/\/www.cravanparis.com\/en\/event\/exquis-by-marie-ottavi-elli-medeiros\/#primaryimage"},"thumbnailUrl":"https:\/\/www.cravanparis.com\/app\/uploads\/2026\/03\/Screenshot-2026-02-06-123933_0.png.webp","datePublished":"2026-03-09T12:37:01+00:00","dateModified":"2026-03-09T12:38:31+00:00","breadcrumb":{"@id":"https:\/\/www.cravanparis.com\/en\/event\/exquis-by-marie-ottavi-elli-medeiros\/#breadcrumb"},"inLanguage":"en-US","potentialAction":[{"@type":"ReadAction","target":["https:\/\/www.cravanparis.com\/en\/event\/exquis-by-marie-ottavi-elli-medeiros\/"]}]},{"@type":"ImageObject","inLanguage":"en-US","@id":"https:\/\/www.cravanparis.com\/en\/event\/exquis-by-marie-ottavi-elli-medeiros\/#primaryimage","url":"https:\/\/www.cravanparis.com\/app\/uploads\/2026\/03\/Screenshot-2026-02-06-123933_0.png.webp","contentUrl":"https:\/\/www.cravanparis.com\/app\/uploads\/2026\/03\/Screenshot-2026-02-06-123933_0.png.webp","width":1400,"height":874},{"@type":"BreadcrumbList","@id":"https:\/\/www.cravanparis.com\/en\/event\/exquis-by-marie-ottavi-elli-medeiros\/#breadcrumb","itemListElement":[{"@type":"ListItem","position":1,"name":"Home","item":"https:\/\/www.cravanparis.com\/en\/"},{"@type":"ListItem","position":2,"name":"\u00c9v\u00e8nements Cravan","item":"https:\/\/www.cravanparis.com\/fr\/evenement\/"},{"@type":"ListItem","position":3,"name":"Exquis by Marie Ottavi &#8211; Elli Medeiros"}]},{"@type":"WebSite","@id":"https:\/\/www.cravanparis.com\/fr\/#website","url":"https:\/\/www.cravanparis.com\/fr\/","name":"CRAVAN - Cocktail Bar - Paris 6","description":"CRAVAN, bar \u00e0 cocktails dans le 6\u00e8 arrondissement de Paris, au c\u0153ur du quartier litt\u00e9raire de Saint-Germain-des-Pr\u00e9s. Suivez-nous sur @cravanparis.","publisher":{"@id":"https:\/\/www.cravanparis.com\/fr\/#organization"},"potentialAction":[{"@type":"SearchAction","target":{"@type":"EntryPoint","urlTemplate":"https:\/\/www.cravanparis.com\/fr\/?s={search_term_string}"},"query-input":{"@type":"PropertyValueSpecification","valueRequired":true,"valueName":"search_term_string"}}],"inLanguage":"en-US"},{"@type":"Organization","@id":"https:\/\/www.cravanparis.com\/fr\/#organization","name":"CRAVAN - Cocktail Bar - Paris 6","url":"https:\/\/www.cravanparis.com\/fr\/","logo":{"@type":"ImageObject","inLanguage":"en-US","@id":"https:\/\/www.cravanparis.com\/fr\/#\/schema\/logo\/image\/","url":"https:\/\/www.cravanparis.com\/app\/uploads\/2026\/03\/cravan.svg","contentUrl":"https:\/\/www.cravanparis.com\/app\/uploads\/2026\/03\/cravan.svg","width":1296,"height":357,"caption":"CRAVAN - Cocktail Bar - Paris 6"},"image":{"@id":"https:\/\/www.cravanparis.com\/fr\/#\/schema\/logo\/image\/"},"sameAs":["https:\/\/www.instagram.com\/cravanparis\/"]}]}},"_links":{"self":[{"href":"https:\/\/www.cravanparis.com\/en\/wp-json\/wp\/v2\/events_cravan\/1289","targetHints":{"allow":["GET"]}}],"collection":[{"href":"https:\/\/www.cravanparis.com\/en\/wp-json\/wp\/v2\/events_cravan"}],"about":[{"href":"https:\/\/www.cravanparis.com\/en\/wp-json\/wp\/v2\/types\/events_cravan"}],"author":[{"embeddable":true,"href":"https:\/\/www.cravanparis.com\/en\/wp-json\/wp\/v2\/users\/1"}],"version-history":[{"count":1,"href":"https:\/\/www.cravanparis.com\/en\/wp-json\/wp\/v2\/events_cravan\/1289\/revisions"}],"predecessor-version":[{"id":1290,"href":"https:\/\/www.cravanparis.com\/en\/wp-json\/wp\/v2\/events_cravan\/1289\/revisions\/1290"}],"wp:featuredmedia":[{"embeddable":true,"href":"https:\/\/www.cravanparis.com\/en\/wp-json\/wp\/v2\/media\/1288"}],"wp:attachment":[{"href":"https:\/\/www.cravanparis.com\/en\/wp-json\/wp\/v2\/media?parent=1289"}],"wp:term":[{"taxonomy":"events_cravan_cat","embeddable":true,"href":"https:\/\/www.cravanparis.com\/en\/wp-json\/wp\/v2\/events_cravan_cat?post=1289"}],"curies":[{"name":"wp","href":"https:\/\/api.w.org\/{rel}","templated":true}]}}