{"id":1318,"date":"2025-12-26T09:26:22","date_gmt":"2025-12-26T08:26:22","guid":{"rendered":"https:\/\/www.cravanparis.com\/evenement\/nuit-double-by-esther-teillard-barbara-carlotti-and-richard-gaitet\/"},"modified":"2026-03-09T13:52:50","modified_gmt":"2026-03-09T12:52:50","slug":"nuit-double-by-esther-teillard-barbara-carlotti-and-richard-gaitet","status":"publish","type":"events_cravan","link":"https:\/\/www.cravanparis.com\/en\/event\/nuit-double-by-esther-teillard-barbara-carlotti-and-richard-gaitet\/","title":{"rendered":"Nuit Double by Esther Teillard &#8211; Barbara Carlotti and Richard Gaitet"},"content":{"rendered":"\n<p>For this new Nuit Double, Esther Teillard will welcome Barbara Carlotti, singer-songwriter and musician, and Richard Gaitet, writer and journalist, around the following theme: joy and chance.<\/p>\n\n<figure class=\"wp-block-image size-large\"><img loading=\"lazy\" decoding=\"async\" width=\"1024\" height=\"768\" src=\"https:\/\/www.cravanparis.com\/app\/uploads\/2025\/12\/Nuit_Double_8-final_1.png-1024x768.webp\" alt=\"\" class=\"wp-image-581\" srcset=\"https:\/\/www.cravanparis.com\/app\/uploads\/2025\/12\/Nuit_Double_8-final_1.png-1024x768.webp 1024w, https:\/\/www.cravanparis.com\/app\/uploads\/2025\/12\/Nuit_Double_8-final_1.png-300x225.webp 300w, https:\/\/www.cravanparis.com\/app\/uploads\/2025\/12\/Nuit_Double_8-final_1.png-768x576.webp 768w, https:\/\/www.cravanparis.com\/app\/uploads\/2025\/12\/Nuit_Double_8-final_1.png.webp 1400w\" sizes=\"auto, (max-width: 1024px) 100vw, 1024px\" \/><\/figure>\n\n<p>Nuit Double is a space for free exchange between two personalities. It questions and probes without pretense \u2014 desires, limits, truth, taboos, seduction \u2014 blending and doubling, confronting two gazes, two visions. <\/p>\n\n<p><br\/>Once a month, at 10pm, two guests meet there. From a chosen theme, they write a narrative built together. They layer and interweave their horizons, their differences, their intuitions.  <\/p>\n\n<p><br\/>Duel or duo, conversation or confrontation, Nuit Double is an ode to dialogue, an escape. Esther Teillard places speech back at the center: free, raw, alive. She dissolves boundaries between the arts, intertwining thoughts within a reinvented night.  <\/p>\n","protected":false},"excerpt":{"rendered":"<p>For this new Nuit Double, Esther Teillard will welcome Barbara Carlotti, singer-songwriter and musician, and Richard Gaitet, writer and journalist, around the following theme: joy and chance. Nuit Double is a space for free exchange between two personalities. It questions and probes without pretense \u2014 desires, limits, truth, taboos, seduction \u2014 blending and doubling, confronting [&hellip;]<\/p>\n","protected":false},"author":1,"featured_media":1317,"template":"","events_cravan_cat":[81],"class_list":["post-1318","events_cravan","type-events_cravan","status-publish","has-post-thumbnail","hentry","events_cravan_cat-melange-des-genres"],"acf":[],"yoast_head":"<!-- This site is optimized with the Yoast SEO plugin v27.3 - https:\/\/yoast.com\/product\/yoast-seo-wordpress\/ -->\n<title>Nuit Double by Esther Teillard - Barbara Carlotti and Richard Gaitet - CRAVAN - Cocktail Bar - Paris 6<\/title>\n<meta name=\"robots\" content=\"index, follow, max-snippet:-1, max-image-preview:large, max-video-preview:-1\" \/>\n<link rel=\"canonical\" href=\"https:\/\/www.cravanparis.com\/en\/event\/nuit-double-by-esther-teillard-barbara-carlotti-and-richard-gaitet\/\" \/>\n<meta property=\"og:locale\" content=\"en_US\" \/>\n<meta property=\"og:type\" content=\"article\" \/>\n<meta property=\"og:title\" content=\"Nuit Double by Esther Teillard - Barbara Carlotti and Richard Gaitet - CRAVAN - Cocktail Bar - Paris 6\" \/>\n<meta property=\"og:description\" content=\"For this new Nuit Double, Esther Teillard will welcome Barbara Carlotti, singer-songwriter and musician, and Richard Gaitet, writer and journalist, around the following theme: joy and chance. Nuit Double is a space for free exchange between two personalities. It questions and probes without pretense \u2014 desires, limits, truth, taboos, seduction \u2014 blending and doubling, confronting [&hellip;]\" \/>\n<meta property=\"og:url\" content=\"https:\/\/www.cravanparis.com\/en\/event\/nuit-double-by-esther-teillard-barbara-carlotti-and-richard-gaitet\/\" \/>\n<meta property=\"og:site_name\" content=\"CRAVAN - Cocktail Bar - Paris 6\" \/>\n<meta property=\"article:modified_time\" content=\"2026-03-09T12:52:50+00:00\" \/>\n<meta property=\"og:image\" content=\"https:\/\/www.cravanparis.com\/app\/uploads\/2025\/12\/Nuit_Double_8-final_1.png.webp\" \/>\n\t<meta property=\"og:image:width\" content=\"1400\" \/>\n\t<meta property=\"og:image:height\" content=\"1050\" \/>\n\t<meta property=\"og:image:type\" content=\"image\/webp\" \/>\n<meta name=\"twitter:card\" content=\"summary_large_image\" \/>\n<meta name=\"twitter:label1\" content=\"Est. reading time\" \/>\n\t<meta name=\"twitter:data1\" content=\"1 minute\" \/>\n<script type=\"application\/ld+json\" class=\"yoast-schema-graph\">{\"@context\":\"https:\\\/\\\/schema.org\",\"@graph\":[{\"@type\":\"WebPage\",\"@id\":\"https:\\\/\\\/www.cravanparis.com\\\/en\\\/event\\\/nuit-double-by-esther-teillard-barbara-carlotti-and-richard-gaitet\\\/\",\"url\":\"https:\\\/\\\/www.cravanparis.com\\\/en\\\/event\\\/nuit-double-by-esther-teillard-barbara-carlotti-and-richard-gaitet\\\/\",\"name\":\"Nuit Double by Esther Teillard - Barbara Carlotti and Richard Gaitet - CRAVAN - Cocktail Bar - Paris 6\",\"isPartOf\":{\"@id\":\"https:\\\/\\\/www.cravanparis.com\\\/fr\\\/#website\"},\"primaryImageOfPage\":{\"@id\":\"https:\\\/\\\/www.cravanparis.com\\\/en\\\/event\\\/nuit-double-by-esther-teillard-barbara-carlotti-and-richard-gaitet\\\/#primaryimage\"},\"image\":{\"@id\":\"https:\\\/\\\/www.cravanparis.com\\\/en\\\/event\\\/nuit-double-by-esther-teillard-barbara-carlotti-and-richard-gaitet\\\/#primaryimage\"},\"thumbnailUrl\":\"https:\\\/\\\/www.cravanparis.com\\\/app\\\/uploads\\\/2025\\\/12\\\/Nuit_Double_8-final_1.png.webp\",\"datePublished\":\"2025-12-26T08:26:22+00:00\",\"dateModified\":\"2026-03-09T12:52:50+00:00\",\"breadcrumb\":{\"@id\":\"https:\\\/\\\/www.cravanparis.com\\\/en\\\/event\\\/nuit-double-by-esther-teillard-barbara-carlotti-and-richard-gaitet\\\/#breadcrumb\"},\"inLanguage\":\"en-US\",\"potentialAction\":[{\"@type\":\"ReadAction\",\"target\":[\"https:\\\/\\\/www.cravanparis.com\\\/en\\\/event\\\/nuit-double-by-esther-teillard-barbara-carlotti-and-richard-gaitet\\\/\"]}]},{\"@type\":\"ImageObject\",\"inLanguage\":\"en-US\",\"@id\":\"https:\\\/\\\/www.cravanparis.com\\\/en\\\/event\\\/nuit-double-by-esther-teillard-barbara-carlotti-and-richard-gaitet\\\/#primaryimage\",\"url\":\"https:\\\/\\\/www.cravanparis.com\\\/app\\\/uploads\\\/2025\\\/12\\\/Nuit_Double_8-final_1.png.webp\",\"contentUrl\":\"https:\\\/\\\/www.cravanparis.com\\\/app\\\/uploads\\\/2025\\\/12\\\/Nuit_Double_8-final_1.png.webp\",\"width\":1400,\"height\":1050},{\"@type\":\"BreadcrumbList\",\"@id\":\"https:\\\/\\\/www.cravanparis.com\\\/en\\\/event\\\/nuit-double-by-esther-teillard-barbara-carlotti-and-richard-gaitet\\\/#breadcrumb\",\"itemListElement\":[{\"@type\":\"ListItem\",\"position\":1,\"name\":\"Home\",\"item\":\"https:\\\/\\\/www.cravanparis.com\\\/en\\\/\"},{\"@type\":\"ListItem\",\"position\":2,\"name\":\"\u00c9v\u00e8nements Cravan\",\"item\":\"https:\\\/\\\/www.cravanparis.com\\\/fr\\\/evenement\\\/\"},{\"@type\":\"ListItem\",\"position\":3,\"name\":\"Nuit Double by Esther Teillard &#8211; Barbara Carlotti and Richard Gaitet\"}]},{\"@type\":\"WebSite\",\"@id\":\"https:\\\/\\\/www.cravanparis.com\\\/fr\\\/#website\",\"url\":\"https:\\\/\\\/www.cravanparis.com\\\/fr\\\/\",\"name\":\"CRAVAN - Cocktail Bar - Paris 6\",\"description\":\"CRAVAN, bar \u00e0 cocktails dans le 6\u00e8 arrondissement de Paris, au c\u0153ur du quartier litt\u00e9raire de Saint-Germain-des-Pr\u00e9s. Suivez-nous sur @cravanparis.\",\"publisher\":{\"@id\":\"https:\\\/\\\/www.cravanparis.com\\\/fr\\\/#organization\"},\"potentialAction\":[{\"@type\":\"SearchAction\",\"target\":{\"@type\":\"EntryPoint\",\"urlTemplate\":\"https:\\\/\\\/www.cravanparis.com\\\/fr\\\/?s={search_term_string}\"},\"query-input\":{\"@type\":\"PropertyValueSpecification\",\"valueRequired\":true,\"valueName\":\"search_term_string\"}}],\"inLanguage\":\"en-US\"},{\"@type\":\"Organization\",\"@id\":\"https:\\\/\\\/www.cravanparis.com\\\/fr\\\/#organization\",\"name\":\"CRAVAN - Cocktail Bar - Paris 6\",\"url\":\"https:\\\/\\\/www.cravanparis.com\\\/fr\\\/\",\"logo\":{\"@type\":\"ImageObject\",\"inLanguage\":\"en-US\",\"@id\":\"https:\\\/\\\/www.cravanparis.com\\\/fr\\\/#\\\/schema\\\/logo\\\/image\\\/\",\"url\":\"https:\\\/\\\/www.cravanparis.com\\\/app\\\/uploads\\\/2026\\\/03\\\/cravan.svg\",\"contentUrl\":\"https:\\\/\\\/www.cravanparis.com\\\/app\\\/uploads\\\/2026\\\/03\\\/cravan.svg\",\"width\":1296,\"height\":357,\"caption\":\"CRAVAN - Cocktail Bar - Paris 6\"},\"image\":{\"@id\":\"https:\\\/\\\/www.cravanparis.com\\\/fr\\\/#\\\/schema\\\/logo\\\/image\\\/\"},\"sameAs\":[\"https:\\\/\\\/www.instagram.com\\\/cravanparis\\\/\"]}]}<\/script>\n<!-- \/ Yoast SEO plugin. -->","yoast_head_json":{"title":"Nuit Double by Esther Teillard - Barbara Carlotti and Richard Gaitet - CRAVAN - Cocktail Bar - Paris 6","robots":{"index":"index","follow":"follow","max-snippet":"max-snippet:-1","max-image-preview":"max-image-preview:large","max-video-preview":"max-video-preview:-1"},"canonical":"https:\/\/www.cravanparis.com\/en\/event\/nuit-double-by-esther-teillard-barbara-carlotti-and-richard-gaitet\/","og_locale":"en_US","og_type":"article","og_title":"Nuit Double by Esther Teillard - Barbara Carlotti and Richard Gaitet - CRAVAN - Cocktail Bar - Paris 6","og_description":"For this new Nuit Double, Esther Teillard will welcome Barbara Carlotti, singer-songwriter and musician, and Richard Gaitet, writer and journalist, around the following theme: joy and chance. Nuit Double is a space for free exchange between two personalities. It questions and probes without pretense \u2014 desires, limits, truth, taboos, seduction \u2014 blending and doubling, confronting [&hellip;]","og_url":"https:\/\/www.cravanparis.com\/en\/event\/nuit-double-by-esther-teillard-barbara-carlotti-and-richard-gaitet\/","og_site_name":"CRAVAN - Cocktail Bar - Paris 6","article_modified_time":"2026-03-09T12:52:50+00:00","og_image":[{"width":1400,"height":1050,"url":"https:\/\/www.cravanparis.com\/app\/uploads\/2025\/12\/Nuit_Double_8-final_1.png.webp","type":"image\/webp"}],"twitter_card":"summary_large_image","twitter_misc":{"Est. reading time":"1 minute"},"schema":{"@context":"https:\/\/schema.org","@graph":[{"@type":"WebPage","@id":"https:\/\/www.cravanparis.com\/en\/event\/nuit-double-by-esther-teillard-barbara-carlotti-and-richard-gaitet\/","url":"https:\/\/www.cravanparis.com\/en\/event\/nuit-double-by-esther-teillard-barbara-carlotti-and-richard-gaitet\/","name":"Nuit Double by Esther Teillard - Barbara Carlotti and Richard Gaitet - CRAVAN - Cocktail Bar - Paris 6","isPartOf":{"@id":"https:\/\/www.cravanparis.com\/fr\/#website"},"primaryImageOfPage":{"@id":"https:\/\/www.cravanparis.com\/en\/event\/nuit-double-by-esther-teillard-barbara-carlotti-and-richard-gaitet\/#primaryimage"},"image":{"@id":"https:\/\/www.cravanparis.com\/en\/event\/nuit-double-by-esther-teillard-barbara-carlotti-and-richard-gaitet\/#primaryimage"},"thumbnailUrl":"https:\/\/www.cravanparis.com\/app\/uploads\/2025\/12\/Nuit_Double_8-final_1.png.webp","datePublished":"2025-12-26T08:26:22+00:00","dateModified":"2026-03-09T12:52:50+00:00","breadcrumb":{"@id":"https:\/\/www.cravanparis.com\/en\/event\/nuit-double-by-esther-teillard-barbara-carlotti-and-richard-gaitet\/#breadcrumb"},"inLanguage":"en-US","potentialAction":[{"@type":"ReadAction","target":["https:\/\/www.cravanparis.com\/en\/event\/nuit-double-by-esther-teillard-barbara-carlotti-and-richard-gaitet\/"]}]},{"@type":"ImageObject","inLanguage":"en-US","@id":"https:\/\/www.cravanparis.com\/en\/event\/nuit-double-by-esther-teillard-barbara-carlotti-and-richard-gaitet\/#primaryimage","url":"https:\/\/www.cravanparis.com\/app\/uploads\/2025\/12\/Nuit_Double_8-final_1.png.webp","contentUrl":"https:\/\/www.cravanparis.com\/app\/uploads\/2025\/12\/Nuit_Double_8-final_1.png.webp","width":1400,"height":1050},{"@type":"BreadcrumbList","@id":"https:\/\/www.cravanparis.com\/en\/event\/nuit-double-by-esther-teillard-barbara-carlotti-and-richard-gaitet\/#breadcrumb","itemListElement":[{"@type":"ListItem","position":1,"name":"Home","item":"https:\/\/www.cravanparis.com\/en\/"},{"@type":"ListItem","position":2,"name":"\u00c9v\u00e8nements Cravan","item":"https:\/\/www.cravanparis.com\/fr\/evenement\/"},{"@type":"ListItem","position":3,"name":"Nuit Double by Esther Teillard &#8211; Barbara Carlotti and Richard Gaitet"}]},{"@type":"WebSite","@id":"https:\/\/www.cravanparis.com\/fr\/#website","url":"https:\/\/www.cravanparis.com\/fr\/","name":"CRAVAN - Cocktail Bar - Paris 6","description":"CRAVAN, bar \u00e0 cocktails dans le 6\u00e8 arrondissement de Paris, au c\u0153ur du quartier litt\u00e9raire de Saint-Germain-des-Pr\u00e9s. Suivez-nous sur @cravanparis.","publisher":{"@id":"https:\/\/www.cravanparis.com\/fr\/#organization"},"potentialAction":[{"@type":"SearchAction","target":{"@type":"EntryPoint","urlTemplate":"https:\/\/www.cravanparis.com\/fr\/?s={search_term_string}"},"query-input":{"@type":"PropertyValueSpecification","valueRequired":true,"valueName":"search_term_string"}}],"inLanguage":"en-US"},{"@type":"Organization","@id":"https:\/\/www.cravanparis.com\/fr\/#organization","name":"CRAVAN - Cocktail Bar - Paris 6","url":"https:\/\/www.cravanparis.com\/fr\/","logo":{"@type":"ImageObject","inLanguage":"en-US","@id":"https:\/\/www.cravanparis.com\/fr\/#\/schema\/logo\/image\/","url":"https:\/\/www.cravanparis.com\/app\/uploads\/2026\/03\/cravan.svg","contentUrl":"https:\/\/www.cravanparis.com\/app\/uploads\/2026\/03\/cravan.svg","width":1296,"height":357,"caption":"CRAVAN - Cocktail Bar - Paris 6"},"image":{"@id":"https:\/\/www.cravanparis.com\/fr\/#\/schema\/logo\/image\/"},"sameAs":["https:\/\/www.instagram.com\/cravanparis\/"]}]}},"_links":{"self":[{"href":"https:\/\/www.cravanparis.com\/en\/wp-json\/wp\/v2\/events_cravan\/1318","targetHints":{"allow":["GET"]}}],"collection":[{"href":"https:\/\/www.cravanparis.com\/en\/wp-json\/wp\/v2\/events_cravan"}],"about":[{"href":"https:\/\/www.cravanparis.com\/en\/wp-json\/wp\/v2\/types\/events_cravan"}],"author":[{"embeddable":true,"href":"https:\/\/www.cravanparis.com\/en\/wp-json\/wp\/v2\/users\/1"}],"version-history":[{"count":1,"href":"https:\/\/www.cravanparis.com\/en\/wp-json\/wp\/v2\/events_cravan\/1318\/revisions"}],"predecessor-version":[{"id":1319,"href":"https:\/\/www.cravanparis.com\/en\/wp-json\/wp\/v2\/events_cravan\/1318\/revisions\/1319"}],"wp:featuredmedia":[{"embeddable":true,"href":"https:\/\/www.cravanparis.com\/en\/wp-json\/wp\/v2\/media\/1317"}],"wp:attachment":[{"href":"https:\/\/www.cravanparis.com\/en\/wp-json\/wp\/v2\/media?parent=1318"}],"wp:term":[{"taxonomy":"events_cravan_cat","embeddable":true,"href":"https:\/\/www.cravanparis.com\/en\/wp-json\/wp\/v2\/events_cravan_cat?post=1318"}],"curies":[{"name":"wp","href":"https:\/\/api.w.org\/{rel}","templated":true}]}}