{"id":1360,"date":"2025-12-26T09:40:34","date_gmt":"2025-12-26T08:40:34","guid":{"rendered":"https:\/\/www.cravanparis.com\/evenement\/nuit-double-by-esther-teillard-cecile-guilbert-et-bertrand-burgalat\/"},"modified":"2026-03-10T12:15:08","modified_gmt":"2026-03-10T11:15:08","slug":"nuit-double-by-esther-teillard-cecile-guilbert-et-bertrand-burgalat","status":"publish","type":"events_cravan","link":"https:\/\/www.cravanparis.com\/en\/event\/nuit-double-by-esther-teillard-cecile-guilbert-et-bertrand-burgalat\/","title":{"rendered":"Nuit Double by Esther Teillard &#8211; C\u00e9cile Guilbert et Bertrand Burgalat"},"content":{"rendered":"\n<p>Is excess a roundabout form of melancholy? Is extravagance inherently sad? How do you make a libertine laugh?  <\/p>\n\n<p>For this new Double Night event, Esther Teillard will welcome C\u00e9cile Guilbert, writer, essayist, journalist, literary critic, and Bertrand Burgalat, producer, musician, composer, arranger, singer, around the following theme: Excess and Melancholy.<\/p>\n\n<figure class=\"wp-block-image size-large\"><img loading=\"lazy\" decoding=\"async\" width=\"1024\" height=\"768\" src=\"https:\/\/www.cravanparis.com\/app\/uploads\/2025\/12\/Nuit-Double-7.png-1024x768.avif\" alt=\"\" class=\"wp-image-615\" srcset=\"https:\/\/www.cravanparis.com\/app\/uploads\/2025\/12\/Nuit-Double-7.png-1024x768.avif 1024w, https:\/\/www.cravanparis.com\/app\/uploads\/2025\/12\/Nuit-Double-7.png-300x225.avif 300w, https:\/\/www.cravanparis.com\/app\/uploads\/2025\/12\/Nuit-Double-7.png-768x576.avif 768w, https:\/\/www.cravanparis.com\/app\/uploads\/2025\/12\/Nuit-Double-7.png.avif 1400w\" sizes=\"auto, (max-width: 1024px) 100vw, 1024px\" \/><\/figure>\n\n<p>Nuit Double is a space for free exchange between two personalities. It questions and probes without pretense \u2014 desires, limits, truth, taboos, seduction \u2014 blending and doubling, confronting two gazes, two visions. <\/p>\n\n<p>Once a month, at 10 p.m., two guests meet there. From a chosen theme, they write a story that is built together. They add and superimpose their horizons, their differences, their intuitions. Duel or duo, conversation, confrontation, Nuit Double is an ode to dialogue, an escape.   <\/p>\n\n<p>Esther Teillard puts the word back at the center, free, raw, and alive. She breaks down the barriers between the arts, intertwines thoughts, in a reinvented night. <\/p>\n","protected":false},"excerpt":{"rendered":"<p>Is excess a roundabout form of melancholy? Is extravagance inherently sad? How do you make a libertine laugh? For this new Double Night event, Esther Teillard will welcome C\u00e9cile Guilbert, writer, essayist, journalist, literary critic, and Bertrand Burgalat, producer, musician, composer, arranger, singer, around the following theme: Excess and Melancholy. Nuit Double is a space [&hellip;]<\/p>\n","protected":false},"author":1,"featured_media":1359,"template":"","events_cravan_cat":[81],"class_list":["post-1360","events_cravan","type-events_cravan","status-publish","has-post-thumbnail","hentry","events_cravan_cat-melange-des-genres"],"acf":[],"yoast_head":"<!-- This site is optimized with the Yoast SEO plugin v27.3 - https:\/\/yoast.com\/product\/yoast-seo-wordpress\/ -->\n<title>Nuit Double by Esther Teillard - C\u00e9cile Guilbert et Bertrand Burgalat - CRAVAN - Cocktail Bar - Paris 6<\/title>\n<meta name=\"robots\" content=\"index, follow, max-snippet:-1, max-image-preview:large, max-video-preview:-1\" \/>\n<link rel=\"canonical\" href=\"https:\/\/www.cravanparis.com\/en\/event\/nuit-double-by-esther-teillard-cecile-guilbert-et-bertrand-burgalat\/\" \/>\n<meta property=\"og:locale\" content=\"en_US\" \/>\n<meta property=\"og:type\" content=\"article\" \/>\n<meta property=\"og:title\" content=\"Nuit Double by Esther Teillard - C\u00e9cile Guilbert et Bertrand Burgalat - CRAVAN - Cocktail Bar - Paris 6\" \/>\n<meta property=\"og:description\" content=\"Is excess a roundabout form of melancholy? Is extravagance inherently sad? How do you make a libertine laugh? For this new Double Night event, Esther Teillard will welcome C\u00e9cile Guilbert, writer, essayist, journalist, literary critic, and Bertrand Burgalat, producer, musician, composer, arranger, singer, around the following theme: Excess and Melancholy. Nuit Double is a space [&hellip;]\" \/>\n<meta property=\"og:url\" content=\"https:\/\/www.cravanparis.com\/en\/event\/nuit-double-by-esther-teillard-cecile-guilbert-et-bertrand-burgalat\/\" \/>\n<meta property=\"og:site_name\" content=\"CRAVAN - Cocktail Bar - Paris 6\" \/>\n<meta property=\"article:modified_time\" content=\"2026-03-10T11:15:08+00:00\" \/>\n<meta name=\"twitter:card\" content=\"summary_large_image\" \/>\n<meta name=\"twitter:label1\" content=\"Est. reading time\" \/>\n\t<meta name=\"twitter:data1\" content=\"1 minute\" \/>\n<script type=\"application\/ld+json\" class=\"yoast-schema-graph\">{\"@context\":\"https:\\\/\\\/schema.org\",\"@graph\":[{\"@type\":\"WebPage\",\"@id\":\"https:\\\/\\\/www.cravanparis.com\\\/en\\\/event\\\/nuit-double-by-esther-teillard-cecile-guilbert-et-bertrand-burgalat\\\/\",\"url\":\"https:\\\/\\\/www.cravanparis.com\\\/en\\\/event\\\/nuit-double-by-esther-teillard-cecile-guilbert-et-bertrand-burgalat\\\/\",\"name\":\"Nuit Double by Esther Teillard - C\u00e9cile Guilbert et Bertrand Burgalat - CRAVAN - Cocktail Bar - Paris 6\",\"isPartOf\":{\"@id\":\"https:\\\/\\\/www.cravanparis.com\\\/fr\\\/#website\"},\"primaryImageOfPage\":{\"@id\":\"https:\\\/\\\/www.cravanparis.com\\\/en\\\/event\\\/nuit-double-by-esther-teillard-cecile-guilbert-et-bertrand-burgalat\\\/#primaryimage\"},\"image\":{\"@id\":\"https:\\\/\\\/www.cravanparis.com\\\/en\\\/event\\\/nuit-double-by-esther-teillard-cecile-guilbert-et-bertrand-burgalat\\\/#primaryimage\"},\"thumbnailUrl\":\"https:\\\/\\\/www.cravanparis.com\\\/app\\\/uploads\\\/2025\\\/12\\\/Nuit-Double-7.png.avif\",\"datePublished\":\"2025-12-26T08:40:34+00:00\",\"dateModified\":\"2026-03-10T11:15:08+00:00\",\"breadcrumb\":{\"@id\":\"https:\\\/\\\/www.cravanparis.com\\\/en\\\/event\\\/nuit-double-by-esther-teillard-cecile-guilbert-et-bertrand-burgalat\\\/#breadcrumb\"},\"inLanguage\":\"en-US\",\"potentialAction\":[{\"@type\":\"ReadAction\",\"target\":[\"https:\\\/\\\/www.cravanparis.com\\\/en\\\/event\\\/nuit-double-by-esther-teillard-cecile-guilbert-et-bertrand-burgalat\\\/\"]}]},{\"@type\":\"ImageObject\",\"inLanguage\":\"en-US\",\"@id\":\"https:\\\/\\\/www.cravanparis.com\\\/en\\\/event\\\/nuit-double-by-esther-teillard-cecile-guilbert-et-bertrand-burgalat\\\/#primaryimage\",\"url\":\"https:\\\/\\\/www.cravanparis.com\\\/app\\\/uploads\\\/2025\\\/12\\\/Nuit-Double-7.png.avif\",\"contentUrl\":\"https:\\\/\\\/www.cravanparis.com\\\/app\\\/uploads\\\/2025\\\/12\\\/Nuit-Double-7.png.avif\",\"width\":1400,\"height\":1050},{\"@type\":\"BreadcrumbList\",\"@id\":\"https:\\\/\\\/www.cravanparis.com\\\/en\\\/event\\\/nuit-double-by-esther-teillard-cecile-guilbert-et-bertrand-burgalat\\\/#breadcrumb\",\"itemListElement\":[{\"@type\":\"ListItem\",\"position\":1,\"name\":\"Home\",\"item\":\"https:\\\/\\\/www.cravanparis.com\\\/en\\\/\"},{\"@type\":\"ListItem\",\"position\":2,\"name\":\"\u00c9v\u00e8nements Cravan\",\"item\":\"https:\\\/\\\/www.cravanparis.com\\\/fr\\\/evenement\\\/\"},{\"@type\":\"ListItem\",\"position\":3,\"name\":\"Nuit Double by Esther Teillard &#8211; C\u00e9cile Guilbert et Bertrand Burgalat\"}]},{\"@type\":\"WebSite\",\"@id\":\"https:\\\/\\\/www.cravanparis.com\\\/fr\\\/#website\",\"url\":\"https:\\\/\\\/www.cravanparis.com\\\/fr\\\/\",\"name\":\"CRAVAN - Cocktail Bar - Paris 6\",\"description\":\"CRAVAN, bar \u00e0 cocktails dans le 6\u00e8 arrondissement de Paris, au c\u0153ur du quartier litt\u00e9raire de Saint-Germain-des-Pr\u00e9s. Suivez-nous sur @cravanparis.\",\"publisher\":{\"@id\":\"https:\\\/\\\/www.cravanparis.com\\\/fr\\\/#organization\"},\"potentialAction\":[{\"@type\":\"SearchAction\",\"target\":{\"@type\":\"EntryPoint\",\"urlTemplate\":\"https:\\\/\\\/www.cravanparis.com\\\/fr\\\/?s={search_term_string}\"},\"query-input\":{\"@type\":\"PropertyValueSpecification\",\"valueRequired\":true,\"valueName\":\"search_term_string\"}}],\"inLanguage\":\"en-US\"},{\"@type\":\"Organization\",\"@id\":\"https:\\\/\\\/www.cravanparis.com\\\/fr\\\/#organization\",\"name\":\"CRAVAN - Cocktail Bar - Paris 6\",\"url\":\"https:\\\/\\\/www.cravanparis.com\\\/fr\\\/\",\"logo\":{\"@type\":\"ImageObject\",\"inLanguage\":\"en-US\",\"@id\":\"https:\\\/\\\/www.cravanparis.com\\\/fr\\\/#\\\/schema\\\/logo\\\/image\\\/\",\"url\":\"https:\\\/\\\/www.cravanparis.com\\\/app\\\/uploads\\\/2026\\\/03\\\/cravan.svg\",\"contentUrl\":\"https:\\\/\\\/www.cravanparis.com\\\/app\\\/uploads\\\/2026\\\/03\\\/cravan.svg\",\"width\":1296,\"height\":357,\"caption\":\"CRAVAN - Cocktail Bar - Paris 6\"},\"image\":{\"@id\":\"https:\\\/\\\/www.cravanparis.com\\\/fr\\\/#\\\/schema\\\/logo\\\/image\\\/\"},\"sameAs\":[\"https:\\\/\\\/www.instagram.com\\\/cravanparis\\\/\"]}]}<\/script>\n<!-- \/ Yoast SEO plugin. -->","yoast_head_json":{"title":"Nuit Double by Esther Teillard - C\u00e9cile Guilbert et Bertrand Burgalat - CRAVAN - Cocktail Bar - Paris 6","robots":{"index":"index","follow":"follow","max-snippet":"max-snippet:-1","max-image-preview":"max-image-preview:large","max-video-preview":"max-video-preview:-1"},"canonical":"https:\/\/www.cravanparis.com\/en\/event\/nuit-double-by-esther-teillard-cecile-guilbert-et-bertrand-burgalat\/","og_locale":"en_US","og_type":"article","og_title":"Nuit Double by Esther Teillard - C\u00e9cile Guilbert et Bertrand Burgalat - CRAVAN - Cocktail Bar - Paris 6","og_description":"Is excess a roundabout form of melancholy? Is extravagance inherently sad? How do you make a libertine laugh? For this new Double Night event, Esther Teillard will welcome C\u00e9cile Guilbert, writer, essayist, journalist, literary critic, and Bertrand Burgalat, producer, musician, composer, arranger, singer, around the following theme: Excess and Melancholy. Nuit Double is a space [&hellip;]","og_url":"https:\/\/www.cravanparis.com\/en\/event\/nuit-double-by-esther-teillard-cecile-guilbert-et-bertrand-burgalat\/","og_site_name":"CRAVAN - Cocktail Bar - Paris 6","article_modified_time":"2026-03-10T11:15:08+00:00","twitter_card":"summary_large_image","twitter_misc":{"Est. reading time":"1 minute"},"schema":{"@context":"https:\/\/schema.org","@graph":[{"@type":"WebPage","@id":"https:\/\/www.cravanparis.com\/en\/event\/nuit-double-by-esther-teillard-cecile-guilbert-et-bertrand-burgalat\/","url":"https:\/\/www.cravanparis.com\/en\/event\/nuit-double-by-esther-teillard-cecile-guilbert-et-bertrand-burgalat\/","name":"Nuit Double by Esther Teillard - C\u00e9cile Guilbert et Bertrand Burgalat - CRAVAN - Cocktail Bar - Paris 6","isPartOf":{"@id":"https:\/\/www.cravanparis.com\/fr\/#website"},"primaryImageOfPage":{"@id":"https:\/\/www.cravanparis.com\/en\/event\/nuit-double-by-esther-teillard-cecile-guilbert-et-bertrand-burgalat\/#primaryimage"},"image":{"@id":"https:\/\/www.cravanparis.com\/en\/event\/nuit-double-by-esther-teillard-cecile-guilbert-et-bertrand-burgalat\/#primaryimage"},"thumbnailUrl":"https:\/\/www.cravanparis.com\/app\/uploads\/2025\/12\/Nuit-Double-7.png.avif","datePublished":"2025-12-26T08:40:34+00:00","dateModified":"2026-03-10T11:15:08+00:00","breadcrumb":{"@id":"https:\/\/www.cravanparis.com\/en\/event\/nuit-double-by-esther-teillard-cecile-guilbert-et-bertrand-burgalat\/#breadcrumb"},"inLanguage":"en-US","potentialAction":[{"@type":"ReadAction","target":["https:\/\/www.cravanparis.com\/en\/event\/nuit-double-by-esther-teillard-cecile-guilbert-et-bertrand-burgalat\/"]}]},{"@type":"ImageObject","inLanguage":"en-US","@id":"https:\/\/www.cravanparis.com\/en\/event\/nuit-double-by-esther-teillard-cecile-guilbert-et-bertrand-burgalat\/#primaryimage","url":"https:\/\/www.cravanparis.com\/app\/uploads\/2025\/12\/Nuit-Double-7.png.avif","contentUrl":"https:\/\/www.cravanparis.com\/app\/uploads\/2025\/12\/Nuit-Double-7.png.avif","width":1400,"height":1050},{"@type":"BreadcrumbList","@id":"https:\/\/www.cravanparis.com\/en\/event\/nuit-double-by-esther-teillard-cecile-guilbert-et-bertrand-burgalat\/#breadcrumb","itemListElement":[{"@type":"ListItem","position":1,"name":"Home","item":"https:\/\/www.cravanparis.com\/en\/"},{"@type":"ListItem","position":2,"name":"\u00c9v\u00e8nements Cravan","item":"https:\/\/www.cravanparis.com\/fr\/evenement\/"},{"@type":"ListItem","position":3,"name":"Nuit Double by Esther Teillard &#8211; C\u00e9cile Guilbert et Bertrand Burgalat"}]},{"@type":"WebSite","@id":"https:\/\/www.cravanparis.com\/fr\/#website","url":"https:\/\/www.cravanparis.com\/fr\/","name":"CRAVAN - Cocktail Bar - Paris 6","description":"CRAVAN, bar \u00e0 cocktails dans le 6\u00e8 arrondissement de Paris, au c\u0153ur du quartier litt\u00e9raire de Saint-Germain-des-Pr\u00e9s. Suivez-nous sur @cravanparis.","publisher":{"@id":"https:\/\/www.cravanparis.com\/fr\/#organization"},"potentialAction":[{"@type":"SearchAction","target":{"@type":"EntryPoint","urlTemplate":"https:\/\/www.cravanparis.com\/fr\/?s={search_term_string}"},"query-input":{"@type":"PropertyValueSpecification","valueRequired":true,"valueName":"search_term_string"}}],"inLanguage":"en-US"},{"@type":"Organization","@id":"https:\/\/www.cravanparis.com\/fr\/#organization","name":"CRAVAN - Cocktail Bar - Paris 6","url":"https:\/\/www.cravanparis.com\/fr\/","logo":{"@type":"ImageObject","inLanguage":"en-US","@id":"https:\/\/www.cravanparis.com\/fr\/#\/schema\/logo\/image\/","url":"https:\/\/www.cravanparis.com\/app\/uploads\/2026\/03\/cravan.svg","contentUrl":"https:\/\/www.cravanparis.com\/app\/uploads\/2026\/03\/cravan.svg","width":1296,"height":357,"caption":"CRAVAN - Cocktail Bar - Paris 6"},"image":{"@id":"https:\/\/www.cravanparis.com\/fr\/#\/schema\/logo\/image\/"},"sameAs":["https:\/\/www.instagram.com\/cravanparis\/"]}]}},"_links":{"self":[{"href":"https:\/\/www.cravanparis.com\/en\/wp-json\/wp\/v2\/events_cravan\/1360","targetHints":{"allow":["GET"]}}],"collection":[{"href":"https:\/\/www.cravanparis.com\/en\/wp-json\/wp\/v2\/events_cravan"}],"about":[{"href":"https:\/\/www.cravanparis.com\/en\/wp-json\/wp\/v2\/types\/events_cravan"}],"author":[{"embeddable":true,"href":"https:\/\/www.cravanparis.com\/en\/wp-json\/wp\/v2\/users\/1"}],"version-history":[{"count":1,"href":"https:\/\/www.cravanparis.com\/en\/wp-json\/wp\/v2\/events_cravan\/1360\/revisions"}],"predecessor-version":[{"id":1361,"href":"https:\/\/www.cravanparis.com\/en\/wp-json\/wp\/v2\/events_cravan\/1360\/revisions\/1361"}],"wp:featuredmedia":[{"embeddable":true,"href":"https:\/\/www.cravanparis.com\/en\/wp-json\/wp\/v2\/media\/1359"}],"wp:attachment":[{"href":"https:\/\/www.cravanparis.com\/en\/wp-json\/wp\/v2\/media?parent=1360"}],"wp:term":[{"taxonomy":"events_cravan_cat","embeddable":true,"href":"https:\/\/www.cravanparis.com\/en\/wp-json\/wp\/v2\/events_cravan_cat?post=1360"}],"curies":[{"name":"wp","href":"https:\/\/api.w.org\/{rel}","templated":true}]}}