{"id":1416,"date":"2025-12-26T10:05:56","date_gmt":"2025-12-26T09:05:56","guid":{"rendered":"https:\/\/www.cravanparis.com\/evenement\/special-editions-by-luca-marchetti-mathias-chelebourg\/"},"modified":"2026-03-10T12:55:30","modified_gmt":"2026-03-10T11:55:30","slug":"special-editions-by-luca-marchetti-mathias-chelebourg","status":"publish","type":"events_cravan","link":"https:\/\/www.cravanparis.com\/en\/event\/special-editions-by-luca-marchetti-mathias-chelebourg\/","title":{"rendered":"Special Editions by Luca Marchetti &#8211; Mathias Chelebourg"},"content":{"rendered":"\n<p>For the fifth meeting of Special Editions, Luca Marchetti welcomes French creator Mathias Chelebourg. <\/p>\n\n<p>With his Atelier Daruma, he pushes the boundaries of immersive storytelling through unique sensory experiences, blending virtual reality, theatrical performances, and cutting-edge technologies. Among his recent projects is his participation in the immersive installation &#8220;Le Parlement des Vivants&#8221; by Ramy Fischler at the Jardin des Plantes in Paris (2024), as well as several collaborations with major institutions such as the Philharmonie de Paris and international brands like Chanel. This meeting takes place on the occasion of the publication of &#8220;Gastronomy,&#8221; the first volume of the \u2197immersive.paris \u00ae collection, which explores the contemporary immersive transition through interviews, presentations of works, and in-depth articles, offering an artistic perspective on an ongoing cultural shift.  <\/p>\n\n<figure class=\"wp-block-image size-large\"><img loading=\"lazy\" decoding=\"async\" width=\"1024\" height=\"768\" src=\"https:\/\/www.cravanparis.com\/app\/uploads\/2025\/12\/SE-5.png-1024x768.webp\" alt=\"\" class=\"wp-image-659\" srcset=\"https:\/\/www.cravanparis.com\/app\/uploads\/2025\/12\/SE-5.png-1024x768.webp 1024w, https:\/\/www.cravanparis.com\/app\/uploads\/2025\/12\/SE-5.png-300x225.webp 300w, https:\/\/www.cravanparis.com\/app\/uploads\/2025\/12\/SE-5.png-768x576.webp 768w, https:\/\/www.cravanparis.com\/app\/uploads\/2025\/12\/SE-5.png.webp 1400w\" sizes=\"auto, (max-width: 1024px) 100vw, 1024px\" \/><\/figure>\n\n<p>Special Editions is a series of events dedicated to objects and books. At the intersection of design and publishing, Special Editions questions the status of works and objects that occupy a special place in the lives of creatives, authors. <\/p>\n\n<p>Is there a story behind the object? What is the personal narrative, the emotion, the feeling behind the words, the lines, the forms? What does the book say about its author? What does the object say about the person who created it? And what, in turn, do the creator say about his object and the author about his book? What else do they say about those who collect them, appreciate them? To find out, Luca Marchetti offers through Special Editions a series of meetings for those who love slow time and intimate connections. The object is at the service of meaning in a conversation of another kind, at once escape, experience, entertainment and communion. <\/p>\n","protected":false},"excerpt":{"rendered":"<p>For the fifth meeting of Special Editions, Luca Marchetti welcomes French creator Mathias Chelebourg. With his Atelier Daruma, he pushes the boundaries of immersive storytelling through unique sensory experiences, blending virtual reality, theatrical performances, and cutting-edge technologies. Among his recent projects is his participation in the immersive installation &#8220;Le Parlement des Vivants&#8221; by Ramy Fischler [&hellip;]<\/p>\n","protected":false},"author":1,"featured_media":1415,"template":"","events_cravan_cat":[81],"class_list":["post-1416","events_cravan","type-events_cravan","status-publish","has-post-thumbnail","hentry","events_cravan_cat-melange-des-genres"],"acf":[],"yoast_head":"<!-- This site is optimized with the Yoast SEO plugin v27.3 - https:\/\/yoast.com\/product\/yoast-seo-wordpress\/ -->\n<title>Special Editions by Luca Marchetti - Mathias Chelebourg - CRAVAN - Cocktail Bar - Paris 6<\/title>\n<meta name=\"robots\" content=\"index, follow, max-snippet:-1, max-image-preview:large, max-video-preview:-1\" \/>\n<link rel=\"canonical\" href=\"https:\/\/www.cravanparis.com\/en\/event\/special-editions-by-luca-marchetti-mathias-chelebourg\/\" \/>\n<meta property=\"og:locale\" content=\"en_US\" \/>\n<meta property=\"og:type\" content=\"article\" \/>\n<meta property=\"og:title\" content=\"Special Editions by Luca Marchetti - Mathias Chelebourg - CRAVAN - Cocktail Bar - Paris 6\" \/>\n<meta property=\"og:description\" content=\"For the fifth meeting of Special Editions, Luca Marchetti welcomes French creator Mathias Chelebourg. With his Atelier Daruma, he pushes the boundaries of immersive storytelling through unique sensory experiences, blending virtual reality, theatrical performances, and cutting-edge technologies. Among his recent projects is his participation in the immersive installation &#8220;Le Parlement des Vivants&#8221; by Ramy Fischler [&hellip;]\" \/>\n<meta property=\"og:url\" content=\"https:\/\/www.cravanparis.com\/en\/event\/special-editions-by-luca-marchetti-mathias-chelebourg\/\" \/>\n<meta property=\"og:site_name\" content=\"CRAVAN - Cocktail Bar - Paris 6\" \/>\n<meta property=\"article:modified_time\" content=\"2026-03-10T11:55:30+00:00\" \/>\n<meta property=\"og:image\" content=\"https:\/\/www.cravanparis.com\/app\/uploads\/2025\/12\/SE-5.png.webp\" \/>\n\t<meta property=\"og:image:width\" content=\"1400\" \/>\n\t<meta property=\"og:image:height\" content=\"1050\" \/>\n\t<meta property=\"og:image:type\" content=\"image\/webp\" \/>\n<meta name=\"twitter:card\" content=\"summary_large_image\" \/>\n<meta name=\"twitter:label1\" content=\"Est. reading time\" \/>\n\t<meta name=\"twitter:data1\" content=\"1 minute\" \/>\n<script type=\"application\/ld+json\" class=\"yoast-schema-graph\">{\"@context\":\"https:\\\/\\\/schema.org\",\"@graph\":[{\"@type\":\"WebPage\",\"@id\":\"https:\\\/\\\/www.cravanparis.com\\\/en\\\/event\\\/special-editions-by-luca-marchetti-mathias-chelebourg\\\/\",\"url\":\"https:\\\/\\\/www.cravanparis.com\\\/en\\\/event\\\/special-editions-by-luca-marchetti-mathias-chelebourg\\\/\",\"name\":\"Special Editions by Luca Marchetti - Mathias Chelebourg - CRAVAN - Cocktail Bar - Paris 6\",\"isPartOf\":{\"@id\":\"https:\\\/\\\/www.cravanparis.com\\\/fr\\\/#website\"},\"primaryImageOfPage\":{\"@id\":\"https:\\\/\\\/www.cravanparis.com\\\/en\\\/event\\\/special-editions-by-luca-marchetti-mathias-chelebourg\\\/#primaryimage\"},\"image\":{\"@id\":\"https:\\\/\\\/www.cravanparis.com\\\/en\\\/event\\\/special-editions-by-luca-marchetti-mathias-chelebourg\\\/#primaryimage\"},\"thumbnailUrl\":\"https:\\\/\\\/www.cravanparis.com\\\/app\\\/uploads\\\/2025\\\/12\\\/SE-5.png.webp\",\"datePublished\":\"2025-12-26T09:05:56+00:00\",\"dateModified\":\"2026-03-10T11:55:30+00:00\",\"breadcrumb\":{\"@id\":\"https:\\\/\\\/www.cravanparis.com\\\/en\\\/event\\\/special-editions-by-luca-marchetti-mathias-chelebourg\\\/#breadcrumb\"},\"inLanguage\":\"en-US\",\"potentialAction\":[{\"@type\":\"ReadAction\",\"target\":[\"https:\\\/\\\/www.cravanparis.com\\\/en\\\/event\\\/special-editions-by-luca-marchetti-mathias-chelebourg\\\/\"]}]},{\"@type\":\"ImageObject\",\"inLanguage\":\"en-US\",\"@id\":\"https:\\\/\\\/www.cravanparis.com\\\/en\\\/event\\\/special-editions-by-luca-marchetti-mathias-chelebourg\\\/#primaryimage\",\"url\":\"https:\\\/\\\/www.cravanparis.com\\\/app\\\/uploads\\\/2025\\\/12\\\/SE-5.png.webp\",\"contentUrl\":\"https:\\\/\\\/www.cravanparis.com\\\/app\\\/uploads\\\/2025\\\/12\\\/SE-5.png.webp\",\"width\":1400,\"height\":1050},{\"@type\":\"BreadcrumbList\",\"@id\":\"https:\\\/\\\/www.cravanparis.com\\\/en\\\/event\\\/special-editions-by-luca-marchetti-mathias-chelebourg\\\/#breadcrumb\",\"itemListElement\":[{\"@type\":\"ListItem\",\"position\":1,\"name\":\"Home\",\"item\":\"https:\\\/\\\/www.cravanparis.com\\\/en\\\/\"},{\"@type\":\"ListItem\",\"position\":2,\"name\":\"\u00c9v\u00e8nements Cravan\",\"item\":\"https:\\\/\\\/www.cravanparis.com\\\/fr\\\/evenement\\\/\"},{\"@type\":\"ListItem\",\"position\":3,\"name\":\"Special Editions by Luca Marchetti &#8211; Mathias Chelebourg\"}]},{\"@type\":\"WebSite\",\"@id\":\"https:\\\/\\\/www.cravanparis.com\\\/fr\\\/#website\",\"url\":\"https:\\\/\\\/www.cravanparis.com\\\/fr\\\/\",\"name\":\"CRAVAN - Cocktail Bar - Paris 6\",\"description\":\"CRAVAN, bar \u00e0 cocktails dans le 6\u00e8 arrondissement de Paris, au c\u0153ur du quartier litt\u00e9raire de Saint-Germain-des-Pr\u00e9s. Suivez-nous sur @cravanparis.\",\"publisher\":{\"@id\":\"https:\\\/\\\/www.cravanparis.com\\\/fr\\\/#organization\"},\"potentialAction\":[{\"@type\":\"SearchAction\",\"target\":{\"@type\":\"EntryPoint\",\"urlTemplate\":\"https:\\\/\\\/www.cravanparis.com\\\/fr\\\/?s={search_term_string}\"},\"query-input\":{\"@type\":\"PropertyValueSpecification\",\"valueRequired\":true,\"valueName\":\"search_term_string\"}}],\"inLanguage\":\"en-US\"},{\"@type\":\"Organization\",\"@id\":\"https:\\\/\\\/www.cravanparis.com\\\/fr\\\/#organization\",\"name\":\"CRAVAN - Cocktail Bar - Paris 6\",\"url\":\"https:\\\/\\\/www.cravanparis.com\\\/fr\\\/\",\"logo\":{\"@type\":\"ImageObject\",\"inLanguage\":\"en-US\",\"@id\":\"https:\\\/\\\/www.cravanparis.com\\\/fr\\\/#\\\/schema\\\/logo\\\/image\\\/\",\"url\":\"https:\\\/\\\/www.cravanparis.com\\\/app\\\/uploads\\\/2026\\\/03\\\/cravan.svg\",\"contentUrl\":\"https:\\\/\\\/www.cravanparis.com\\\/app\\\/uploads\\\/2026\\\/03\\\/cravan.svg\",\"width\":1296,\"height\":357,\"caption\":\"CRAVAN - Cocktail Bar - Paris 6\"},\"image\":{\"@id\":\"https:\\\/\\\/www.cravanparis.com\\\/fr\\\/#\\\/schema\\\/logo\\\/image\\\/\"},\"sameAs\":[\"https:\\\/\\\/www.instagram.com\\\/cravanparis\\\/\"]}]}<\/script>\n<!-- \/ Yoast SEO plugin. -->","yoast_head_json":{"title":"Special Editions by Luca Marchetti - Mathias Chelebourg - CRAVAN - Cocktail Bar - Paris 6","robots":{"index":"index","follow":"follow","max-snippet":"max-snippet:-1","max-image-preview":"max-image-preview:large","max-video-preview":"max-video-preview:-1"},"canonical":"https:\/\/www.cravanparis.com\/en\/event\/special-editions-by-luca-marchetti-mathias-chelebourg\/","og_locale":"en_US","og_type":"article","og_title":"Special Editions by Luca Marchetti - Mathias Chelebourg - CRAVAN - Cocktail Bar - Paris 6","og_description":"For the fifth meeting of Special Editions, Luca Marchetti welcomes French creator Mathias Chelebourg. With his Atelier Daruma, he pushes the boundaries of immersive storytelling through unique sensory experiences, blending virtual reality, theatrical performances, and cutting-edge technologies. Among his recent projects is his participation in the immersive installation &#8220;Le Parlement des Vivants&#8221; by Ramy Fischler [&hellip;]","og_url":"https:\/\/www.cravanparis.com\/en\/event\/special-editions-by-luca-marchetti-mathias-chelebourg\/","og_site_name":"CRAVAN - Cocktail Bar - Paris 6","article_modified_time":"2026-03-10T11:55:30+00:00","og_image":[{"width":1400,"height":1050,"url":"https:\/\/www.cravanparis.com\/app\/uploads\/2025\/12\/SE-5.png.webp","type":"image\/webp"}],"twitter_card":"summary_large_image","twitter_misc":{"Est. reading time":"1 minute"},"schema":{"@context":"https:\/\/schema.org","@graph":[{"@type":"WebPage","@id":"https:\/\/www.cravanparis.com\/en\/event\/special-editions-by-luca-marchetti-mathias-chelebourg\/","url":"https:\/\/www.cravanparis.com\/en\/event\/special-editions-by-luca-marchetti-mathias-chelebourg\/","name":"Special Editions by Luca Marchetti - Mathias Chelebourg - CRAVAN - Cocktail Bar - Paris 6","isPartOf":{"@id":"https:\/\/www.cravanparis.com\/fr\/#website"},"primaryImageOfPage":{"@id":"https:\/\/www.cravanparis.com\/en\/event\/special-editions-by-luca-marchetti-mathias-chelebourg\/#primaryimage"},"image":{"@id":"https:\/\/www.cravanparis.com\/en\/event\/special-editions-by-luca-marchetti-mathias-chelebourg\/#primaryimage"},"thumbnailUrl":"https:\/\/www.cravanparis.com\/app\/uploads\/2025\/12\/SE-5.png.webp","datePublished":"2025-12-26T09:05:56+00:00","dateModified":"2026-03-10T11:55:30+00:00","breadcrumb":{"@id":"https:\/\/www.cravanparis.com\/en\/event\/special-editions-by-luca-marchetti-mathias-chelebourg\/#breadcrumb"},"inLanguage":"en-US","potentialAction":[{"@type":"ReadAction","target":["https:\/\/www.cravanparis.com\/en\/event\/special-editions-by-luca-marchetti-mathias-chelebourg\/"]}]},{"@type":"ImageObject","inLanguage":"en-US","@id":"https:\/\/www.cravanparis.com\/en\/event\/special-editions-by-luca-marchetti-mathias-chelebourg\/#primaryimage","url":"https:\/\/www.cravanparis.com\/app\/uploads\/2025\/12\/SE-5.png.webp","contentUrl":"https:\/\/www.cravanparis.com\/app\/uploads\/2025\/12\/SE-5.png.webp","width":1400,"height":1050},{"@type":"BreadcrumbList","@id":"https:\/\/www.cravanparis.com\/en\/event\/special-editions-by-luca-marchetti-mathias-chelebourg\/#breadcrumb","itemListElement":[{"@type":"ListItem","position":1,"name":"Home","item":"https:\/\/www.cravanparis.com\/en\/"},{"@type":"ListItem","position":2,"name":"\u00c9v\u00e8nements Cravan","item":"https:\/\/www.cravanparis.com\/fr\/evenement\/"},{"@type":"ListItem","position":3,"name":"Special Editions by Luca Marchetti &#8211; Mathias Chelebourg"}]},{"@type":"WebSite","@id":"https:\/\/www.cravanparis.com\/fr\/#website","url":"https:\/\/www.cravanparis.com\/fr\/","name":"CRAVAN - Cocktail Bar - Paris 6","description":"CRAVAN, bar \u00e0 cocktails dans le 6\u00e8 arrondissement de Paris, au c\u0153ur du quartier litt\u00e9raire de Saint-Germain-des-Pr\u00e9s. Suivez-nous sur @cravanparis.","publisher":{"@id":"https:\/\/www.cravanparis.com\/fr\/#organization"},"potentialAction":[{"@type":"SearchAction","target":{"@type":"EntryPoint","urlTemplate":"https:\/\/www.cravanparis.com\/fr\/?s={search_term_string}"},"query-input":{"@type":"PropertyValueSpecification","valueRequired":true,"valueName":"search_term_string"}}],"inLanguage":"en-US"},{"@type":"Organization","@id":"https:\/\/www.cravanparis.com\/fr\/#organization","name":"CRAVAN - Cocktail Bar - Paris 6","url":"https:\/\/www.cravanparis.com\/fr\/","logo":{"@type":"ImageObject","inLanguage":"en-US","@id":"https:\/\/www.cravanparis.com\/fr\/#\/schema\/logo\/image\/","url":"https:\/\/www.cravanparis.com\/app\/uploads\/2026\/03\/cravan.svg","contentUrl":"https:\/\/www.cravanparis.com\/app\/uploads\/2026\/03\/cravan.svg","width":1296,"height":357,"caption":"CRAVAN - Cocktail Bar - Paris 6"},"image":{"@id":"https:\/\/www.cravanparis.com\/fr\/#\/schema\/logo\/image\/"},"sameAs":["https:\/\/www.instagram.com\/cravanparis\/"]}]}},"_links":{"self":[{"href":"https:\/\/www.cravanparis.com\/en\/wp-json\/wp\/v2\/events_cravan\/1416","targetHints":{"allow":["GET"]}}],"collection":[{"href":"https:\/\/www.cravanparis.com\/en\/wp-json\/wp\/v2\/events_cravan"}],"about":[{"href":"https:\/\/www.cravanparis.com\/en\/wp-json\/wp\/v2\/types\/events_cravan"}],"author":[{"embeddable":true,"href":"https:\/\/www.cravanparis.com\/en\/wp-json\/wp\/v2\/users\/1"}],"version-history":[{"count":1,"href":"https:\/\/www.cravanparis.com\/en\/wp-json\/wp\/v2\/events_cravan\/1416\/revisions"}],"predecessor-version":[{"id":1417,"href":"https:\/\/www.cravanparis.com\/en\/wp-json\/wp\/v2\/events_cravan\/1416\/revisions\/1417"}],"wp:featuredmedia":[{"embeddable":true,"href":"https:\/\/www.cravanparis.com\/en\/wp-json\/wp\/v2\/media\/1415"}],"wp:attachment":[{"href":"https:\/\/www.cravanparis.com\/en\/wp-json\/wp\/v2\/media?parent=1416"}],"wp:term":[{"taxonomy":"events_cravan_cat","embeddable":true,"href":"https:\/\/www.cravanparis.com\/en\/wp-json\/wp\/v2\/events_cravan_cat?post=1416"}],"curies":[{"name":"wp","href":"https:\/\/api.w.org\/{rel}","templated":true}]}}