{"id":1285,"date":"2026-03-09T13:37:01","date_gmt":"2026-03-09T12:37:01","guid":{"rendered":"https:\/\/www.cravanparis.com\/?post_type=events_cravan&#038;p=1285"},"modified":"2026-03-09T13:37:01","modified_gmt":"2026-03-09T12:37:01","slug":"exquis-par-marie-ottavi-elli-medeiros","status":"publish","type":"events_cravan","link":"https:\/\/www.cravanparis.com\/fr\/evenement\/exquis-par-marie-ottavi-elli-medeiros\/","title":{"rendered":"Exquis par Marie Ottavi &#8211; Elli Medeiros"},"content":{"rendered":"\n<p>Chanteuse, autrice, compositrice, actrice et r\u00e9alisatrice, Elli Medeiros a marqu\u00e9 les esprits pour son look et la fantaisie qui se d\u00e9gageait de son allure. C\u00e9l\u00e9br\u00e9e par Simon Porte Jacquemus lors de son dernier d\u00e9fil\u00e9 parisien, elle a longtemps avanc\u00e9 \u00e0 contre-courant, se moquant des modes, les fuyant le plus souvent. Elle s\u2019est ainsi amus\u00e9e \u00e0 attacher ses v\u00eatements d\u00e9chir\u00e9s avec des \u00e9pingles \u00e0 nourrice et \u00e0 porter les pulls trou\u00e9s de son beau-p\u00e8re avant les autres, puis s\u2019est amus\u00e9e \u00e0 porter des fripes impeccables quand la tendance \u00e9tait \u00e0 la d\u00e9construction et \u00e0 l\u2019usure g\u00e9n\u00e9ralis\u00e9e.&nbsp;<\/p>\n\n\n\n<p>Elli Medeiros est d\u2019abord apparue sur la sc\u00e8ne punk au sein des Stinky Toys, de 1976 \u00e0 1979, avant de former un duo avec Jacno de 1979 \u00e0 1984 puis de poursuivre sa carri\u00e8re en solo. Toi mon toit, l\u2019un de ses morceaux sorti en 1986, est rest\u00e9 un tube \u00e9ternel dont le refrain, et le clip, continuent de trotter dans nos t\u00eates.<\/p>\n\n\n\n<figure class=\"wp-block-image size-large\"><img loading=\"lazy\" decoding=\"async\" width=\"1024\" height=\"639\" src=\"https:\/\/www.cravanparis.com\/app\/uploads\/2026\/03\/Screenshot-2026-02-06-123933_0.png-1024x639.webp\" alt=\"\" class=\"wp-image-1286\" srcset=\"https:\/\/www.cravanparis.com\/app\/uploads\/2026\/03\/Screenshot-2026-02-06-123933_0.png-1024x639.webp 1024w, https:\/\/www.cravanparis.com\/app\/uploads\/2026\/03\/Screenshot-2026-02-06-123933_0.png-300x187.webp 300w, https:\/\/www.cravanparis.com\/app\/uploads\/2026\/03\/Screenshot-2026-02-06-123933_0.png-768x479.webp 768w, https:\/\/www.cravanparis.com\/app\/uploads\/2026\/03\/Screenshot-2026-02-06-123933_0.png-600x375.webp 600w, https:\/\/www.cravanparis.com\/app\/uploads\/2026\/03\/Screenshot-2026-02-06-123933_0.png.webp 1400w\" sizes=\"auto, (max-width: 1024px) 100vw, 1024px\" \/><\/figure>\n\n\n\n<p>\u00ab Exquis \u00bb est une s\u00e9rie de rencontres imagin\u00e9e et anim\u00e9e par Marie Ottavi. Pens\u00e9e comme une conversation d\u00e9di\u00e9e \u00e0 la mode, chaque \u00e9dition r\u00e9unit un.e invit\u00e9.e issu.e du cin\u00e9ma, de la musique, de l\u2019art contemporain, de la litt\u00e9rature, de l\u2019architecture&#8230; L\u2019entretien prend place au c\u0153ur de CRAVAN et explore le parcours vestimentaire de chaque invit\u00e9, qui t\u00e9moigne d\u2019un point de vue et raconte diff\u00e9rentes \u00e9poques. Car \u00ab Exquis \u00bb consid\u00e8re la mode comme un espace de dialogue et de r\u00e9flexion, et le v\u00eatement comme un point de rencontre entre diff\u00e9rentes disciplines, id\u00e9es et sensibilit\u00e9s.<\/p>\n","protected":false},"excerpt":{"rendered":"<p>Chanteuse, autrice, compositrice, actrice et r\u00e9alisatrice, Elli Medeiros a marqu\u00e9 les esprits pour son look et la fantaisie qui se d\u00e9gageait de son allure. C\u00e9l\u00e9br\u00e9e par Simon Porte Jacquemus lors de son dernier d\u00e9fil\u00e9 parisien, elle a longtemps avanc\u00e9 \u00e0 contre-courant, se moquant des modes, les fuyant le plus souvent. Elle s\u2019est ainsi amus\u00e9e \u00e0 [&hellip;]<\/p>\n","protected":false},"author":1,"featured_media":1286,"template":"","events_cravan_cat":[14],"class_list":["post-1285","events_cravan","type-events_cravan","status-publish","has-post-thumbnail","hentry","events_cravan_cat-melange-des-genres"],"acf":[],"yoast_head":"<!-- This site is optimized with the Yoast SEO plugin v27.3 - https:\/\/yoast.com\/product\/yoast-seo-wordpress\/ -->\n<title>Exquis par Marie Ottavi - Elli Medeiros - CRAVAN - Cocktail Bar - Paris 6<\/title>\n<meta name=\"robots\" content=\"index, follow, max-snippet:-1, max-image-preview:large, max-video-preview:-1\" \/>\n<link rel=\"canonical\" href=\"https:\/\/www.cravanparis.com\/fr\/evenement\/exquis-par-marie-ottavi-elli-medeiros\/\" \/>\n<meta property=\"og:locale\" content=\"fr_FR\" \/>\n<meta property=\"og:type\" content=\"article\" \/>\n<meta property=\"og:title\" content=\"Exquis par Marie Ottavi - Elli Medeiros - CRAVAN - Cocktail Bar - Paris 6\" \/>\n<meta property=\"og:description\" content=\"Chanteuse, autrice, compositrice, actrice et r\u00e9alisatrice, Elli Medeiros a marqu\u00e9 les esprits pour son look et la fantaisie qui se d\u00e9gageait de son allure. C\u00e9l\u00e9br\u00e9e par Simon Porte Jacquemus lors de son dernier d\u00e9fil\u00e9 parisien, elle a longtemps avanc\u00e9 \u00e0 contre-courant, se moquant des modes, les fuyant le plus souvent. Elle s\u2019est ainsi amus\u00e9e \u00e0 [&hellip;]\" \/>\n<meta property=\"og:url\" content=\"https:\/\/www.cravanparis.com\/fr\/evenement\/exquis-par-marie-ottavi-elli-medeiros\/\" \/>\n<meta property=\"og:site_name\" content=\"CRAVAN - Cocktail Bar - Paris 6\" \/>\n<meta property=\"og:image\" content=\"https:\/\/www.cravanparis.com\/app\/uploads\/2026\/03\/Screenshot-2026-02-06-123933_0.png.webp\" \/>\n\t<meta property=\"og:image:width\" content=\"1400\" \/>\n\t<meta property=\"og:image:height\" content=\"874\" \/>\n\t<meta property=\"og:image:type\" content=\"image\/webp\" \/>\n<meta name=\"twitter:card\" content=\"summary_large_image\" \/>\n<meta name=\"twitter:label1\" content=\"Dur\u00e9e de lecture estim\u00e9e\" \/>\n\t<meta name=\"twitter:data1\" content=\"2 minutes\" \/>\n<script type=\"application\/ld+json\" class=\"yoast-schema-graph\">{\"@context\":\"https:\\\/\\\/schema.org\",\"@graph\":[{\"@type\":\"WebPage\",\"@id\":\"https:\\\/\\\/www.cravanparis.com\\\/fr\\\/evenement\\\/exquis-par-marie-ottavi-elli-medeiros\\\/\",\"url\":\"https:\\\/\\\/www.cravanparis.com\\\/fr\\\/evenement\\\/exquis-par-marie-ottavi-elli-medeiros\\\/\",\"name\":\"Exquis par Marie Ottavi - Elli Medeiros - CRAVAN - Cocktail Bar - Paris 6\",\"isPartOf\":{\"@id\":\"https:\\\/\\\/www.cravanparis.com\\\/fr\\\/#website\"},\"primaryImageOfPage\":{\"@id\":\"https:\\\/\\\/www.cravanparis.com\\\/fr\\\/evenement\\\/exquis-par-marie-ottavi-elli-medeiros\\\/#primaryimage\"},\"image\":{\"@id\":\"https:\\\/\\\/www.cravanparis.com\\\/fr\\\/evenement\\\/exquis-par-marie-ottavi-elli-medeiros\\\/#primaryimage\"},\"thumbnailUrl\":\"https:\\\/\\\/www.cravanparis.com\\\/app\\\/uploads\\\/2026\\\/03\\\/Screenshot-2026-02-06-123933_0.png.webp\",\"datePublished\":\"2026-03-09T12:37:01+00:00\",\"breadcrumb\":{\"@id\":\"https:\\\/\\\/www.cravanparis.com\\\/fr\\\/evenement\\\/exquis-par-marie-ottavi-elli-medeiros\\\/#breadcrumb\"},\"inLanguage\":\"fr-FR\",\"potentialAction\":[{\"@type\":\"ReadAction\",\"target\":[\"https:\\\/\\\/www.cravanparis.com\\\/fr\\\/evenement\\\/exquis-par-marie-ottavi-elli-medeiros\\\/\"]}]},{\"@type\":\"ImageObject\",\"inLanguage\":\"fr-FR\",\"@id\":\"https:\\\/\\\/www.cravanparis.com\\\/fr\\\/evenement\\\/exquis-par-marie-ottavi-elli-medeiros\\\/#primaryimage\",\"url\":\"https:\\\/\\\/www.cravanparis.com\\\/app\\\/uploads\\\/2026\\\/03\\\/Screenshot-2026-02-06-123933_0.png.webp\",\"contentUrl\":\"https:\\\/\\\/www.cravanparis.com\\\/app\\\/uploads\\\/2026\\\/03\\\/Screenshot-2026-02-06-123933_0.png.webp\",\"width\":1400,\"height\":874},{\"@type\":\"BreadcrumbList\",\"@id\":\"https:\\\/\\\/www.cravanparis.com\\\/fr\\\/evenement\\\/exquis-par-marie-ottavi-elli-medeiros\\\/#breadcrumb\",\"itemListElement\":[{\"@type\":\"ListItem\",\"position\":1,\"name\":\"Home\",\"item\":\"https:\\\/\\\/www.cravanparis.com\\\/fr\\\/\"},{\"@type\":\"ListItem\",\"position\":2,\"name\":\"\u00c9v\u00e8nements Cravan\",\"item\":\"https:\\\/\\\/www.cravanparis.com\\\/fr\\\/evenement\\\/\"},{\"@type\":\"ListItem\",\"position\":3,\"name\":\"Exquis par Marie Ottavi &#8211; Elli Medeiros\"}]},{\"@type\":\"WebSite\",\"@id\":\"https:\\\/\\\/www.cravanparis.com\\\/fr\\\/#website\",\"url\":\"https:\\\/\\\/www.cravanparis.com\\\/fr\\\/\",\"name\":\"CRAVAN - Cocktail Bar - Paris 6\",\"description\":\"CRAVAN, bar \u00e0 cocktails dans le 6\u00e8 arrondissement de Paris, au c\u0153ur du quartier litt\u00e9raire de Saint-Germain-des-Pr\u00e9s. Suivez-nous sur @cravanparis.\",\"publisher\":{\"@id\":\"https:\\\/\\\/www.cravanparis.com\\\/fr\\\/#organization\"},\"potentialAction\":[{\"@type\":\"SearchAction\",\"target\":{\"@type\":\"EntryPoint\",\"urlTemplate\":\"https:\\\/\\\/www.cravanparis.com\\\/fr\\\/?s={search_term_string}\"},\"query-input\":{\"@type\":\"PropertyValueSpecification\",\"valueRequired\":true,\"valueName\":\"search_term_string\"}}],\"inLanguage\":\"fr-FR\"},{\"@type\":\"Organization\",\"@id\":\"https:\\\/\\\/www.cravanparis.com\\\/fr\\\/#organization\",\"name\":\"CRAVAN - Cocktail Bar - Paris 6\",\"url\":\"https:\\\/\\\/www.cravanparis.com\\\/fr\\\/\",\"logo\":{\"@type\":\"ImageObject\",\"inLanguage\":\"fr-FR\",\"@id\":\"https:\\\/\\\/www.cravanparis.com\\\/fr\\\/#\\\/schema\\\/logo\\\/image\\\/\",\"url\":\"https:\\\/\\\/www.cravanparis.com\\\/app\\\/uploads\\\/2026\\\/03\\\/cravan.svg\",\"contentUrl\":\"https:\\\/\\\/www.cravanparis.com\\\/app\\\/uploads\\\/2026\\\/03\\\/cravan.svg\",\"width\":1296,\"height\":357,\"caption\":\"CRAVAN - Cocktail Bar - Paris 6\"},\"image\":{\"@id\":\"https:\\\/\\\/www.cravanparis.com\\\/fr\\\/#\\\/schema\\\/logo\\\/image\\\/\"},\"sameAs\":[\"https:\\\/\\\/www.instagram.com\\\/cravanparis\\\/\"]}]}<\/script>\n<!-- \/ Yoast SEO plugin. -->","yoast_head_json":{"title":"Exquis par Marie Ottavi - Elli Medeiros - CRAVAN - Cocktail Bar - Paris 6","robots":{"index":"index","follow":"follow","max-snippet":"max-snippet:-1","max-image-preview":"max-image-preview:large","max-video-preview":"max-video-preview:-1"},"canonical":"https:\/\/www.cravanparis.com\/fr\/evenement\/exquis-par-marie-ottavi-elli-medeiros\/","og_locale":"fr_FR","og_type":"article","og_title":"Exquis par Marie Ottavi - Elli Medeiros - CRAVAN - Cocktail Bar - Paris 6","og_description":"Chanteuse, autrice, compositrice, actrice et r\u00e9alisatrice, Elli Medeiros a marqu\u00e9 les esprits pour son look et la fantaisie qui se d\u00e9gageait de son allure. C\u00e9l\u00e9br\u00e9e par Simon Porte Jacquemus lors de son dernier d\u00e9fil\u00e9 parisien, elle a longtemps avanc\u00e9 \u00e0 contre-courant, se moquant des modes, les fuyant le plus souvent. Elle s\u2019est ainsi amus\u00e9e \u00e0 [&hellip;]","og_url":"https:\/\/www.cravanparis.com\/fr\/evenement\/exquis-par-marie-ottavi-elli-medeiros\/","og_site_name":"CRAVAN - Cocktail Bar - Paris 6","og_image":[{"width":1400,"height":874,"url":"https:\/\/www.cravanparis.com\/app\/uploads\/2026\/03\/Screenshot-2026-02-06-123933_0.png.webp","type":"image\/webp"}],"twitter_card":"summary_large_image","twitter_misc":{"Dur\u00e9e de lecture estim\u00e9e":"2 minutes"},"schema":{"@context":"https:\/\/schema.org","@graph":[{"@type":"WebPage","@id":"https:\/\/www.cravanparis.com\/fr\/evenement\/exquis-par-marie-ottavi-elli-medeiros\/","url":"https:\/\/www.cravanparis.com\/fr\/evenement\/exquis-par-marie-ottavi-elli-medeiros\/","name":"Exquis par Marie Ottavi - Elli Medeiros - CRAVAN - Cocktail Bar - Paris 6","isPartOf":{"@id":"https:\/\/www.cravanparis.com\/fr\/#website"},"primaryImageOfPage":{"@id":"https:\/\/www.cravanparis.com\/fr\/evenement\/exquis-par-marie-ottavi-elli-medeiros\/#primaryimage"},"image":{"@id":"https:\/\/www.cravanparis.com\/fr\/evenement\/exquis-par-marie-ottavi-elli-medeiros\/#primaryimage"},"thumbnailUrl":"https:\/\/www.cravanparis.com\/app\/uploads\/2026\/03\/Screenshot-2026-02-06-123933_0.png.webp","datePublished":"2026-03-09T12:37:01+00:00","breadcrumb":{"@id":"https:\/\/www.cravanparis.com\/fr\/evenement\/exquis-par-marie-ottavi-elli-medeiros\/#breadcrumb"},"inLanguage":"fr-FR","potentialAction":[{"@type":"ReadAction","target":["https:\/\/www.cravanparis.com\/fr\/evenement\/exquis-par-marie-ottavi-elli-medeiros\/"]}]},{"@type":"ImageObject","inLanguage":"fr-FR","@id":"https:\/\/www.cravanparis.com\/fr\/evenement\/exquis-par-marie-ottavi-elli-medeiros\/#primaryimage","url":"https:\/\/www.cravanparis.com\/app\/uploads\/2026\/03\/Screenshot-2026-02-06-123933_0.png.webp","contentUrl":"https:\/\/www.cravanparis.com\/app\/uploads\/2026\/03\/Screenshot-2026-02-06-123933_0.png.webp","width":1400,"height":874},{"@type":"BreadcrumbList","@id":"https:\/\/www.cravanparis.com\/fr\/evenement\/exquis-par-marie-ottavi-elli-medeiros\/#breadcrumb","itemListElement":[{"@type":"ListItem","position":1,"name":"Home","item":"https:\/\/www.cravanparis.com\/fr\/"},{"@type":"ListItem","position":2,"name":"\u00c9v\u00e8nements Cravan","item":"https:\/\/www.cravanparis.com\/fr\/evenement\/"},{"@type":"ListItem","position":3,"name":"Exquis par Marie Ottavi &#8211; Elli Medeiros"}]},{"@type":"WebSite","@id":"https:\/\/www.cravanparis.com\/fr\/#website","url":"https:\/\/www.cravanparis.com\/fr\/","name":"CRAVAN - Cocktail Bar - Paris 6","description":"CRAVAN, bar \u00e0 cocktails dans le 6\u00e8 arrondissement de Paris, au c\u0153ur du quartier litt\u00e9raire de Saint-Germain-des-Pr\u00e9s. Suivez-nous sur @cravanparis.","publisher":{"@id":"https:\/\/www.cravanparis.com\/fr\/#organization"},"potentialAction":[{"@type":"SearchAction","target":{"@type":"EntryPoint","urlTemplate":"https:\/\/www.cravanparis.com\/fr\/?s={search_term_string}"},"query-input":{"@type":"PropertyValueSpecification","valueRequired":true,"valueName":"search_term_string"}}],"inLanguage":"fr-FR"},{"@type":"Organization","@id":"https:\/\/www.cravanparis.com\/fr\/#organization","name":"CRAVAN - Cocktail Bar - Paris 6","url":"https:\/\/www.cravanparis.com\/fr\/","logo":{"@type":"ImageObject","inLanguage":"fr-FR","@id":"https:\/\/www.cravanparis.com\/fr\/#\/schema\/logo\/image\/","url":"https:\/\/www.cravanparis.com\/app\/uploads\/2026\/03\/cravan.svg","contentUrl":"https:\/\/www.cravanparis.com\/app\/uploads\/2026\/03\/cravan.svg","width":1296,"height":357,"caption":"CRAVAN - Cocktail Bar - Paris 6"},"image":{"@id":"https:\/\/www.cravanparis.com\/fr\/#\/schema\/logo\/image\/"},"sameAs":["https:\/\/www.instagram.com\/cravanparis\/"]}]}},"_links":{"self":[{"href":"https:\/\/www.cravanparis.com\/fr\/wp-json\/wp\/v2\/events_cravan\/1285","targetHints":{"allow":["GET"]}}],"collection":[{"href":"https:\/\/www.cravanparis.com\/fr\/wp-json\/wp\/v2\/events_cravan"}],"about":[{"href":"https:\/\/www.cravanparis.com\/fr\/wp-json\/wp\/v2\/types\/events_cravan"}],"author":[{"embeddable":true,"href":"https:\/\/www.cravanparis.com\/fr\/wp-json\/wp\/v2\/users\/1"}],"version-history":[{"count":1,"href":"https:\/\/www.cravanparis.com\/fr\/wp-json\/wp\/v2\/events_cravan\/1285\/revisions"}],"predecessor-version":[{"id":1287,"href":"https:\/\/www.cravanparis.com\/fr\/wp-json\/wp\/v2\/events_cravan\/1285\/revisions\/1287"}],"wp:featuredmedia":[{"embeddable":true,"href":"https:\/\/www.cravanparis.com\/fr\/wp-json\/wp\/v2\/media\/1286"}],"wp:attachment":[{"href":"https:\/\/www.cravanparis.com\/fr\/wp-json\/wp\/v2\/media?parent=1285"}],"wp:term":[{"taxonomy":"events_cravan_cat","embeddable":true,"href":"https:\/\/www.cravanparis.com\/fr\/wp-json\/wp\/v2\/events_cravan_cat?post=1285"}],"curies":[{"name":"wp","href":"https:\/\/api.w.org\/{rel}","templated":true}]}}