{"id":489,"date":"2025-12-22T11:31:32","date_gmt":"2025-12-22T10:31:32","guid":{"rendered":"https:\/\/www.cravanparis.com\/fr\/?post_type=events_cravan&#038;p=489"},"modified":"2025-12-22T13:11:03","modified_gmt":"2025-12-22T12:11:03","slug":"cravan-au-bon-marche","status":"publish","type":"events_cravan","link":"https:\/\/www.cravanparis.com\/fr\/evenement\/cravan-au-bon-marche\/","title":{"rendered":"CRAVAN au Bon March\u00e9"},"content":{"rendered":"\n<p>CRAVAN s&#8217;installe au Bon March\u00e9 \u00e0 l&#8217;occasion de l&#8217;exposition &#8220;Paris Paris&#8221; jusqu&#8217;au 20 octobre !<\/p>\n\n\n\n<p>Chez CRAVAN, l\u2019expertise du cocktail coexiste avec la litt\u00e9rature, le cin\u00e9ma et la cuisine. Situ\u00e9e au c\u0153ur du quartier historique de Saint-Germain-des-Pr\u00e9s, cette adresse parisienne d\u2019exception constitue un lieu prot\u00e9iforme et cultiv\u00e9 o\u00f9 se m\u00e9langent les courants et les r\u00e9f\u00e9rences. CRAVAN propose de d\u00e9couvrir en exclusivit\u00e9 au Bon March\u00e9 sa gamme de cocktails en bouteille et une s\u00e9rie d\u2019objets qui refl\u00e8tent tout son univers cr\u00e9atif et son attachement au rapprochement de savoir-faire.<\/p>\n\n\n                <div  class=\"cravan-bloc cravan-image-fullwidth \">\n\n                            <div class=\"cravan__image_container\">\n                    <div class=\"cravan-bloc cravan-image container-fluid\">\n                        <img decoding=\"async\" src=\"https:\/\/www.cravanparis.com\/app\/uploads\/2025\/12\/CRAVAN-x-BON-MARCHE-CRAV6251-NL.jpg.avif\" alt=\"\" class=\"img-fluid\"\/>\n                    <\/div>\n                <\/div>\n                    <\/div>\n    \n\n\n<p>CRAVAN, le bar \u00e0 cocktails prot\u00e9iforme et cultiv\u00e9 de Saint-Germain-des-Pr\u00e9s, s\u2019installe au 2\u00e8me \u00e9tage du Bon March\u00e9 dans le cadre de l\u2019exposition \u00ab Paris Paris \u00bb et y pr\u00e9sente tout son savoir-faire. \u00c0 travers cet espace d\u00e9di\u00e9 \u00e0 l\u2019univers CRAVAN il sera possible de retrouver une offre in\u00e9dite et innovante de la Maison : des cocktails en bouteille pr\u00eats \u00e0 servir chez vous et qui seront \u00e0 d\u00e9guster sur place : Boulevardier, Negroni, Rivoli et Vavin, fruits du travail et \u00e9change de savoir-faire entre Franck Audoux et les Ma\u00eetres distillateurs et assembleurs des Maisons de spiritueux du groupe Mo\u00ebt Hennessy. Deux nouveaux cocktails viennent aussi faire leur apparition en exclusivit\u00e9 au Bon March\u00e9 : Luco et Old Fashioned, \u00e0 d\u00e9couvrir et \u00e0 d\u00e9guster \u00e9galement tous les jours pendant toute la dur\u00e9e du pop-up.<\/p>\n\n\n                <div  class=\"cravan-bloc cravan-image-fullwidth \">\n\n                            <div class=\"cravan__image_container\">\n                    <div class=\"cravan-bloc cravan-image container-fluid\">\n                        <img decoding=\"async\" src=\"https:\/\/www.cravanparis.com\/app\/uploads\/2025\/12\/CRAVAN-x-BON-MARCHE-CRAV6181.jpg.webp\" alt=\"\" class=\"img-fluid\"\/>\n                    <\/div>\n                <\/div>\n                    <\/div>\n    \n\n\n<p>Y sera pr\u00e9sent\u00e9e \u00e9galement, toute la s\u00e9lection diverse d\u2019articles de la Maison, parmi laquelle des verres \u00e0 cocktail originaux dessin\u00e9s par le designer Ramy Fischler pour la d\u00e9gustationdes cocktails CRAVAN en bouteille, des coasters mais aussi des objets propres \u00e0 CRAVAN 75006 tels que des cartes postales, deux tee-shirts, ou encore French Moderne, le livre \u00e9crit par Franck Audoux : un instantan\u00e9 historique sur la sc\u00e8ne cocktail \u00e0 Paris dans les ann\u00e9es 20 et 30.<\/p>\n\n\n                <div  class=\"cravan-bloc cravan-image-fullwidth \">\n\n                            <div class=\"cravan__image_container\">\n                    <div class=\"cravan-bloc cravan-image container-fluid\">\n                        <img decoding=\"async\" src=\"https:\/\/www.cravanparis.com\/app\/uploads\/2025\/12\/CRAVAN-x-BON-MARCHE-CRAV6376.jpg.avif\" alt=\"\" class=\"img-fluid\"\/>\n                    <\/div>\n                <\/div>\n                    <\/div>\n    ","protected":false},"excerpt":{"rendered":"<p>CRAVAN s&#8217;installe au Bon March\u00e9 \u00e0 l&#8217;occasion de l&#8217;exposition &#8220;Paris Paris&#8221; jusqu&#8217;au 20 octobre ! Chez CRAVAN, l\u2019expertise du cocktail coexiste avec la litt\u00e9rature, le cin\u00e9ma et la cuisine. Situ\u00e9e au c\u0153ur du quartier historique de Saint-Germain-des-Pr\u00e9s, cette adresse parisienne d\u2019exception constitue un lieu prot\u00e9iforme et cultiv\u00e9 o\u00f9 se m\u00e9langent les courants et les r\u00e9f\u00e9rences. [&hellip;]<\/p>\n","protected":false},"author":1,"featured_media":493,"template":"","events_cravan_cat":[15],"class_list":["post-489","events_cravan","type-events_cravan","status-publish","has-post-thumbnail","hentry","events_cravan_cat-autres"],"acf":[],"yoast_head":"<!-- This site is optimized with the Yoast SEO plugin v27.3 - https:\/\/yoast.com\/product\/yoast-seo-wordpress\/ -->\n<title>CRAVAN au Bon March\u00e9 - CRAVAN - Cocktail Bar - Paris 6<\/title>\n<meta name=\"robots\" content=\"index, follow, max-snippet:-1, max-image-preview:large, max-video-preview:-1\" \/>\n<link rel=\"canonical\" href=\"https:\/\/www.cravanparis.com\/fr\/evenement\/cravan-au-bon-marche\/\" \/>\n<meta property=\"og:locale\" content=\"fr_FR\" \/>\n<meta property=\"og:type\" content=\"article\" \/>\n<meta property=\"og:title\" content=\"CRAVAN au Bon March\u00e9 - CRAVAN - Cocktail Bar - Paris 6\" \/>\n<meta property=\"og:description\" content=\"CRAVAN s&#8217;installe au Bon March\u00e9 \u00e0 l&#8217;occasion de l&#8217;exposition &#8220;Paris Paris&#8221; jusqu&#8217;au 20 octobre ! Chez CRAVAN, l\u2019expertise du cocktail coexiste avec la litt\u00e9rature, le cin\u00e9ma et la cuisine. Situ\u00e9e au c\u0153ur du quartier historique de Saint-Germain-des-Pr\u00e9s, cette adresse parisienne d\u2019exception constitue un lieu prot\u00e9iforme et cultiv\u00e9 o\u00f9 se m\u00e9langent les courants et les r\u00e9f\u00e9rences. [&hellip;]\" \/>\n<meta property=\"og:url\" content=\"https:\/\/www.cravanparis.com\/fr\/evenement\/cravan-au-bon-marche\/\" \/>\n<meta property=\"og:site_name\" content=\"CRAVAN - Cocktail Bar - Paris 6\" \/>\n<meta property=\"article:modified_time\" content=\"2025-12-22T12:11:03+00:00\" \/>\n<meta property=\"og:image\" content=\"https:\/\/www.cravanparis.com\/app\/uploads\/2025\/12\/CRAVAN-x-BON-MARCHE-CRAV6223.jpg.webp\" \/>\n\t<meta property=\"og:image:width\" content=\"378\" \/>\n\t<meta property=\"og:image:height\" content=\"566\" \/>\n\t<meta property=\"og:image:type\" content=\"image\/webp\" \/>\n<meta name=\"twitter:card\" content=\"summary_large_image\" \/>\n<meta name=\"twitter:label1\" content=\"Dur\u00e9e de lecture estim\u00e9e\" \/>\n\t<meta name=\"twitter:data1\" content=\"2 minutes\" \/>\n<script type=\"application\/ld+json\" class=\"yoast-schema-graph\">{\"@context\":\"https:\\\/\\\/schema.org\",\"@graph\":[{\"@type\":\"WebPage\",\"@id\":\"https:\\\/\\\/www.cravanparis.com\\\/fr\\\/evenement\\\/cravan-au-bon-marche\\\/\",\"url\":\"https:\\\/\\\/www.cravanparis.com\\\/fr\\\/evenement\\\/cravan-au-bon-marche\\\/\",\"name\":\"CRAVAN au Bon March\u00e9 - CRAVAN - Cocktail Bar - Paris 6\",\"isPartOf\":{\"@id\":\"https:\\\/\\\/www.cravanparis.com\\\/fr\\\/#website\"},\"primaryImageOfPage\":{\"@id\":\"https:\\\/\\\/www.cravanparis.com\\\/fr\\\/evenement\\\/cravan-au-bon-marche\\\/#primaryimage\"},\"image\":{\"@id\":\"https:\\\/\\\/www.cravanparis.com\\\/fr\\\/evenement\\\/cravan-au-bon-marche\\\/#primaryimage\"},\"thumbnailUrl\":\"https:\\\/\\\/www.cravanparis.com\\\/app\\\/uploads\\\/2025\\\/12\\\/CRAVAN-x-BON-MARCHE-CRAV6223.jpg.webp\",\"datePublished\":\"2025-12-22T10:31:32+00:00\",\"dateModified\":\"2025-12-22T12:11:03+00:00\",\"breadcrumb\":{\"@id\":\"https:\\\/\\\/www.cravanparis.com\\\/fr\\\/evenement\\\/cravan-au-bon-marche\\\/#breadcrumb\"},\"inLanguage\":\"fr-FR\",\"potentialAction\":[{\"@type\":\"ReadAction\",\"target\":[\"https:\\\/\\\/www.cravanparis.com\\\/fr\\\/evenement\\\/cravan-au-bon-marche\\\/\"]}]},{\"@type\":\"ImageObject\",\"inLanguage\":\"fr-FR\",\"@id\":\"https:\\\/\\\/www.cravanparis.com\\\/fr\\\/evenement\\\/cravan-au-bon-marche\\\/#primaryimage\",\"url\":\"https:\\\/\\\/www.cravanparis.com\\\/app\\\/uploads\\\/2025\\\/12\\\/CRAVAN-x-BON-MARCHE-CRAV6223.jpg.webp\",\"contentUrl\":\"https:\\\/\\\/www.cravanparis.com\\\/app\\\/uploads\\\/2025\\\/12\\\/CRAVAN-x-BON-MARCHE-CRAV6223.jpg.webp\",\"width\":378,\"height\":566},{\"@type\":\"BreadcrumbList\",\"@id\":\"https:\\\/\\\/www.cravanparis.com\\\/fr\\\/evenement\\\/cravan-au-bon-marche\\\/#breadcrumb\",\"itemListElement\":[{\"@type\":\"ListItem\",\"position\":1,\"name\":\"Home\",\"item\":\"https:\\\/\\\/www.cravanparis.com\\\/fr\\\/\"},{\"@type\":\"ListItem\",\"position\":2,\"name\":\"\u00c9v\u00e8nements Cravan\",\"item\":\"https:\\\/\\\/www.cravanparis.com\\\/fr\\\/evenement\\\/\"},{\"@type\":\"ListItem\",\"position\":3,\"name\":\"CRAVAN au Bon March\u00e9\"}]},{\"@type\":\"WebSite\",\"@id\":\"https:\\\/\\\/www.cravanparis.com\\\/fr\\\/#website\",\"url\":\"https:\\\/\\\/www.cravanparis.com\\\/fr\\\/\",\"name\":\"CRAVAN - Cocktail Bar - Paris 6\",\"description\":\"CRAVAN, bar \u00e0 cocktails dans le 6\u00e8 arrondissement de Paris, au c\u0153ur du quartier litt\u00e9raire de Saint-Germain-des-Pr\u00e9s. Suivez-nous sur @cravanparis.\",\"publisher\":{\"@id\":\"https:\\\/\\\/www.cravanparis.com\\\/fr\\\/#organization\"},\"potentialAction\":[{\"@type\":\"SearchAction\",\"target\":{\"@type\":\"EntryPoint\",\"urlTemplate\":\"https:\\\/\\\/www.cravanparis.com\\\/fr\\\/?s={search_term_string}\"},\"query-input\":{\"@type\":\"PropertyValueSpecification\",\"valueRequired\":true,\"valueName\":\"search_term_string\"}}],\"inLanguage\":\"fr-FR\"},{\"@type\":\"Organization\",\"@id\":\"https:\\\/\\\/www.cravanparis.com\\\/fr\\\/#organization\",\"name\":\"CRAVAN - Cocktail Bar - Paris 6\",\"url\":\"https:\\\/\\\/www.cravanparis.com\\\/fr\\\/\",\"logo\":{\"@type\":\"ImageObject\",\"inLanguage\":\"fr-FR\",\"@id\":\"https:\\\/\\\/www.cravanparis.com\\\/fr\\\/#\\\/schema\\\/logo\\\/image\\\/\",\"url\":\"https:\\\/\\\/www.cravanparis.com\\\/app\\\/uploads\\\/2026\\\/03\\\/cravan.svg\",\"contentUrl\":\"https:\\\/\\\/www.cravanparis.com\\\/app\\\/uploads\\\/2026\\\/03\\\/cravan.svg\",\"width\":1296,\"height\":357,\"caption\":\"CRAVAN - Cocktail Bar - Paris 6\"},\"image\":{\"@id\":\"https:\\\/\\\/www.cravanparis.com\\\/fr\\\/#\\\/schema\\\/logo\\\/image\\\/\"},\"sameAs\":[\"https:\\\/\\\/www.instagram.com\\\/cravanparis\\\/\"]}]}<\/script>\n<!-- \/ Yoast SEO plugin. -->","yoast_head_json":{"title":"CRAVAN au Bon March\u00e9 - CRAVAN - Cocktail Bar - Paris 6","robots":{"index":"index","follow":"follow","max-snippet":"max-snippet:-1","max-image-preview":"max-image-preview:large","max-video-preview":"max-video-preview:-1"},"canonical":"https:\/\/www.cravanparis.com\/fr\/evenement\/cravan-au-bon-marche\/","og_locale":"fr_FR","og_type":"article","og_title":"CRAVAN au Bon March\u00e9 - CRAVAN - Cocktail Bar - Paris 6","og_description":"CRAVAN s&#8217;installe au Bon March\u00e9 \u00e0 l&#8217;occasion de l&#8217;exposition &#8220;Paris Paris&#8221; jusqu&#8217;au 20 octobre ! Chez CRAVAN, l\u2019expertise du cocktail coexiste avec la litt\u00e9rature, le cin\u00e9ma et la cuisine. Situ\u00e9e au c\u0153ur du quartier historique de Saint-Germain-des-Pr\u00e9s, cette adresse parisienne d\u2019exception constitue un lieu prot\u00e9iforme et cultiv\u00e9 o\u00f9 se m\u00e9langent les courants et les r\u00e9f\u00e9rences. [&hellip;]","og_url":"https:\/\/www.cravanparis.com\/fr\/evenement\/cravan-au-bon-marche\/","og_site_name":"CRAVAN - Cocktail Bar - Paris 6","article_modified_time":"2025-12-22T12:11:03+00:00","og_image":[{"width":378,"height":566,"url":"https:\/\/www.cravanparis.com\/app\/uploads\/2025\/12\/CRAVAN-x-BON-MARCHE-CRAV6223.jpg.webp","type":"image\/webp"}],"twitter_card":"summary_large_image","twitter_misc":{"Dur\u00e9e de lecture estim\u00e9e":"2 minutes"},"schema":{"@context":"https:\/\/schema.org","@graph":[{"@type":"WebPage","@id":"https:\/\/www.cravanparis.com\/fr\/evenement\/cravan-au-bon-marche\/","url":"https:\/\/www.cravanparis.com\/fr\/evenement\/cravan-au-bon-marche\/","name":"CRAVAN au Bon March\u00e9 - CRAVAN - Cocktail Bar - Paris 6","isPartOf":{"@id":"https:\/\/www.cravanparis.com\/fr\/#website"},"primaryImageOfPage":{"@id":"https:\/\/www.cravanparis.com\/fr\/evenement\/cravan-au-bon-marche\/#primaryimage"},"image":{"@id":"https:\/\/www.cravanparis.com\/fr\/evenement\/cravan-au-bon-marche\/#primaryimage"},"thumbnailUrl":"https:\/\/www.cravanparis.com\/app\/uploads\/2025\/12\/CRAVAN-x-BON-MARCHE-CRAV6223.jpg.webp","datePublished":"2025-12-22T10:31:32+00:00","dateModified":"2025-12-22T12:11:03+00:00","breadcrumb":{"@id":"https:\/\/www.cravanparis.com\/fr\/evenement\/cravan-au-bon-marche\/#breadcrumb"},"inLanguage":"fr-FR","potentialAction":[{"@type":"ReadAction","target":["https:\/\/www.cravanparis.com\/fr\/evenement\/cravan-au-bon-marche\/"]}]},{"@type":"ImageObject","inLanguage":"fr-FR","@id":"https:\/\/www.cravanparis.com\/fr\/evenement\/cravan-au-bon-marche\/#primaryimage","url":"https:\/\/www.cravanparis.com\/app\/uploads\/2025\/12\/CRAVAN-x-BON-MARCHE-CRAV6223.jpg.webp","contentUrl":"https:\/\/www.cravanparis.com\/app\/uploads\/2025\/12\/CRAVAN-x-BON-MARCHE-CRAV6223.jpg.webp","width":378,"height":566},{"@type":"BreadcrumbList","@id":"https:\/\/www.cravanparis.com\/fr\/evenement\/cravan-au-bon-marche\/#breadcrumb","itemListElement":[{"@type":"ListItem","position":1,"name":"Home","item":"https:\/\/www.cravanparis.com\/fr\/"},{"@type":"ListItem","position":2,"name":"\u00c9v\u00e8nements Cravan","item":"https:\/\/www.cravanparis.com\/fr\/evenement\/"},{"@type":"ListItem","position":3,"name":"CRAVAN au Bon March\u00e9"}]},{"@type":"WebSite","@id":"https:\/\/www.cravanparis.com\/fr\/#website","url":"https:\/\/www.cravanparis.com\/fr\/","name":"CRAVAN - Cocktail Bar - Paris 6","description":"CRAVAN, bar \u00e0 cocktails dans le 6\u00e8 arrondissement de Paris, au c\u0153ur du quartier litt\u00e9raire de Saint-Germain-des-Pr\u00e9s. Suivez-nous sur @cravanparis.","publisher":{"@id":"https:\/\/www.cravanparis.com\/fr\/#organization"},"potentialAction":[{"@type":"SearchAction","target":{"@type":"EntryPoint","urlTemplate":"https:\/\/www.cravanparis.com\/fr\/?s={search_term_string}"},"query-input":{"@type":"PropertyValueSpecification","valueRequired":true,"valueName":"search_term_string"}}],"inLanguage":"fr-FR"},{"@type":"Organization","@id":"https:\/\/www.cravanparis.com\/fr\/#organization","name":"CRAVAN - Cocktail Bar - Paris 6","url":"https:\/\/www.cravanparis.com\/fr\/","logo":{"@type":"ImageObject","inLanguage":"fr-FR","@id":"https:\/\/www.cravanparis.com\/fr\/#\/schema\/logo\/image\/","url":"https:\/\/www.cravanparis.com\/app\/uploads\/2026\/03\/cravan.svg","contentUrl":"https:\/\/www.cravanparis.com\/app\/uploads\/2026\/03\/cravan.svg","width":1296,"height":357,"caption":"CRAVAN - Cocktail Bar - Paris 6"},"image":{"@id":"https:\/\/www.cravanparis.com\/fr\/#\/schema\/logo\/image\/"},"sameAs":["https:\/\/www.instagram.com\/cravanparis\/"]}]}},"_links":{"self":[{"href":"https:\/\/www.cravanparis.com\/fr\/wp-json\/wp\/v2\/events_cravan\/489","targetHints":{"allow":["GET"]}}],"collection":[{"href":"https:\/\/www.cravanparis.com\/fr\/wp-json\/wp\/v2\/events_cravan"}],"about":[{"href":"https:\/\/www.cravanparis.com\/fr\/wp-json\/wp\/v2\/types\/events_cravan"}],"author":[{"embeddable":true,"href":"https:\/\/www.cravanparis.com\/fr\/wp-json\/wp\/v2\/users\/1"}],"version-history":[{"count":1,"href":"https:\/\/www.cravanparis.com\/fr\/wp-json\/wp\/v2\/events_cravan\/489\/revisions"}],"predecessor-version":[{"id":495,"href":"https:\/\/www.cravanparis.com\/fr\/wp-json\/wp\/v2\/events_cravan\/489\/revisions\/495"}],"wp:featuredmedia":[{"embeddable":true,"href":"https:\/\/www.cravanparis.com\/fr\/wp-json\/wp\/v2\/media\/493"}],"wp:attachment":[{"href":"https:\/\/www.cravanparis.com\/fr\/wp-json\/wp\/v2\/media?parent=489"}],"wp:term":[{"taxonomy":"events_cravan_cat","embeddable":true,"href":"https:\/\/www.cravanparis.com\/fr\/wp-json\/wp\/v2\/events_cravan_cat?post=489"}],"curies":[{"name":"wp","href":"https:\/\/api.w.org\/{rel}","templated":true}]}}