{"id":507,"date":"2025-12-22T14:35:48","date_gmt":"2025-12-22T13:35:48","guid":{"rendered":"https:\/\/www.cravanparis.com\/?post_type=events_cravan&#038;p=507"},"modified":"2025-12-24T09:31:22","modified_gmt":"2025-12-24T08:31:22","slug":"en-novembre-photosaintgermain-sinvite-chez-cravan","status":"publish","type":"events_cravan","link":"https:\/\/www.cravanparis.com\/fr\/evenement\/en-novembre-photosaintgermain-sinvite-chez-cravan\/","title":{"rendered":"En novembre, PhotoSaintGermain s\u2019invite chez CRAVAN"},"content":{"rendered":"\n<p>Pour la 14\u1d49 \u00e9dition du festival, CRAVAN accueille PhotoSaintGermain pour une s\u00e9rie de quatre rencontres in\u00e9dites consacr\u00e9es \u00e0 la photographie. Mod\u00e9r\u00e9s par Rubis M\u00e9c\u00e9nat et A Women\u2019s Art Association, ces \u00e9changes r\u00e9uniront artistes, commissaires et historiennes de la photographie autour de dialogues ouverts sur les pratiques contemporaines et sur les multiples formes et r\u00e9cits que peut prendre l\u2019image aujourd\u2019hui.<\/p>\n\n\n\n<p><strong>Samedi 8 novembre \u00e0 18h :&nbsp;<\/strong><br>Jabulani Dhlamini &#8211; mod\u00e9ration assur\u00e9e par Val\u00e9rie Fougeirol<\/p>\n\n\n\n<p>Dans la continuit\u00e9 de la collaboration avec Rubis M\u00e9c\u00e9nat et son programme de mentorat social et artistique Of Soul and Joy, PhotoSaintGermain propose cette ann\u00e9e une discussion autour de la photographie sud africaine (en r\u00e9sonance avec l\u2019exposition What\u2019s the Word? Johannesburg! \u00e0 la Fondation A \u00e0 Bruxelles jusqu\u2019au 21 d\u00e9cembre) en compagnie du photographe Jabulani Dhlamini et de la commissaire ind\u00e9pendante Val\u00e9rie Fougeirol.<br>(Rencontre en Anglais)<\/p>\n\n\n                <div  class=\"cravan-bloc cravan-cta-list \">\n            <div class=\"row\">\n                <div class=\"container\">\n                    <div class=\"row justify-content-center\">\n                        <div class=\"col-12 text-center\">\n                                                            <div class=\"cravan__cta row justify-content-center\">\n                                                                            <div class=\"col-12 col-md-auto\">\n                                            <a href=\"https:\/\/sevn.ly\/xpseEf9L\" target=\"_blank\" class=\"cravan-button-primary\">\n                                                R\u00e9server                                            <\/a>\n                                        <\/div>\n                                                                    <\/div>\n                                                    <\/div>\n                    <\/div>\n                <\/div>\n            <\/div>\n        <\/div>\n    \n\n\n<p><strong>Jeudi 13 novembre \u00e0 19h30 :<\/strong><br>Damarice Amao et Clara Bouveresse<\/p>\n\n\n\n<p>Damarice Amao (historienne de la photographie, attach\u00e9e de conservation au Cabinet de la photographie du Centre Pompidou et commissaire d&#8217;exposition) et Clara Bouveresse (historienne de la photographie, ma\u00eetresse de conf\u00e9rence et commissaire d&#8217;exposition) reviendront, en miroir, sur leurs parcours respectifs et sur le r\u00f4le qu&#8217;elles jouent aujourd&#8217;hui, depuis leurs postes diff\u00e9rents \u00e0 l&#8217;universit\u00e9 et au mus\u00e9e, dans l&#8217;\u00e9criture de l&#8217;histoire de la photographie. Enfin, elles discuteront de la place accord\u00e9e aux femmes dans les expositions de photographie.<\/p>\n\n\n                <div  class=\"cravan-bloc cravan-cta-list \">\n            <div class=\"row\">\n                <div class=\"container\">\n                    <div class=\"row justify-content-center\">\n                        <div class=\"col-12 text-center\">\n                                                            <div class=\"cravan__cta row justify-content-center\">\n                                                                            <div class=\"col-12 col-md-auto\">\n                                            <a href=\"https:\/\/sevn.ly\/xpnCuLs0\" target=\"_blank\" class=\"cravan-button-primary\">\n                                                R\u00e9server                                            <\/a>\n                                        <\/div>\n                                                                    <\/div>\n                                                    <\/div>\n                    <\/div>\n                <\/div>\n            <\/div>\n        <\/div>\n    \n\n\n<p><strong>Jeudi 20 novembre \u00e0 19h30 :&nbsp;<\/strong><br>Sixtine de Th\u00e9 &#8211; mod\u00e9ration assur\u00e9e par Victoria Le Boloc\u2019h-Salama de A Women&#8217;s Art Association<\/p>\n\n\n\n<p>Sixtine de Th\u00e9, artiste plasticienne et Victoria Le Boloc&#8217;h-Salama, critique d&#8217;art et productrice de podcasts, \u00e9changeront autour de l\u2019exposition Pellicules aveugles pr\u00e9sent\u00e9e par l\u2019artiste \u00e0 l&#8217;Institut national des jeunes aveugles (INJA) dans le cadre du parcours PhotoSaintGermain.<\/p>\n\n\n                <div  class=\"cravan-bloc cravan-cta-list \">\n            <div class=\"row\">\n                <div class=\"container\">\n                    <div class=\"row justify-content-center\">\n                        <div class=\"col-12 text-center\">\n                                                            <div class=\"cravan__cta row justify-content-center\">\n                                                                            <div class=\"col-12 col-md-auto\">\n                                            <a href=\"https:\/\/sevn.ly\/xTme5xGN\" target=\"_blank\" class=\"cravan-button-primary\">\n                                                R\u00e9server                                            <\/a>\n                                        <\/div>\n                                                                    <\/div>\n                                                    <\/div>\n                    <\/div>\n                <\/div>\n            <\/div>\n        <\/div>\n    \n\n\n<p><strong>Jeudi 27 novembre \u00e0 19h30 :&nbsp;<\/strong><br>St\u00e9phanie Solinas &#8211; mod\u00e9ration assur\u00e9e par Virginie Huet<\/p>\n\n\n\n<p>St\u00e9phanie Solinas, artiste plasticienne, et Virginie Huet, journaliste et critique d\u2019art, aborderont le dernier projet de l\u2019artiste, Devenir soi-m\u00eame, une vaste enqu\u00eate men\u00e9e sur les routes de l&#8217;Ouest am\u00e9ricain, l\u00e0 o\u00f9, entre science et croyance, s&#8217;invente l&#8217;Humain de demain.<\/p>\n\n\n                <div  class=\"cravan-bloc cravan-cta-list \">\n            <div class=\"row\">\n                <div class=\"container\">\n                    <div class=\"row justify-content-center\">\n                        <div class=\"col-12 text-center\">\n                                                            <div class=\"cravan__cta row justify-content-center\">\n                                                                            <div class=\"col-12 col-md-auto\">\n                                            <a href=\"https:\/\/sevn.ly\/xqtj6F7E\" target=\"_blank\" class=\"cravan-button-primary\">\n                                                R\u00e9server                                            <\/a>\n                                        <\/div>\n                                                                    <\/div>\n                                                    <\/div>\n                    <\/div>\n                <\/div>\n            <\/div>\n        <\/div>\n    \n\n\n<p><strong>\u00c0 propos de PhotoSaintGermain:<\/strong><\/p>\n\n\n\n<p>PhotoSaintGermain est un festival annuel destin\u00e9 \u00e0 promouvoir la cr\u00e9ation photographique offrant un parcours gratuit et libre d\u2019acc\u00e8s d\u2019expositions dans une s\u00e9lection de mus\u00e9es, centres culturels, galeries et librairies de la rive gauche. Cet \u00e9v\u00e8nement met en lumi\u00e8re une programmation pointue et \u00e9clectique con\u00e7ue par les galeries associ\u00e9es, ainsi que plusieurs expositions originales et projets in\u00e9dits imagin\u00e9s et produits par le festival.&nbsp;<\/p>\n\n\n\n<p><strong>D\u00e9couvrir la programmation:<\/strong><br>www.photosaintgermain.com<\/p>\n","protected":false},"excerpt":{"rendered":"<p>Pour la 14\u1d49 \u00e9dition du festival, CRAVAN accueille PhotoSaintGermain pour une s\u00e9rie de quatre rencontres in\u00e9dites consacr\u00e9es \u00e0 la photographie. Mod\u00e9r\u00e9s par Rubis M\u00e9c\u00e9nat et A Women\u2019s Art Association, ces \u00e9changes r\u00e9uniront artistes, commissaires et historiennes de la photographie autour de dialogues ouverts sur les pratiques contemporaines et sur les multiples formes et r\u00e9cits que [&hellip;]<\/p>\n","protected":false},"author":1,"featured_media":508,"template":"","events_cravan_cat":[15],"class_list":["post-507","events_cravan","type-events_cravan","status-publish","has-post-thumbnail","hentry","events_cravan_cat-autres"],"acf":[],"yoast_head":"<!-- This site is optimized with the Yoast SEO plugin v27.3 - https:\/\/yoast.com\/product\/yoast-seo-wordpress\/ -->\n<title>En novembre, PhotoSaintGermain s\u2019invite chez CRAVAN - CRAVAN - Cocktail Bar - Paris 6<\/title>\n<meta name=\"robots\" content=\"index, follow, max-snippet:-1, max-image-preview:large, max-video-preview:-1\" \/>\n<link rel=\"canonical\" href=\"https:\/\/www.cravanparis.com\/fr\/evenement\/en-novembre-photosaintgermain-sinvite-chez-cravan\/\" \/>\n<meta property=\"og:locale\" content=\"fr_FR\" \/>\n<meta property=\"og:type\" content=\"article\" \/>\n<meta property=\"og:title\" content=\"En novembre, PhotoSaintGermain s\u2019invite chez CRAVAN - CRAVAN - Cocktail Bar - Paris 6\" \/>\n<meta property=\"og:description\" content=\"Pour la 14\u1d49 \u00e9dition du festival, CRAVAN accueille PhotoSaintGermain pour une s\u00e9rie de quatre rencontres in\u00e9dites consacr\u00e9es \u00e0 la photographie. Mod\u00e9r\u00e9s par Rubis M\u00e9c\u00e9nat et A Women\u2019s Art Association, ces \u00e9changes r\u00e9uniront artistes, commissaires et historiennes de la photographie autour de dialogues ouverts sur les pratiques contemporaines et sur les multiples formes et r\u00e9cits que [&hellip;]\" \/>\n<meta property=\"og:url\" content=\"https:\/\/www.cravanparis.com\/fr\/evenement\/en-novembre-photosaintgermain-sinvite-chez-cravan\/\" \/>\n<meta property=\"og:site_name\" content=\"CRAVAN - Cocktail Bar - Paris 6\" \/>\n<meta property=\"article:modified_time\" content=\"2025-12-24T08:31:22+00:00\" \/>\n<meta name=\"twitter:card\" content=\"summary_large_image\" \/>\n<meta name=\"twitter:label1\" content=\"Dur\u00e9e de lecture estim\u00e9e\" \/>\n\t<meta name=\"twitter:data1\" content=\"2 minutes\" \/>\n<script type=\"application\/ld+json\" class=\"yoast-schema-graph\">{\"@context\":\"https:\\\/\\\/schema.org\",\"@graph\":[{\"@type\":\"WebPage\",\"@id\":\"https:\\\/\\\/www.cravanparis.com\\\/fr\\\/evenement\\\/en-novembre-photosaintgermain-sinvite-chez-cravan\\\/\",\"url\":\"https:\\\/\\\/www.cravanparis.com\\\/fr\\\/evenement\\\/en-novembre-photosaintgermain-sinvite-chez-cravan\\\/\",\"name\":\"En novembre, PhotoSaintGermain s\u2019invite chez CRAVAN - CRAVAN - Cocktail Bar - Paris 6\",\"isPartOf\":{\"@id\":\"https:\\\/\\\/www.cravanparis.com\\\/fr\\\/#website\"},\"primaryImageOfPage\":{\"@id\":\"https:\\\/\\\/www.cravanparis.com\\\/fr\\\/evenement\\\/en-novembre-photosaintgermain-sinvite-chez-cravan\\\/#primaryimage\"},\"image\":{\"@id\":\"https:\\\/\\\/www.cravanparis.com\\\/fr\\\/evenement\\\/en-novembre-photosaintgermain-sinvite-chez-cravan\\\/#primaryimage\"},\"thumbnailUrl\":\"https:\\\/\\\/www.cravanparis.com\\\/app\\\/uploads\\\/2025\\\/12\\\/PSG-MAIN-VISUEL.png.avif\",\"datePublished\":\"2025-12-22T13:35:48+00:00\",\"dateModified\":\"2025-12-24T08:31:22+00:00\",\"breadcrumb\":{\"@id\":\"https:\\\/\\\/www.cravanparis.com\\\/fr\\\/evenement\\\/en-novembre-photosaintgermain-sinvite-chez-cravan\\\/#breadcrumb\"},\"inLanguage\":\"fr-FR\",\"potentialAction\":[{\"@type\":\"ReadAction\",\"target\":[\"https:\\\/\\\/www.cravanparis.com\\\/fr\\\/evenement\\\/en-novembre-photosaintgermain-sinvite-chez-cravan\\\/\"]}]},{\"@type\":\"ImageObject\",\"inLanguage\":\"fr-FR\",\"@id\":\"https:\\\/\\\/www.cravanparis.com\\\/fr\\\/evenement\\\/en-novembre-photosaintgermain-sinvite-chez-cravan\\\/#primaryimage\",\"url\":\"https:\\\/\\\/www.cravanparis.com\\\/app\\\/uploads\\\/2025\\\/12\\\/PSG-MAIN-VISUEL.png.avif\",\"contentUrl\":\"https:\\\/\\\/www.cravanparis.com\\\/app\\\/uploads\\\/2025\\\/12\\\/PSG-MAIN-VISUEL.png.avif\",\"width\":1400,\"height\":1400},{\"@type\":\"BreadcrumbList\",\"@id\":\"https:\\\/\\\/www.cravanparis.com\\\/fr\\\/evenement\\\/en-novembre-photosaintgermain-sinvite-chez-cravan\\\/#breadcrumb\",\"itemListElement\":[{\"@type\":\"ListItem\",\"position\":1,\"name\":\"Home\",\"item\":\"https:\\\/\\\/www.cravanparis.com\\\/fr\\\/\"},{\"@type\":\"ListItem\",\"position\":2,\"name\":\"\u00c9v\u00e8nements Cravan\",\"item\":\"https:\\\/\\\/www.cravanparis.com\\\/fr\\\/evenement\\\/\"},{\"@type\":\"ListItem\",\"position\":3,\"name\":\"En novembre, PhotoSaintGermain s\u2019invite chez CRAVAN\"}]},{\"@type\":\"WebSite\",\"@id\":\"https:\\\/\\\/www.cravanparis.com\\\/fr\\\/#website\",\"url\":\"https:\\\/\\\/www.cravanparis.com\\\/fr\\\/\",\"name\":\"CRAVAN - Cocktail Bar - Paris 6\",\"description\":\"CRAVAN, bar \u00e0 cocktails dans le 6\u00e8 arrondissement de Paris, au c\u0153ur du quartier litt\u00e9raire de Saint-Germain-des-Pr\u00e9s. Suivez-nous sur @cravanparis.\",\"publisher\":{\"@id\":\"https:\\\/\\\/www.cravanparis.com\\\/fr\\\/#organization\"},\"potentialAction\":[{\"@type\":\"SearchAction\",\"target\":{\"@type\":\"EntryPoint\",\"urlTemplate\":\"https:\\\/\\\/www.cravanparis.com\\\/fr\\\/?s={search_term_string}\"},\"query-input\":{\"@type\":\"PropertyValueSpecification\",\"valueRequired\":true,\"valueName\":\"search_term_string\"}}],\"inLanguage\":\"fr-FR\"},{\"@type\":\"Organization\",\"@id\":\"https:\\\/\\\/www.cravanparis.com\\\/fr\\\/#organization\",\"name\":\"CRAVAN - Cocktail Bar - Paris 6\",\"url\":\"https:\\\/\\\/www.cravanparis.com\\\/fr\\\/\",\"logo\":{\"@type\":\"ImageObject\",\"inLanguage\":\"fr-FR\",\"@id\":\"https:\\\/\\\/www.cravanparis.com\\\/fr\\\/#\\\/schema\\\/logo\\\/image\\\/\",\"url\":\"https:\\\/\\\/www.cravanparis.com\\\/app\\\/uploads\\\/2026\\\/03\\\/cravan.svg\",\"contentUrl\":\"https:\\\/\\\/www.cravanparis.com\\\/app\\\/uploads\\\/2026\\\/03\\\/cravan.svg\",\"width\":1296,\"height\":357,\"caption\":\"CRAVAN - Cocktail Bar - Paris 6\"},\"image\":{\"@id\":\"https:\\\/\\\/www.cravanparis.com\\\/fr\\\/#\\\/schema\\\/logo\\\/image\\\/\"},\"sameAs\":[\"https:\\\/\\\/www.instagram.com\\\/cravanparis\\\/\"]}]}<\/script>\n<!-- \/ Yoast SEO plugin. -->","yoast_head_json":{"title":"En novembre, PhotoSaintGermain s\u2019invite chez CRAVAN - CRAVAN - Cocktail Bar - Paris 6","robots":{"index":"index","follow":"follow","max-snippet":"max-snippet:-1","max-image-preview":"max-image-preview:large","max-video-preview":"max-video-preview:-1"},"canonical":"https:\/\/www.cravanparis.com\/fr\/evenement\/en-novembre-photosaintgermain-sinvite-chez-cravan\/","og_locale":"fr_FR","og_type":"article","og_title":"En novembre, PhotoSaintGermain s\u2019invite chez CRAVAN - CRAVAN - Cocktail Bar - Paris 6","og_description":"Pour la 14\u1d49 \u00e9dition du festival, CRAVAN accueille PhotoSaintGermain pour une s\u00e9rie de quatre rencontres in\u00e9dites consacr\u00e9es \u00e0 la photographie. Mod\u00e9r\u00e9s par Rubis M\u00e9c\u00e9nat et A Women\u2019s Art Association, ces \u00e9changes r\u00e9uniront artistes, commissaires et historiennes de la photographie autour de dialogues ouverts sur les pratiques contemporaines et sur les multiples formes et r\u00e9cits que [&hellip;]","og_url":"https:\/\/www.cravanparis.com\/fr\/evenement\/en-novembre-photosaintgermain-sinvite-chez-cravan\/","og_site_name":"CRAVAN - Cocktail Bar - Paris 6","article_modified_time":"2025-12-24T08:31:22+00:00","twitter_card":"summary_large_image","twitter_misc":{"Dur\u00e9e de lecture estim\u00e9e":"2 minutes"},"schema":{"@context":"https:\/\/schema.org","@graph":[{"@type":"WebPage","@id":"https:\/\/www.cravanparis.com\/fr\/evenement\/en-novembre-photosaintgermain-sinvite-chez-cravan\/","url":"https:\/\/www.cravanparis.com\/fr\/evenement\/en-novembre-photosaintgermain-sinvite-chez-cravan\/","name":"En novembre, PhotoSaintGermain s\u2019invite chez CRAVAN - CRAVAN - Cocktail Bar - Paris 6","isPartOf":{"@id":"https:\/\/www.cravanparis.com\/fr\/#website"},"primaryImageOfPage":{"@id":"https:\/\/www.cravanparis.com\/fr\/evenement\/en-novembre-photosaintgermain-sinvite-chez-cravan\/#primaryimage"},"image":{"@id":"https:\/\/www.cravanparis.com\/fr\/evenement\/en-novembre-photosaintgermain-sinvite-chez-cravan\/#primaryimage"},"thumbnailUrl":"https:\/\/www.cravanparis.com\/app\/uploads\/2025\/12\/PSG-MAIN-VISUEL.png.avif","datePublished":"2025-12-22T13:35:48+00:00","dateModified":"2025-12-24T08:31:22+00:00","breadcrumb":{"@id":"https:\/\/www.cravanparis.com\/fr\/evenement\/en-novembre-photosaintgermain-sinvite-chez-cravan\/#breadcrumb"},"inLanguage":"fr-FR","potentialAction":[{"@type":"ReadAction","target":["https:\/\/www.cravanparis.com\/fr\/evenement\/en-novembre-photosaintgermain-sinvite-chez-cravan\/"]}]},{"@type":"ImageObject","inLanguage":"fr-FR","@id":"https:\/\/www.cravanparis.com\/fr\/evenement\/en-novembre-photosaintgermain-sinvite-chez-cravan\/#primaryimage","url":"https:\/\/www.cravanparis.com\/app\/uploads\/2025\/12\/PSG-MAIN-VISUEL.png.avif","contentUrl":"https:\/\/www.cravanparis.com\/app\/uploads\/2025\/12\/PSG-MAIN-VISUEL.png.avif","width":1400,"height":1400},{"@type":"BreadcrumbList","@id":"https:\/\/www.cravanparis.com\/fr\/evenement\/en-novembre-photosaintgermain-sinvite-chez-cravan\/#breadcrumb","itemListElement":[{"@type":"ListItem","position":1,"name":"Home","item":"https:\/\/www.cravanparis.com\/fr\/"},{"@type":"ListItem","position":2,"name":"\u00c9v\u00e8nements Cravan","item":"https:\/\/www.cravanparis.com\/fr\/evenement\/"},{"@type":"ListItem","position":3,"name":"En novembre, PhotoSaintGermain s\u2019invite chez CRAVAN"}]},{"@type":"WebSite","@id":"https:\/\/www.cravanparis.com\/fr\/#website","url":"https:\/\/www.cravanparis.com\/fr\/","name":"CRAVAN - Cocktail Bar - Paris 6","description":"CRAVAN, bar \u00e0 cocktails dans le 6\u00e8 arrondissement de Paris, au c\u0153ur du quartier litt\u00e9raire de Saint-Germain-des-Pr\u00e9s. Suivez-nous sur @cravanparis.","publisher":{"@id":"https:\/\/www.cravanparis.com\/fr\/#organization"},"potentialAction":[{"@type":"SearchAction","target":{"@type":"EntryPoint","urlTemplate":"https:\/\/www.cravanparis.com\/fr\/?s={search_term_string}"},"query-input":{"@type":"PropertyValueSpecification","valueRequired":true,"valueName":"search_term_string"}}],"inLanguage":"fr-FR"},{"@type":"Organization","@id":"https:\/\/www.cravanparis.com\/fr\/#organization","name":"CRAVAN - Cocktail Bar - Paris 6","url":"https:\/\/www.cravanparis.com\/fr\/","logo":{"@type":"ImageObject","inLanguage":"fr-FR","@id":"https:\/\/www.cravanparis.com\/fr\/#\/schema\/logo\/image\/","url":"https:\/\/www.cravanparis.com\/app\/uploads\/2026\/03\/cravan.svg","contentUrl":"https:\/\/www.cravanparis.com\/app\/uploads\/2026\/03\/cravan.svg","width":1296,"height":357,"caption":"CRAVAN - Cocktail Bar - Paris 6"},"image":{"@id":"https:\/\/www.cravanparis.com\/fr\/#\/schema\/logo\/image\/"},"sameAs":["https:\/\/www.instagram.com\/cravanparis\/"]}]}},"_links":{"self":[{"href":"https:\/\/www.cravanparis.com\/fr\/wp-json\/wp\/v2\/events_cravan\/507","targetHints":{"allow":["GET"]}}],"collection":[{"href":"https:\/\/www.cravanparis.com\/fr\/wp-json\/wp\/v2\/events_cravan"}],"about":[{"href":"https:\/\/www.cravanparis.com\/fr\/wp-json\/wp\/v2\/types\/events_cravan"}],"author":[{"embeddable":true,"href":"https:\/\/www.cravanparis.com\/fr\/wp-json\/wp\/v2\/users\/1"}],"version-history":[{"count":1,"href":"https:\/\/www.cravanparis.com\/fr\/wp-json\/wp\/v2\/events_cravan\/507\/revisions"}],"predecessor-version":[{"id":509,"href":"https:\/\/www.cravanparis.com\/fr\/wp-json\/wp\/v2\/events_cravan\/507\/revisions\/509"}],"wp:featuredmedia":[{"embeddable":true,"href":"https:\/\/www.cravanparis.com\/fr\/wp-json\/wp\/v2\/media\/508"}],"wp:attachment":[{"href":"https:\/\/www.cravanparis.com\/fr\/wp-json\/wp\/v2\/media?parent=507"}],"wp:term":[{"taxonomy":"events_cravan_cat","embeddable":true,"href":"https:\/\/www.cravanparis.com\/fr\/wp-json\/wp\/v2\/events_cravan_cat?post=507"}],"curies":[{"name":"wp","href":"https:\/\/api.w.org\/{rel}","templated":true}]}}