{"id":544,"date":"2025-12-24T10:37:52","date_gmt":"2025-12-24T09:37:52","guid":{"rendered":"https:\/\/www.cravanparis.com\/?post_type=events_cravan&#038;p=544"},"modified":"2025-12-24T10:38:29","modified_gmt":"2025-12-24T09:38:29","slug":"special-editions-par-luca-marchetti-vanessa-clairet-stern-et-raphaelle-pinoncely","status":"publish","type":"events_cravan","link":"https:\/\/www.cravanparis.com\/fr\/evenement\/special-editions-par-luca-marchetti-vanessa-clairet-stern-et-raphaelle-pinoncely\/","title":{"rendered":"Special Editions par Luca Marchetti &#8211; Vanessa Clairet Stern et Rapha\u00eblle Pinonc\u00e9ly"},"content":{"rendered":"\n<p>Pour cette nouvelle rencontre Special Editions, Luca Marchetti re\u00e7oit Vanessa Clairet Stern et Rapha\u00eblle Pinoncely, deux figures-cl\u00e9s de l\u2019\u00e9cosyst\u00e8me n\u00e9 autour de la galerie Perrotin.<\/p>\n\n\n\n<p><br>La premi\u00e8re, apr\u00e8s un parcours entre art contemporain et luxe, pilote aujourd\u2019hui la communication et le d\u00e9veloppement de Perrotin \u00e0 l\u2019\u00e9chelle mondiale. La seconde dirige Perrotin \u00c9ditions depuis plus de dix ans, publiant catalogues, monographies et objets d\u2019art en lien \u00e9troit avec les artistes de la galerie.<br><br>Ensemble, Vanessa et Rapha\u00eblle viennent raconter l\u2019histoire \u00e9ditoriale d\u2019une enseigne pionni\u00e8re dans les mod\u00e8les culturels et \u00e9conomiques de l\u2019art contemporain. En projetant les \u0153uvres au-del\u00e0 du p\u00e9rim\u00e8tre de l\u2019exposition \u2014 par le livre, les prints ou les multiples \u2014 les \u201cSpecial Editions\u201d de Perrotin animent la r\u00e9flexion et le d\u00e9bat sur l&#8217;hybridation entre \u0153uvre, produit et challengent la notion m\u00eame de valeur.<br><br>De Paris \u00e0 Tokyo, de Miami \u00e0 S\u00e9oul, une telle vision exige une articulation fine entre exigence artistique et d\u00e9sir de partage. Une conversation sur les coulisses de l\u2019\u00e9dition d\u2019art, entre strat\u00e9gie, innovation et cr\u00e9ation.<\/p>\n\n\n\n<figure class=\"wp-block-image size-large\"><img loading=\"lazy\" decoding=\"async\" width=\"1024\" height=\"768\" src=\"https:\/\/www.cravanparis.com\/app\/uploads\/2025\/12\/SE_28_10.png-1024x768.webp\" alt=\"\" class=\"wp-image-546\" srcset=\"https:\/\/www.cravanparis.com\/app\/uploads\/2025\/12\/SE_28_10.png-1024x768.webp 1024w, https:\/\/www.cravanparis.com\/app\/uploads\/2025\/12\/SE_28_10.png-300x225.webp 300w, https:\/\/www.cravanparis.com\/app\/uploads\/2025\/12\/SE_28_10.png-768x576.webp 768w, https:\/\/www.cravanparis.com\/app\/uploads\/2025\/12\/SE_28_10.png.webp 1400w\" sizes=\"auto, (max-width: 1024px) 100vw, 1024px\" \/><\/figure>\n\n\n\n<p>Special Editions est une s\u00e9rie d\u2019\u00e9v\u00e9nements consacr\u00e9e aux objets et aux livres. A la crois\u00e9e du design et de l\u2019\u00e9dition, Special Editions interroge le statut des \u0153uvres et des objets qui occupent une place particuli\u00e8re dans la vie des cr\u00e9atives et cr\u00e9atifs, cr\u00e9atrices et cr\u00e9ateurs, autrices et auteurs.<br><br>Y a-t-il une histoire derri\u00e8re l\u2019objet ? Quel est le r\u00e9cit personnel, l\u2019\u00e9motion, le sentiment derri\u00e8re les mots, les lignes, les formes ? Que dit le livre de son auteur ? Que dit l\u2019objet de la personne qui l\u2019a cr\u00e9\u00e9 ? Et que disent, en retour, le cr\u00e9ateur de son objet et l\u2019auteur de son livre ? Que disent-ils encore de celles ou ceux qui les collectionnent, les appr\u00e9cient ? Pour le savoir, Luca Marchetti propose \u00e0 travers Special Editions une s\u00e9rie de rencontres pour celles et ceux qui aiment le temps lent et les correspondances intimes. L\u2019objet y est au service du sens dans une conversation d\u2019un autre genre, \u00e0 la fois \u00e9vasion, exp\u00e9rience, divertissement et communion.<\/p>\n","protected":false},"excerpt":{"rendered":"<p>Pour cette nouvelle rencontre Special Editions, Luca Marchetti re\u00e7oit Vanessa Clairet Stern et Rapha\u00eblle Pinoncely, deux figures-cl\u00e9s de l\u2019\u00e9cosyst\u00e8me n\u00e9 autour de la galerie Perrotin. La premi\u00e8re, apr\u00e8s un parcours entre art contemporain et luxe, pilote aujourd\u2019hui la communication et le d\u00e9veloppement de Perrotin \u00e0 l\u2019\u00e9chelle mondiale. La seconde dirige Perrotin \u00c9ditions depuis plus de [&hellip;]<\/p>\n","protected":false},"author":1,"featured_media":546,"template":"","events_cravan_cat":[14],"class_list":["post-544","events_cravan","type-events_cravan","status-publish","has-post-thumbnail","hentry","events_cravan_cat-melange-des-genres"],"acf":[],"yoast_head":"<!-- This site is optimized with the Yoast SEO plugin v27.3 - https:\/\/yoast.com\/product\/yoast-seo-wordpress\/ -->\n<title>Special Editions par Luca Marchetti - Vanessa Clairet Stern et Rapha\u00eblle Pinonc\u00e9ly - CRAVAN - Cocktail Bar - Paris 6<\/title>\n<meta name=\"robots\" content=\"index, follow, max-snippet:-1, max-image-preview:large, max-video-preview:-1\" \/>\n<link rel=\"canonical\" href=\"https:\/\/www.cravanparis.com\/fr\/evenement\/special-editions-par-luca-marchetti-vanessa-clairet-stern-et-raphaelle-pinoncely\/\" \/>\n<meta property=\"og:locale\" content=\"fr_FR\" \/>\n<meta property=\"og:type\" content=\"article\" \/>\n<meta property=\"og:title\" content=\"Special Editions par Luca Marchetti - Vanessa Clairet Stern et Rapha\u00eblle Pinonc\u00e9ly - CRAVAN - Cocktail Bar - Paris 6\" \/>\n<meta property=\"og:description\" content=\"Pour cette nouvelle rencontre Special Editions, Luca Marchetti re\u00e7oit Vanessa Clairet Stern et Rapha\u00eblle Pinoncely, deux figures-cl\u00e9s de l\u2019\u00e9cosyst\u00e8me n\u00e9 autour de la galerie Perrotin. La premi\u00e8re, apr\u00e8s un parcours entre art contemporain et luxe, pilote aujourd\u2019hui la communication et le d\u00e9veloppement de Perrotin \u00e0 l\u2019\u00e9chelle mondiale. La seconde dirige Perrotin \u00c9ditions depuis plus de [&hellip;]\" \/>\n<meta property=\"og:url\" content=\"https:\/\/www.cravanparis.com\/fr\/evenement\/special-editions-par-luca-marchetti-vanessa-clairet-stern-et-raphaelle-pinoncely\/\" \/>\n<meta property=\"og:site_name\" content=\"CRAVAN - Cocktail Bar - Paris 6\" \/>\n<meta property=\"article:modified_time\" content=\"2025-12-24T09:38:29+00:00\" \/>\n<meta property=\"og:image\" content=\"https:\/\/www.cravanparis.com\/app\/uploads\/2025\/12\/SE_28_10.png.webp\" \/>\n\t<meta property=\"og:image:width\" content=\"1400\" \/>\n\t<meta property=\"og:image:height\" content=\"1050\" \/>\n\t<meta property=\"og:image:type\" content=\"image\/webp\" \/>\n<meta name=\"twitter:card\" content=\"summary_large_image\" \/>\n<meta name=\"twitter:label1\" content=\"Dur\u00e9e de lecture estim\u00e9e\" \/>\n\t<meta name=\"twitter:data1\" content=\"2 minutes\" \/>\n<script type=\"application\/ld+json\" class=\"yoast-schema-graph\">{\"@context\":\"https:\\\/\\\/schema.org\",\"@graph\":[{\"@type\":\"WebPage\",\"@id\":\"https:\\\/\\\/www.cravanparis.com\\\/fr\\\/evenement\\\/special-editions-par-luca-marchetti-vanessa-clairet-stern-et-raphaelle-pinoncely\\\/\",\"url\":\"https:\\\/\\\/www.cravanparis.com\\\/fr\\\/evenement\\\/special-editions-par-luca-marchetti-vanessa-clairet-stern-et-raphaelle-pinoncely\\\/\",\"name\":\"Special Editions par Luca Marchetti - Vanessa Clairet Stern et Rapha\u00eblle Pinonc\u00e9ly - CRAVAN - Cocktail Bar - Paris 6\",\"isPartOf\":{\"@id\":\"https:\\\/\\\/www.cravanparis.com\\\/fr\\\/#website\"},\"primaryImageOfPage\":{\"@id\":\"https:\\\/\\\/www.cravanparis.com\\\/fr\\\/evenement\\\/special-editions-par-luca-marchetti-vanessa-clairet-stern-et-raphaelle-pinoncely\\\/#primaryimage\"},\"image\":{\"@id\":\"https:\\\/\\\/www.cravanparis.com\\\/fr\\\/evenement\\\/special-editions-par-luca-marchetti-vanessa-clairet-stern-et-raphaelle-pinoncely\\\/#primaryimage\"},\"thumbnailUrl\":\"https:\\\/\\\/www.cravanparis.com\\\/app\\\/uploads\\\/2025\\\/12\\\/SE_28_10.png.webp\",\"datePublished\":\"2025-12-24T09:37:52+00:00\",\"dateModified\":\"2025-12-24T09:38:29+00:00\",\"breadcrumb\":{\"@id\":\"https:\\\/\\\/www.cravanparis.com\\\/fr\\\/evenement\\\/special-editions-par-luca-marchetti-vanessa-clairet-stern-et-raphaelle-pinoncely\\\/#breadcrumb\"},\"inLanguage\":\"fr-FR\",\"potentialAction\":[{\"@type\":\"ReadAction\",\"target\":[\"https:\\\/\\\/www.cravanparis.com\\\/fr\\\/evenement\\\/special-editions-par-luca-marchetti-vanessa-clairet-stern-et-raphaelle-pinoncely\\\/\"]}]},{\"@type\":\"ImageObject\",\"inLanguage\":\"fr-FR\",\"@id\":\"https:\\\/\\\/www.cravanparis.com\\\/fr\\\/evenement\\\/special-editions-par-luca-marchetti-vanessa-clairet-stern-et-raphaelle-pinoncely\\\/#primaryimage\",\"url\":\"https:\\\/\\\/www.cravanparis.com\\\/app\\\/uploads\\\/2025\\\/12\\\/SE_28_10.png.webp\",\"contentUrl\":\"https:\\\/\\\/www.cravanparis.com\\\/app\\\/uploads\\\/2025\\\/12\\\/SE_28_10.png.webp\",\"width\":1400,\"height\":1050},{\"@type\":\"BreadcrumbList\",\"@id\":\"https:\\\/\\\/www.cravanparis.com\\\/fr\\\/evenement\\\/special-editions-par-luca-marchetti-vanessa-clairet-stern-et-raphaelle-pinoncely\\\/#breadcrumb\",\"itemListElement\":[{\"@type\":\"ListItem\",\"position\":1,\"name\":\"Home\",\"item\":\"https:\\\/\\\/www.cravanparis.com\\\/fr\\\/\"},{\"@type\":\"ListItem\",\"position\":2,\"name\":\"\u00c9v\u00e8nements Cravan\",\"item\":\"https:\\\/\\\/www.cravanparis.com\\\/fr\\\/evenement\\\/\"},{\"@type\":\"ListItem\",\"position\":3,\"name\":\"Special Editions par Luca Marchetti &#8211; Vanessa Clairet Stern et Rapha\u00eblle Pinonc\u00e9ly\"}]},{\"@type\":\"WebSite\",\"@id\":\"https:\\\/\\\/www.cravanparis.com\\\/fr\\\/#website\",\"url\":\"https:\\\/\\\/www.cravanparis.com\\\/fr\\\/\",\"name\":\"CRAVAN - Cocktail Bar - Paris 6\",\"description\":\"CRAVAN, bar \u00e0 cocktails dans le 6\u00e8 arrondissement de Paris, au c\u0153ur du quartier litt\u00e9raire de Saint-Germain-des-Pr\u00e9s. Suivez-nous sur @cravanparis.\",\"publisher\":{\"@id\":\"https:\\\/\\\/www.cravanparis.com\\\/fr\\\/#organization\"},\"potentialAction\":[{\"@type\":\"SearchAction\",\"target\":{\"@type\":\"EntryPoint\",\"urlTemplate\":\"https:\\\/\\\/www.cravanparis.com\\\/fr\\\/?s={search_term_string}\"},\"query-input\":{\"@type\":\"PropertyValueSpecification\",\"valueRequired\":true,\"valueName\":\"search_term_string\"}}],\"inLanguage\":\"fr-FR\"},{\"@type\":\"Organization\",\"@id\":\"https:\\\/\\\/www.cravanparis.com\\\/fr\\\/#organization\",\"name\":\"CRAVAN - Cocktail Bar - Paris 6\",\"url\":\"https:\\\/\\\/www.cravanparis.com\\\/fr\\\/\",\"logo\":{\"@type\":\"ImageObject\",\"inLanguage\":\"fr-FR\",\"@id\":\"https:\\\/\\\/www.cravanparis.com\\\/fr\\\/#\\\/schema\\\/logo\\\/image\\\/\",\"url\":\"https:\\\/\\\/www.cravanparis.com\\\/app\\\/uploads\\\/2026\\\/03\\\/cravan.svg\",\"contentUrl\":\"https:\\\/\\\/www.cravanparis.com\\\/app\\\/uploads\\\/2026\\\/03\\\/cravan.svg\",\"width\":1296,\"height\":357,\"caption\":\"CRAVAN - Cocktail Bar - Paris 6\"},\"image\":{\"@id\":\"https:\\\/\\\/www.cravanparis.com\\\/fr\\\/#\\\/schema\\\/logo\\\/image\\\/\"},\"sameAs\":[\"https:\\\/\\\/www.instagram.com\\\/cravanparis\\\/\"]}]}<\/script>\n<!-- \/ Yoast SEO plugin. -->","yoast_head_json":{"title":"Special Editions par Luca Marchetti - Vanessa Clairet Stern et Rapha\u00eblle Pinonc\u00e9ly - CRAVAN - Cocktail Bar - Paris 6","robots":{"index":"index","follow":"follow","max-snippet":"max-snippet:-1","max-image-preview":"max-image-preview:large","max-video-preview":"max-video-preview:-1"},"canonical":"https:\/\/www.cravanparis.com\/fr\/evenement\/special-editions-par-luca-marchetti-vanessa-clairet-stern-et-raphaelle-pinoncely\/","og_locale":"fr_FR","og_type":"article","og_title":"Special Editions par Luca Marchetti - Vanessa Clairet Stern et Rapha\u00eblle Pinonc\u00e9ly - CRAVAN - Cocktail Bar - Paris 6","og_description":"Pour cette nouvelle rencontre Special Editions, Luca Marchetti re\u00e7oit Vanessa Clairet Stern et Rapha\u00eblle Pinoncely, deux figures-cl\u00e9s de l\u2019\u00e9cosyst\u00e8me n\u00e9 autour de la galerie Perrotin. La premi\u00e8re, apr\u00e8s un parcours entre art contemporain et luxe, pilote aujourd\u2019hui la communication et le d\u00e9veloppement de Perrotin \u00e0 l\u2019\u00e9chelle mondiale. La seconde dirige Perrotin \u00c9ditions depuis plus de [&hellip;]","og_url":"https:\/\/www.cravanparis.com\/fr\/evenement\/special-editions-par-luca-marchetti-vanessa-clairet-stern-et-raphaelle-pinoncely\/","og_site_name":"CRAVAN - Cocktail Bar - Paris 6","article_modified_time":"2025-12-24T09:38:29+00:00","og_image":[{"width":1400,"height":1050,"url":"https:\/\/www.cravanparis.com\/app\/uploads\/2025\/12\/SE_28_10.png.webp","type":"image\/webp"}],"twitter_card":"summary_large_image","twitter_misc":{"Dur\u00e9e de lecture estim\u00e9e":"2 minutes"},"schema":{"@context":"https:\/\/schema.org","@graph":[{"@type":"WebPage","@id":"https:\/\/www.cravanparis.com\/fr\/evenement\/special-editions-par-luca-marchetti-vanessa-clairet-stern-et-raphaelle-pinoncely\/","url":"https:\/\/www.cravanparis.com\/fr\/evenement\/special-editions-par-luca-marchetti-vanessa-clairet-stern-et-raphaelle-pinoncely\/","name":"Special Editions par Luca Marchetti - Vanessa Clairet Stern et Rapha\u00eblle Pinonc\u00e9ly - CRAVAN - Cocktail Bar - Paris 6","isPartOf":{"@id":"https:\/\/www.cravanparis.com\/fr\/#website"},"primaryImageOfPage":{"@id":"https:\/\/www.cravanparis.com\/fr\/evenement\/special-editions-par-luca-marchetti-vanessa-clairet-stern-et-raphaelle-pinoncely\/#primaryimage"},"image":{"@id":"https:\/\/www.cravanparis.com\/fr\/evenement\/special-editions-par-luca-marchetti-vanessa-clairet-stern-et-raphaelle-pinoncely\/#primaryimage"},"thumbnailUrl":"https:\/\/www.cravanparis.com\/app\/uploads\/2025\/12\/SE_28_10.png.webp","datePublished":"2025-12-24T09:37:52+00:00","dateModified":"2025-12-24T09:38:29+00:00","breadcrumb":{"@id":"https:\/\/www.cravanparis.com\/fr\/evenement\/special-editions-par-luca-marchetti-vanessa-clairet-stern-et-raphaelle-pinoncely\/#breadcrumb"},"inLanguage":"fr-FR","potentialAction":[{"@type":"ReadAction","target":["https:\/\/www.cravanparis.com\/fr\/evenement\/special-editions-par-luca-marchetti-vanessa-clairet-stern-et-raphaelle-pinoncely\/"]}]},{"@type":"ImageObject","inLanguage":"fr-FR","@id":"https:\/\/www.cravanparis.com\/fr\/evenement\/special-editions-par-luca-marchetti-vanessa-clairet-stern-et-raphaelle-pinoncely\/#primaryimage","url":"https:\/\/www.cravanparis.com\/app\/uploads\/2025\/12\/SE_28_10.png.webp","contentUrl":"https:\/\/www.cravanparis.com\/app\/uploads\/2025\/12\/SE_28_10.png.webp","width":1400,"height":1050},{"@type":"BreadcrumbList","@id":"https:\/\/www.cravanparis.com\/fr\/evenement\/special-editions-par-luca-marchetti-vanessa-clairet-stern-et-raphaelle-pinoncely\/#breadcrumb","itemListElement":[{"@type":"ListItem","position":1,"name":"Home","item":"https:\/\/www.cravanparis.com\/fr\/"},{"@type":"ListItem","position":2,"name":"\u00c9v\u00e8nements Cravan","item":"https:\/\/www.cravanparis.com\/fr\/evenement\/"},{"@type":"ListItem","position":3,"name":"Special Editions par Luca Marchetti &#8211; Vanessa Clairet Stern et Rapha\u00eblle Pinonc\u00e9ly"}]},{"@type":"WebSite","@id":"https:\/\/www.cravanparis.com\/fr\/#website","url":"https:\/\/www.cravanparis.com\/fr\/","name":"CRAVAN - Cocktail Bar - Paris 6","description":"CRAVAN, bar \u00e0 cocktails dans le 6\u00e8 arrondissement de Paris, au c\u0153ur du quartier litt\u00e9raire de Saint-Germain-des-Pr\u00e9s. Suivez-nous sur @cravanparis.","publisher":{"@id":"https:\/\/www.cravanparis.com\/fr\/#organization"},"potentialAction":[{"@type":"SearchAction","target":{"@type":"EntryPoint","urlTemplate":"https:\/\/www.cravanparis.com\/fr\/?s={search_term_string}"},"query-input":{"@type":"PropertyValueSpecification","valueRequired":true,"valueName":"search_term_string"}}],"inLanguage":"fr-FR"},{"@type":"Organization","@id":"https:\/\/www.cravanparis.com\/fr\/#organization","name":"CRAVAN - Cocktail Bar - Paris 6","url":"https:\/\/www.cravanparis.com\/fr\/","logo":{"@type":"ImageObject","inLanguage":"fr-FR","@id":"https:\/\/www.cravanparis.com\/fr\/#\/schema\/logo\/image\/","url":"https:\/\/www.cravanparis.com\/app\/uploads\/2026\/03\/cravan.svg","contentUrl":"https:\/\/www.cravanparis.com\/app\/uploads\/2026\/03\/cravan.svg","width":1296,"height":357,"caption":"CRAVAN - Cocktail Bar - Paris 6"},"image":{"@id":"https:\/\/www.cravanparis.com\/fr\/#\/schema\/logo\/image\/"},"sameAs":["https:\/\/www.instagram.com\/cravanparis\/"]}]}},"_links":{"self":[{"href":"https:\/\/www.cravanparis.com\/fr\/wp-json\/wp\/v2\/events_cravan\/544","targetHints":{"allow":["GET"]}}],"collection":[{"href":"https:\/\/www.cravanparis.com\/fr\/wp-json\/wp\/v2\/events_cravan"}],"about":[{"href":"https:\/\/www.cravanparis.com\/fr\/wp-json\/wp\/v2\/types\/events_cravan"}],"author":[{"embeddable":true,"href":"https:\/\/www.cravanparis.com\/fr\/wp-json\/wp\/v2\/users\/1"}],"version-history":[{"count":2,"href":"https:\/\/www.cravanparis.com\/fr\/wp-json\/wp\/v2\/events_cravan\/544\/revisions"}],"predecessor-version":[{"id":547,"href":"https:\/\/www.cravanparis.com\/fr\/wp-json\/wp\/v2\/events_cravan\/544\/revisions\/547"}],"wp:featuredmedia":[{"embeddable":true,"href":"https:\/\/www.cravanparis.com\/fr\/wp-json\/wp\/v2\/media\/546"}],"wp:attachment":[{"href":"https:\/\/www.cravanparis.com\/fr\/wp-json\/wp\/v2\/media?parent=544"}],"wp:term":[{"taxonomy":"events_cravan_cat","embeddable":true,"href":"https:\/\/www.cravanparis.com\/fr\/wp-json\/wp\/v2\/events_cravan_cat?post=544"}],"curies":[{"name":"wp","href":"https:\/\/api.w.org\/{rel}","templated":true}]}}