{"id":563,"date":"2025-12-24T10:49:56","date_gmt":"2025-12-24T09:49:56","guid":{"rendered":"https:\/\/www.cravanparis.com\/?post_type=events_cravan&#038;p=563"},"modified":"2025-12-24T10:49:56","modified_gmt":"2025-12-24T09:49:56","slug":"special-editions-par-luca-marchetti-sarah-andelman","status":"publish","type":"events_cravan","link":"https:\/\/www.cravanparis.com\/fr\/evenement\/special-editions-par-luca-marchetti-sarah-andelman\/","title":{"rendered":"Special Editions par Luca Marchetti &#8211; Sarah Andelman"},"content":{"rendered":"\n<p>Pour le premier Special Editions de la saison, Luca Marchetti accueille Sarah Andelman, figure majeure de la sc\u00e8ne pop-culturelle parisienne et internationale. Bien connue pour avoir fond\u00e9, avec sa m\u00e8re, le l\u00e9gendaire concept-store Colette \u00e0 Paris, elle y a invent\u00e9 une mani\u00e8re in\u00e9dite de vivre la mode, le design, l\u2019art et la musique.&nbsp;<\/p>\n\n\n\n<p>Apr\u00e8s avoir pass\u00e9 vingt ans \u00e0 la t\u00eate de ce lieu total, o\u00f9 les disciplines s\u2019entrecroisaient et o\u00f9 l\u2019avant-garde se donnait rendez-vous, Sarah Andelman a poursuivi ses explorations avec Just an Idea, agence de conseil cr\u00e9atif et maison d\u2019\u00e9dition ind\u00e9pendante. Le projet s\u2019articule autour d\u2019une collection de livres en s\u00e9ries limit\u00e9es, con\u00e7us avec le graphiste et directeur artistique Yorgo Tloupas.<\/p>\n\n\n\n<p>Imprim\u00e9s en France et tir\u00e9s \u00e0 400 exemplaires, ces volumes mettent en lumi\u00e8re un cr\u00e9ateur, un univers, un regard singulier sur le monde, composant une constellation de talents tels que Sho Shibuya, Nicole McLaughlin, Douglas Coupland ou Sean Wotherspoon. Dans un paysage satur\u00e9 d\u2019\u00e9crans, ces objets \u00e9ditoriaux r\u00e9affirment la force du papier comme support de collection, de transmission et de d\u00e9sir, et tracent une ligne aussi exigeante que joyeuse entre commerce, culture et imagination.<\/p>\n\n\n\n<figure class=\"wp-block-image size-large\"><img loading=\"lazy\" decoding=\"async\" width=\"1024\" height=\"768\" src=\"https:\/\/www.cravanparis.com\/app\/uploads\/2025\/12\/SE-final-.png-1024x768.avif\" alt=\"\" class=\"wp-image-564\" srcset=\"https:\/\/www.cravanparis.com\/app\/uploads\/2025\/12\/SE-final-.png-1024x768.avif 1024w, https:\/\/www.cravanparis.com\/app\/uploads\/2025\/12\/SE-final-.png-300x225.avif 300w, https:\/\/www.cravanparis.com\/app\/uploads\/2025\/12\/SE-final-.png-768x576.avif 768w, https:\/\/www.cravanparis.com\/app\/uploads\/2025\/12\/SE-final-.png.avif 1400w\" sizes=\"auto, (max-width: 1024px) 100vw, 1024px\" \/><\/figure>\n\n\n\n<p>Special Editions est une s\u00e9rie d\u2019\u00e9v\u00e9nements consacr\u00e9e aux objets et aux livres. A la crois\u00e9e du design et de l\u2019\u00e9dition, Special Editions interroge le statut des \u0153uvres et des objets qui occupent une place particuli\u00e8re dans la vie des cr\u00e9atives et cr\u00e9atifs, cr\u00e9atrices et cr\u00e9ateurs, autrices et auteurs.<\/p>\n\n\n\n<p><br>Y a-t-il une histoire derri\u00e8re l\u2019objet ? Quel est le r\u00e9cit personnel, l\u2019\u00e9motion, le sentiment derri\u00e8re les mots, les lignes, les formes ? Que dit le livre de son auteur ? Que dit l\u2019objet de la personne qui l\u2019a cr\u00e9\u00e9 ? Et que disent, en retour, le cr\u00e9ateur de son objet et l\u2019auteur de son livre ? Que disent-ils encore de celles ou ceux qui les collectionnent, les appr\u00e9cient ? Pour le savoir, Luca Marchetti propose \u00e0 travers Special Editions une s\u00e9rie de rencontres pour celles et ceux qui aiment le temps lent et les correspondances intimes. L\u2019objet y est au service du sens dans une conversation d\u2019un autre genre, \u00e0 la fois \u00e9vasion, exp\u00e9rience, divertissement et communion.<\/p>\n","protected":false},"excerpt":{"rendered":"<p>Pour le premier Special Editions de la saison, Luca Marchetti accueille Sarah Andelman, figure majeure de la sc\u00e8ne pop-culturelle parisienne et internationale. Bien connue pour avoir fond\u00e9, avec sa m\u00e8re, le l\u00e9gendaire concept-store Colette \u00e0 Paris, elle y a invent\u00e9 une mani\u00e8re in\u00e9dite de vivre la mode, le design, l\u2019art et la musique.&nbsp; Apr\u00e8s avoir [&hellip;]<\/p>\n","protected":false},"author":1,"featured_media":564,"template":"","events_cravan_cat":[14],"class_list":["post-563","events_cravan","type-events_cravan","status-publish","has-post-thumbnail","hentry","events_cravan_cat-melange-des-genres"],"acf":[],"yoast_head":"<!-- This site is optimized with the Yoast SEO plugin v27.3 - https:\/\/yoast.com\/product\/yoast-seo-wordpress\/ -->\n<title>Special Editions par Luca Marchetti - Sarah Andelman - CRAVAN - Cocktail Bar - Paris 6<\/title>\n<meta name=\"robots\" content=\"index, follow, max-snippet:-1, max-image-preview:large, max-video-preview:-1\" \/>\n<link rel=\"canonical\" href=\"https:\/\/www.cravanparis.com\/fr\/evenement\/special-editions-par-luca-marchetti-sarah-andelman\/\" \/>\n<meta property=\"og:locale\" content=\"fr_FR\" \/>\n<meta property=\"og:type\" content=\"article\" \/>\n<meta property=\"og:title\" content=\"Special Editions par Luca Marchetti - Sarah Andelman - CRAVAN - Cocktail Bar - Paris 6\" \/>\n<meta property=\"og:description\" content=\"Pour le premier Special Editions de la saison, Luca Marchetti accueille Sarah Andelman, figure majeure de la sc\u00e8ne pop-culturelle parisienne et internationale. Bien connue pour avoir fond\u00e9, avec sa m\u00e8re, le l\u00e9gendaire concept-store Colette \u00e0 Paris, elle y a invent\u00e9 une mani\u00e8re in\u00e9dite de vivre la mode, le design, l\u2019art et la musique.&nbsp; Apr\u00e8s avoir [&hellip;]\" \/>\n<meta property=\"og:url\" content=\"https:\/\/www.cravanparis.com\/fr\/evenement\/special-editions-par-luca-marchetti-sarah-andelman\/\" \/>\n<meta property=\"og:site_name\" content=\"CRAVAN - Cocktail Bar - Paris 6\" \/>\n<meta name=\"twitter:card\" content=\"summary_large_image\" \/>\n<meta name=\"twitter:label1\" content=\"Dur\u00e9e de lecture estim\u00e9e\" \/>\n\t<meta name=\"twitter:data1\" content=\"2 minutes\" \/>\n<script type=\"application\/ld+json\" class=\"yoast-schema-graph\">{\"@context\":\"https:\\\/\\\/schema.org\",\"@graph\":[{\"@type\":\"WebPage\",\"@id\":\"https:\\\/\\\/www.cravanparis.com\\\/fr\\\/evenement\\\/special-editions-par-luca-marchetti-sarah-andelman\\\/\",\"url\":\"https:\\\/\\\/www.cravanparis.com\\\/fr\\\/evenement\\\/special-editions-par-luca-marchetti-sarah-andelman\\\/\",\"name\":\"Special Editions par Luca Marchetti - Sarah Andelman - CRAVAN - Cocktail Bar - Paris 6\",\"isPartOf\":{\"@id\":\"https:\\\/\\\/www.cravanparis.com\\\/fr\\\/#website\"},\"primaryImageOfPage\":{\"@id\":\"https:\\\/\\\/www.cravanparis.com\\\/fr\\\/evenement\\\/special-editions-par-luca-marchetti-sarah-andelman\\\/#primaryimage\"},\"image\":{\"@id\":\"https:\\\/\\\/www.cravanparis.com\\\/fr\\\/evenement\\\/special-editions-par-luca-marchetti-sarah-andelman\\\/#primaryimage\"},\"thumbnailUrl\":\"https:\\\/\\\/www.cravanparis.com\\\/app\\\/uploads\\\/2025\\\/12\\\/SE-final-.png.avif\",\"datePublished\":\"2025-12-24T09:49:56+00:00\",\"breadcrumb\":{\"@id\":\"https:\\\/\\\/www.cravanparis.com\\\/fr\\\/evenement\\\/special-editions-par-luca-marchetti-sarah-andelman\\\/#breadcrumb\"},\"inLanguage\":\"fr-FR\",\"potentialAction\":[{\"@type\":\"ReadAction\",\"target\":[\"https:\\\/\\\/www.cravanparis.com\\\/fr\\\/evenement\\\/special-editions-par-luca-marchetti-sarah-andelman\\\/\"]}]},{\"@type\":\"ImageObject\",\"inLanguage\":\"fr-FR\",\"@id\":\"https:\\\/\\\/www.cravanparis.com\\\/fr\\\/evenement\\\/special-editions-par-luca-marchetti-sarah-andelman\\\/#primaryimage\",\"url\":\"https:\\\/\\\/www.cravanparis.com\\\/app\\\/uploads\\\/2025\\\/12\\\/SE-final-.png.avif\",\"contentUrl\":\"https:\\\/\\\/www.cravanparis.com\\\/app\\\/uploads\\\/2025\\\/12\\\/SE-final-.png.avif\",\"width\":1400,\"height\":1050},{\"@type\":\"BreadcrumbList\",\"@id\":\"https:\\\/\\\/www.cravanparis.com\\\/fr\\\/evenement\\\/special-editions-par-luca-marchetti-sarah-andelman\\\/#breadcrumb\",\"itemListElement\":[{\"@type\":\"ListItem\",\"position\":1,\"name\":\"Home\",\"item\":\"https:\\\/\\\/www.cravanparis.com\\\/fr\\\/\"},{\"@type\":\"ListItem\",\"position\":2,\"name\":\"\u00c9v\u00e8nements Cravan\",\"item\":\"https:\\\/\\\/www.cravanparis.com\\\/fr\\\/evenement\\\/\"},{\"@type\":\"ListItem\",\"position\":3,\"name\":\"Special Editions par Luca Marchetti &#8211; Sarah Andelman\"}]},{\"@type\":\"WebSite\",\"@id\":\"https:\\\/\\\/www.cravanparis.com\\\/fr\\\/#website\",\"url\":\"https:\\\/\\\/www.cravanparis.com\\\/fr\\\/\",\"name\":\"CRAVAN - Cocktail Bar - Paris 6\",\"description\":\"CRAVAN, bar \u00e0 cocktails dans le 6\u00e8 arrondissement de Paris, au c\u0153ur du quartier litt\u00e9raire de Saint-Germain-des-Pr\u00e9s. Suivez-nous sur @cravanparis.\",\"publisher\":{\"@id\":\"https:\\\/\\\/www.cravanparis.com\\\/fr\\\/#organization\"},\"potentialAction\":[{\"@type\":\"SearchAction\",\"target\":{\"@type\":\"EntryPoint\",\"urlTemplate\":\"https:\\\/\\\/www.cravanparis.com\\\/fr\\\/?s={search_term_string}\"},\"query-input\":{\"@type\":\"PropertyValueSpecification\",\"valueRequired\":true,\"valueName\":\"search_term_string\"}}],\"inLanguage\":\"fr-FR\"},{\"@type\":\"Organization\",\"@id\":\"https:\\\/\\\/www.cravanparis.com\\\/fr\\\/#organization\",\"name\":\"CRAVAN - Cocktail Bar - Paris 6\",\"url\":\"https:\\\/\\\/www.cravanparis.com\\\/fr\\\/\",\"logo\":{\"@type\":\"ImageObject\",\"inLanguage\":\"fr-FR\",\"@id\":\"https:\\\/\\\/www.cravanparis.com\\\/fr\\\/#\\\/schema\\\/logo\\\/image\\\/\",\"url\":\"https:\\\/\\\/www.cravanparis.com\\\/app\\\/uploads\\\/2026\\\/03\\\/cravan.svg\",\"contentUrl\":\"https:\\\/\\\/www.cravanparis.com\\\/app\\\/uploads\\\/2026\\\/03\\\/cravan.svg\",\"width\":1296,\"height\":357,\"caption\":\"CRAVAN - Cocktail Bar - Paris 6\"},\"image\":{\"@id\":\"https:\\\/\\\/www.cravanparis.com\\\/fr\\\/#\\\/schema\\\/logo\\\/image\\\/\"},\"sameAs\":[\"https:\\\/\\\/www.instagram.com\\\/cravanparis\\\/\"]}]}<\/script>\n<!-- \/ Yoast SEO plugin. -->","yoast_head_json":{"title":"Special Editions par Luca Marchetti - Sarah Andelman - CRAVAN - Cocktail Bar - Paris 6","robots":{"index":"index","follow":"follow","max-snippet":"max-snippet:-1","max-image-preview":"max-image-preview:large","max-video-preview":"max-video-preview:-1"},"canonical":"https:\/\/www.cravanparis.com\/fr\/evenement\/special-editions-par-luca-marchetti-sarah-andelman\/","og_locale":"fr_FR","og_type":"article","og_title":"Special Editions par Luca Marchetti - Sarah Andelman - CRAVAN - Cocktail Bar - Paris 6","og_description":"Pour le premier Special Editions de la saison, Luca Marchetti accueille Sarah Andelman, figure majeure de la sc\u00e8ne pop-culturelle parisienne et internationale. Bien connue pour avoir fond\u00e9, avec sa m\u00e8re, le l\u00e9gendaire concept-store Colette \u00e0 Paris, elle y a invent\u00e9 une mani\u00e8re in\u00e9dite de vivre la mode, le design, l\u2019art et la musique.&nbsp; Apr\u00e8s avoir [&hellip;]","og_url":"https:\/\/www.cravanparis.com\/fr\/evenement\/special-editions-par-luca-marchetti-sarah-andelman\/","og_site_name":"CRAVAN - Cocktail Bar - Paris 6","twitter_card":"summary_large_image","twitter_misc":{"Dur\u00e9e de lecture estim\u00e9e":"2 minutes"},"schema":{"@context":"https:\/\/schema.org","@graph":[{"@type":"WebPage","@id":"https:\/\/www.cravanparis.com\/fr\/evenement\/special-editions-par-luca-marchetti-sarah-andelman\/","url":"https:\/\/www.cravanparis.com\/fr\/evenement\/special-editions-par-luca-marchetti-sarah-andelman\/","name":"Special Editions par Luca Marchetti - Sarah Andelman - CRAVAN - Cocktail Bar - Paris 6","isPartOf":{"@id":"https:\/\/www.cravanparis.com\/fr\/#website"},"primaryImageOfPage":{"@id":"https:\/\/www.cravanparis.com\/fr\/evenement\/special-editions-par-luca-marchetti-sarah-andelman\/#primaryimage"},"image":{"@id":"https:\/\/www.cravanparis.com\/fr\/evenement\/special-editions-par-luca-marchetti-sarah-andelman\/#primaryimage"},"thumbnailUrl":"https:\/\/www.cravanparis.com\/app\/uploads\/2025\/12\/SE-final-.png.avif","datePublished":"2025-12-24T09:49:56+00:00","breadcrumb":{"@id":"https:\/\/www.cravanparis.com\/fr\/evenement\/special-editions-par-luca-marchetti-sarah-andelman\/#breadcrumb"},"inLanguage":"fr-FR","potentialAction":[{"@type":"ReadAction","target":["https:\/\/www.cravanparis.com\/fr\/evenement\/special-editions-par-luca-marchetti-sarah-andelman\/"]}]},{"@type":"ImageObject","inLanguage":"fr-FR","@id":"https:\/\/www.cravanparis.com\/fr\/evenement\/special-editions-par-luca-marchetti-sarah-andelman\/#primaryimage","url":"https:\/\/www.cravanparis.com\/app\/uploads\/2025\/12\/SE-final-.png.avif","contentUrl":"https:\/\/www.cravanparis.com\/app\/uploads\/2025\/12\/SE-final-.png.avif","width":1400,"height":1050},{"@type":"BreadcrumbList","@id":"https:\/\/www.cravanparis.com\/fr\/evenement\/special-editions-par-luca-marchetti-sarah-andelman\/#breadcrumb","itemListElement":[{"@type":"ListItem","position":1,"name":"Home","item":"https:\/\/www.cravanparis.com\/fr\/"},{"@type":"ListItem","position":2,"name":"\u00c9v\u00e8nements Cravan","item":"https:\/\/www.cravanparis.com\/fr\/evenement\/"},{"@type":"ListItem","position":3,"name":"Special Editions par Luca Marchetti &#8211; Sarah Andelman"}]},{"@type":"WebSite","@id":"https:\/\/www.cravanparis.com\/fr\/#website","url":"https:\/\/www.cravanparis.com\/fr\/","name":"CRAVAN - Cocktail Bar - Paris 6","description":"CRAVAN, bar \u00e0 cocktails dans le 6\u00e8 arrondissement de Paris, au c\u0153ur du quartier litt\u00e9raire de Saint-Germain-des-Pr\u00e9s. Suivez-nous sur @cravanparis.","publisher":{"@id":"https:\/\/www.cravanparis.com\/fr\/#organization"},"potentialAction":[{"@type":"SearchAction","target":{"@type":"EntryPoint","urlTemplate":"https:\/\/www.cravanparis.com\/fr\/?s={search_term_string}"},"query-input":{"@type":"PropertyValueSpecification","valueRequired":true,"valueName":"search_term_string"}}],"inLanguage":"fr-FR"},{"@type":"Organization","@id":"https:\/\/www.cravanparis.com\/fr\/#organization","name":"CRAVAN - Cocktail Bar - Paris 6","url":"https:\/\/www.cravanparis.com\/fr\/","logo":{"@type":"ImageObject","inLanguage":"fr-FR","@id":"https:\/\/www.cravanparis.com\/fr\/#\/schema\/logo\/image\/","url":"https:\/\/www.cravanparis.com\/app\/uploads\/2026\/03\/cravan.svg","contentUrl":"https:\/\/www.cravanparis.com\/app\/uploads\/2026\/03\/cravan.svg","width":1296,"height":357,"caption":"CRAVAN - Cocktail Bar - Paris 6"},"image":{"@id":"https:\/\/www.cravanparis.com\/fr\/#\/schema\/logo\/image\/"},"sameAs":["https:\/\/www.instagram.com\/cravanparis\/"]}]}},"_links":{"self":[{"href":"https:\/\/www.cravanparis.com\/fr\/wp-json\/wp\/v2\/events_cravan\/563","targetHints":{"allow":["GET"]}}],"collection":[{"href":"https:\/\/www.cravanparis.com\/fr\/wp-json\/wp\/v2\/events_cravan"}],"about":[{"href":"https:\/\/www.cravanparis.com\/fr\/wp-json\/wp\/v2\/types\/events_cravan"}],"author":[{"embeddable":true,"href":"https:\/\/www.cravanparis.com\/fr\/wp-json\/wp\/v2\/users\/1"}],"version-history":[{"count":1,"href":"https:\/\/www.cravanparis.com\/fr\/wp-json\/wp\/v2\/events_cravan\/563\/revisions"}],"predecessor-version":[{"id":565,"href":"https:\/\/www.cravanparis.com\/fr\/wp-json\/wp\/v2\/events_cravan\/563\/revisions\/565"}],"wp:featuredmedia":[{"embeddable":true,"href":"https:\/\/www.cravanparis.com\/fr\/wp-json\/wp\/v2\/media\/564"}],"wp:attachment":[{"href":"https:\/\/www.cravanparis.com\/fr\/wp-json\/wp\/v2\/media?parent=563"}],"wp:term":[{"taxonomy":"events_cravan_cat","embeddable":true,"href":"https:\/\/www.cravanparis.com\/fr\/wp-json\/wp\/v2\/events_cravan_cat?post=563"}],"curies":[{"name":"wp","href":"https:\/\/api.w.org\/{rel}","templated":true}]}}