{"id":580,"date":"2025-12-26T09:26:22","date_gmt":"2025-12-26T08:26:22","guid":{"rendered":"https:\/\/www.cravanparis.com\/?post_type=events_cravan&#038;p=580"},"modified":"2025-12-26T09:26:22","modified_gmt":"2025-12-26T08:26:22","slug":"nuit-double-par-esther-teillard-barbara-carlotti-et-richard-gaitet","status":"publish","type":"events_cravan","link":"https:\/\/www.cravanparis.com\/fr\/evenement\/nuit-double-par-esther-teillard-barbara-carlotti-et-richard-gaitet\/","title":{"rendered":"Nuit Double par Esther Teillard &#8211; Barbara Carlotti et Richard Gaitet"},"content":{"rendered":"\n<p>Pour cette nouvelle Nuit Double, Esther Teillard accueillera Barbara Carlotti, auteure, compositrice, interpr\u00e8te et musicienne, et Richard Gaitet, \u00e9crivain et journaliste, autour du th\u00e8me suivant : la joie et le hasard.<\/p>\n\n\n\n<figure class=\"wp-block-image size-large\"><img loading=\"lazy\" decoding=\"async\" width=\"1024\" height=\"768\" src=\"https:\/\/www.cravanparis.com\/app\/uploads\/2025\/12\/Nuit_Double_8-final_1.png-1024x768.webp\" alt=\"\" class=\"wp-image-581\" srcset=\"https:\/\/www.cravanparis.com\/app\/uploads\/2025\/12\/Nuit_Double_8-final_1.png-1024x768.webp 1024w, https:\/\/www.cravanparis.com\/app\/uploads\/2025\/12\/Nuit_Double_8-final_1.png-300x225.webp 300w, https:\/\/www.cravanparis.com\/app\/uploads\/2025\/12\/Nuit_Double_8-final_1.png-768x576.webp 768w, https:\/\/www.cravanparis.com\/app\/uploads\/2025\/12\/Nuit_Double_8-final_1.png.webp 1400w\" sizes=\"auto, (max-width: 1024px) 100vw, 1024px\" \/><\/figure>\n\n\n\n<p>Nuit Double est un espace d\u2019\u00e9change libre autour de deux personnalit\u00e9s. Nuit Double questionne et interroge sans fard &#8211; d\u00e9sirs, limites, v\u00e9rit\u00e9, interdits, s\u00e9duction &#8211; m\u00e9lange et d\u00e9double, confronte deux regards, deux visions.<\/p>\n\n\n\n<p><br>Une fois par mois, \u00e0 22h, deux invit\u00e9s s\u2019y retrouvent. D\u2019un th\u00e8me choisi, ils \u00e9crivent un r\u00e9cit qui se construit \u00e0 deux. Ils additionnent et superposent leurs horizons, leurs diff\u00e9rences, leurs intuitions.<\/p>\n\n\n\n<p><br>Duel ou duo, conversation, confrontation, Nuit Double est une ode au dialogue, une \u00e9chapp\u00e9e. Esther Teillard y remet la parole au centre, libre, brute, vivante. Elle d\u00e9cloisonne les arts, entrem\u00eale les pens\u00e9es, dans une nuit r\u00e9invent\u00e9e.<\/p>\n","protected":false},"excerpt":{"rendered":"<p>Pour cette nouvelle Nuit Double, Esther Teillard accueillera Barbara Carlotti, auteure, compositrice, interpr\u00e8te et musicienne, et Richard Gaitet, \u00e9crivain et journaliste, autour du th\u00e8me suivant : la joie et le hasard. Nuit Double est un espace d\u2019\u00e9change libre autour de deux personnalit\u00e9s. Nuit Double questionne et interroge sans fard &#8211; d\u00e9sirs, limites, v\u00e9rit\u00e9, interdits, s\u00e9duction [&hellip;]<\/p>\n","protected":false},"author":1,"featured_media":581,"template":"","events_cravan_cat":[14],"class_list":["post-580","events_cravan","type-events_cravan","status-publish","has-post-thumbnail","hentry","events_cravan_cat-melange-des-genres"],"acf":[],"yoast_head":"<!-- This site is optimized with the Yoast SEO plugin v27.3 - https:\/\/yoast.com\/product\/yoast-seo-wordpress\/ -->\n<title>Nuit Double par Esther Teillard - Barbara Carlotti et Richard Gaitet - CRAVAN - Cocktail Bar - Paris 6<\/title>\n<meta name=\"robots\" content=\"index, follow, max-snippet:-1, max-image-preview:large, max-video-preview:-1\" \/>\n<link rel=\"canonical\" href=\"https:\/\/www.cravanparis.com\/fr\/evenement\/nuit-double-par-esther-teillard-barbara-carlotti-et-richard-gaitet\/\" \/>\n<meta property=\"og:locale\" content=\"fr_FR\" \/>\n<meta property=\"og:type\" content=\"article\" \/>\n<meta property=\"og:title\" content=\"Nuit Double par Esther Teillard - Barbara Carlotti et Richard Gaitet - CRAVAN - Cocktail Bar - Paris 6\" \/>\n<meta property=\"og:description\" content=\"Pour cette nouvelle Nuit Double, Esther Teillard accueillera Barbara Carlotti, auteure, compositrice, interpr\u00e8te et musicienne, et Richard Gaitet, \u00e9crivain et journaliste, autour du th\u00e8me suivant : la joie et le hasard. Nuit Double est un espace d\u2019\u00e9change libre autour de deux personnalit\u00e9s. Nuit Double questionne et interroge sans fard &#8211; d\u00e9sirs, limites, v\u00e9rit\u00e9, interdits, s\u00e9duction [&hellip;]\" \/>\n<meta property=\"og:url\" content=\"https:\/\/www.cravanparis.com\/fr\/evenement\/nuit-double-par-esther-teillard-barbara-carlotti-et-richard-gaitet\/\" \/>\n<meta property=\"og:site_name\" content=\"CRAVAN - Cocktail Bar - Paris 6\" \/>\n<meta property=\"og:image\" content=\"https:\/\/www.cravanparis.com\/app\/uploads\/2025\/12\/Nuit_Double_8-final_1.png.webp\" \/>\n\t<meta property=\"og:image:width\" content=\"1400\" \/>\n\t<meta property=\"og:image:height\" content=\"1050\" \/>\n\t<meta property=\"og:image:type\" content=\"image\/webp\" \/>\n<meta name=\"twitter:card\" content=\"summary_large_image\" \/>\n<meta name=\"twitter:label1\" content=\"Dur\u00e9e de lecture estim\u00e9e\" \/>\n\t<meta name=\"twitter:data1\" content=\"1 minute\" \/>\n<script type=\"application\/ld+json\" class=\"yoast-schema-graph\">{\"@context\":\"https:\\\/\\\/schema.org\",\"@graph\":[{\"@type\":\"WebPage\",\"@id\":\"https:\\\/\\\/www.cravanparis.com\\\/fr\\\/evenement\\\/nuit-double-par-esther-teillard-barbara-carlotti-et-richard-gaitet\\\/\",\"url\":\"https:\\\/\\\/www.cravanparis.com\\\/fr\\\/evenement\\\/nuit-double-par-esther-teillard-barbara-carlotti-et-richard-gaitet\\\/\",\"name\":\"Nuit Double par Esther Teillard - Barbara Carlotti et Richard Gaitet - CRAVAN - Cocktail Bar - Paris 6\",\"isPartOf\":{\"@id\":\"https:\\\/\\\/www.cravanparis.com\\\/fr\\\/#website\"},\"primaryImageOfPage\":{\"@id\":\"https:\\\/\\\/www.cravanparis.com\\\/fr\\\/evenement\\\/nuit-double-par-esther-teillard-barbara-carlotti-et-richard-gaitet\\\/#primaryimage\"},\"image\":{\"@id\":\"https:\\\/\\\/www.cravanparis.com\\\/fr\\\/evenement\\\/nuit-double-par-esther-teillard-barbara-carlotti-et-richard-gaitet\\\/#primaryimage\"},\"thumbnailUrl\":\"https:\\\/\\\/www.cravanparis.com\\\/app\\\/uploads\\\/2025\\\/12\\\/Nuit_Double_8-final_1.png.webp\",\"datePublished\":\"2025-12-26T08:26:22+00:00\",\"breadcrumb\":{\"@id\":\"https:\\\/\\\/www.cravanparis.com\\\/fr\\\/evenement\\\/nuit-double-par-esther-teillard-barbara-carlotti-et-richard-gaitet\\\/#breadcrumb\"},\"inLanguage\":\"fr-FR\",\"potentialAction\":[{\"@type\":\"ReadAction\",\"target\":[\"https:\\\/\\\/www.cravanparis.com\\\/fr\\\/evenement\\\/nuit-double-par-esther-teillard-barbara-carlotti-et-richard-gaitet\\\/\"]}]},{\"@type\":\"ImageObject\",\"inLanguage\":\"fr-FR\",\"@id\":\"https:\\\/\\\/www.cravanparis.com\\\/fr\\\/evenement\\\/nuit-double-par-esther-teillard-barbara-carlotti-et-richard-gaitet\\\/#primaryimage\",\"url\":\"https:\\\/\\\/www.cravanparis.com\\\/app\\\/uploads\\\/2025\\\/12\\\/Nuit_Double_8-final_1.png.webp\",\"contentUrl\":\"https:\\\/\\\/www.cravanparis.com\\\/app\\\/uploads\\\/2025\\\/12\\\/Nuit_Double_8-final_1.png.webp\",\"width\":1400,\"height\":1050},{\"@type\":\"BreadcrumbList\",\"@id\":\"https:\\\/\\\/www.cravanparis.com\\\/fr\\\/evenement\\\/nuit-double-par-esther-teillard-barbara-carlotti-et-richard-gaitet\\\/#breadcrumb\",\"itemListElement\":[{\"@type\":\"ListItem\",\"position\":1,\"name\":\"Home\",\"item\":\"https:\\\/\\\/www.cravanparis.com\\\/fr\\\/\"},{\"@type\":\"ListItem\",\"position\":2,\"name\":\"\u00c9v\u00e8nements Cravan\",\"item\":\"https:\\\/\\\/www.cravanparis.com\\\/fr\\\/evenement\\\/\"},{\"@type\":\"ListItem\",\"position\":3,\"name\":\"Nuit Double par Esther Teillard &#8211; Barbara Carlotti et Richard Gaitet\"}]},{\"@type\":\"WebSite\",\"@id\":\"https:\\\/\\\/www.cravanparis.com\\\/fr\\\/#website\",\"url\":\"https:\\\/\\\/www.cravanparis.com\\\/fr\\\/\",\"name\":\"CRAVAN - Cocktail Bar - Paris 6\",\"description\":\"CRAVAN, bar \u00e0 cocktails dans le 6\u00e8 arrondissement de Paris, au c\u0153ur du quartier litt\u00e9raire de Saint-Germain-des-Pr\u00e9s. Suivez-nous sur @cravanparis.\",\"publisher\":{\"@id\":\"https:\\\/\\\/www.cravanparis.com\\\/fr\\\/#organization\"},\"potentialAction\":[{\"@type\":\"SearchAction\",\"target\":{\"@type\":\"EntryPoint\",\"urlTemplate\":\"https:\\\/\\\/www.cravanparis.com\\\/fr\\\/?s={search_term_string}\"},\"query-input\":{\"@type\":\"PropertyValueSpecification\",\"valueRequired\":true,\"valueName\":\"search_term_string\"}}],\"inLanguage\":\"fr-FR\"},{\"@type\":\"Organization\",\"@id\":\"https:\\\/\\\/www.cravanparis.com\\\/fr\\\/#organization\",\"name\":\"CRAVAN - Cocktail Bar - Paris 6\",\"url\":\"https:\\\/\\\/www.cravanparis.com\\\/fr\\\/\",\"logo\":{\"@type\":\"ImageObject\",\"inLanguage\":\"fr-FR\",\"@id\":\"https:\\\/\\\/www.cravanparis.com\\\/fr\\\/#\\\/schema\\\/logo\\\/image\\\/\",\"url\":\"https:\\\/\\\/www.cravanparis.com\\\/app\\\/uploads\\\/2026\\\/03\\\/cravan.svg\",\"contentUrl\":\"https:\\\/\\\/www.cravanparis.com\\\/app\\\/uploads\\\/2026\\\/03\\\/cravan.svg\",\"width\":1296,\"height\":357,\"caption\":\"CRAVAN - Cocktail Bar - Paris 6\"},\"image\":{\"@id\":\"https:\\\/\\\/www.cravanparis.com\\\/fr\\\/#\\\/schema\\\/logo\\\/image\\\/\"},\"sameAs\":[\"https:\\\/\\\/www.instagram.com\\\/cravanparis\\\/\"]}]}<\/script>\n<!-- \/ Yoast SEO plugin. -->","yoast_head_json":{"title":"Nuit Double par Esther Teillard - Barbara Carlotti et Richard Gaitet - CRAVAN - Cocktail Bar - Paris 6","robots":{"index":"index","follow":"follow","max-snippet":"max-snippet:-1","max-image-preview":"max-image-preview:large","max-video-preview":"max-video-preview:-1"},"canonical":"https:\/\/www.cravanparis.com\/fr\/evenement\/nuit-double-par-esther-teillard-barbara-carlotti-et-richard-gaitet\/","og_locale":"fr_FR","og_type":"article","og_title":"Nuit Double par Esther Teillard - Barbara Carlotti et Richard Gaitet - CRAVAN - Cocktail Bar - Paris 6","og_description":"Pour cette nouvelle Nuit Double, Esther Teillard accueillera Barbara Carlotti, auteure, compositrice, interpr\u00e8te et musicienne, et Richard Gaitet, \u00e9crivain et journaliste, autour du th\u00e8me suivant : la joie et le hasard. Nuit Double est un espace d\u2019\u00e9change libre autour de deux personnalit\u00e9s. Nuit Double questionne et interroge sans fard &#8211; d\u00e9sirs, limites, v\u00e9rit\u00e9, interdits, s\u00e9duction [&hellip;]","og_url":"https:\/\/www.cravanparis.com\/fr\/evenement\/nuit-double-par-esther-teillard-barbara-carlotti-et-richard-gaitet\/","og_site_name":"CRAVAN - Cocktail Bar - Paris 6","og_image":[{"width":1400,"height":1050,"url":"https:\/\/www.cravanparis.com\/app\/uploads\/2025\/12\/Nuit_Double_8-final_1.png.webp","type":"image\/webp"}],"twitter_card":"summary_large_image","twitter_misc":{"Dur\u00e9e de lecture estim\u00e9e":"1 minute"},"schema":{"@context":"https:\/\/schema.org","@graph":[{"@type":"WebPage","@id":"https:\/\/www.cravanparis.com\/fr\/evenement\/nuit-double-par-esther-teillard-barbara-carlotti-et-richard-gaitet\/","url":"https:\/\/www.cravanparis.com\/fr\/evenement\/nuit-double-par-esther-teillard-barbara-carlotti-et-richard-gaitet\/","name":"Nuit Double par Esther Teillard - Barbara Carlotti et Richard Gaitet - CRAVAN - Cocktail Bar - Paris 6","isPartOf":{"@id":"https:\/\/www.cravanparis.com\/fr\/#website"},"primaryImageOfPage":{"@id":"https:\/\/www.cravanparis.com\/fr\/evenement\/nuit-double-par-esther-teillard-barbara-carlotti-et-richard-gaitet\/#primaryimage"},"image":{"@id":"https:\/\/www.cravanparis.com\/fr\/evenement\/nuit-double-par-esther-teillard-barbara-carlotti-et-richard-gaitet\/#primaryimage"},"thumbnailUrl":"https:\/\/www.cravanparis.com\/app\/uploads\/2025\/12\/Nuit_Double_8-final_1.png.webp","datePublished":"2025-12-26T08:26:22+00:00","breadcrumb":{"@id":"https:\/\/www.cravanparis.com\/fr\/evenement\/nuit-double-par-esther-teillard-barbara-carlotti-et-richard-gaitet\/#breadcrumb"},"inLanguage":"fr-FR","potentialAction":[{"@type":"ReadAction","target":["https:\/\/www.cravanparis.com\/fr\/evenement\/nuit-double-par-esther-teillard-barbara-carlotti-et-richard-gaitet\/"]}]},{"@type":"ImageObject","inLanguage":"fr-FR","@id":"https:\/\/www.cravanparis.com\/fr\/evenement\/nuit-double-par-esther-teillard-barbara-carlotti-et-richard-gaitet\/#primaryimage","url":"https:\/\/www.cravanparis.com\/app\/uploads\/2025\/12\/Nuit_Double_8-final_1.png.webp","contentUrl":"https:\/\/www.cravanparis.com\/app\/uploads\/2025\/12\/Nuit_Double_8-final_1.png.webp","width":1400,"height":1050},{"@type":"BreadcrumbList","@id":"https:\/\/www.cravanparis.com\/fr\/evenement\/nuit-double-par-esther-teillard-barbara-carlotti-et-richard-gaitet\/#breadcrumb","itemListElement":[{"@type":"ListItem","position":1,"name":"Home","item":"https:\/\/www.cravanparis.com\/fr\/"},{"@type":"ListItem","position":2,"name":"\u00c9v\u00e8nements Cravan","item":"https:\/\/www.cravanparis.com\/fr\/evenement\/"},{"@type":"ListItem","position":3,"name":"Nuit Double par Esther Teillard &#8211; Barbara Carlotti et Richard Gaitet"}]},{"@type":"WebSite","@id":"https:\/\/www.cravanparis.com\/fr\/#website","url":"https:\/\/www.cravanparis.com\/fr\/","name":"CRAVAN - Cocktail Bar - Paris 6","description":"CRAVAN, bar \u00e0 cocktails dans le 6\u00e8 arrondissement de Paris, au c\u0153ur du quartier litt\u00e9raire de Saint-Germain-des-Pr\u00e9s. Suivez-nous sur @cravanparis.","publisher":{"@id":"https:\/\/www.cravanparis.com\/fr\/#organization"},"potentialAction":[{"@type":"SearchAction","target":{"@type":"EntryPoint","urlTemplate":"https:\/\/www.cravanparis.com\/fr\/?s={search_term_string}"},"query-input":{"@type":"PropertyValueSpecification","valueRequired":true,"valueName":"search_term_string"}}],"inLanguage":"fr-FR"},{"@type":"Organization","@id":"https:\/\/www.cravanparis.com\/fr\/#organization","name":"CRAVAN - Cocktail Bar - Paris 6","url":"https:\/\/www.cravanparis.com\/fr\/","logo":{"@type":"ImageObject","inLanguage":"fr-FR","@id":"https:\/\/www.cravanparis.com\/fr\/#\/schema\/logo\/image\/","url":"https:\/\/www.cravanparis.com\/app\/uploads\/2026\/03\/cravan.svg","contentUrl":"https:\/\/www.cravanparis.com\/app\/uploads\/2026\/03\/cravan.svg","width":1296,"height":357,"caption":"CRAVAN - Cocktail Bar - Paris 6"},"image":{"@id":"https:\/\/www.cravanparis.com\/fr\/#\/schema\/logo\/image\/"},"sameAs":["https:\/\/www.instagram.com\/cravanparis\/"]}]}},"_links":{"self":[{"href":"https:\/\/www.cravanparis.com\/fr\/wp-json\/wp\/v2\/events_cravan\/580","targetHints":{"allow":["GET"]}}],"collection":[{"href":"https:\/\/www.cravanparis.com\/fr\/wp-json\/wp\/v2\/events_cravan"}],"about":[{"href":"https:\/\/www.cravanparis.com\/fr\/wp-json\/wp\/v2\/types\/events_cravan"}],"author":[{"embeddable":true,"href":"https:\/\/www.cravanparis.com\/fr\/wp-json\/wp\/v2\/users\/1"}],"version-history":[{"count":1,"href":"https:\/\/www.cravanparis.com\/fr\/wp-json\/wp\/v2\/events_cravan\/580\/revisions"}],"predecessor-version":[{"id":582,"href":"https:\/\/www.cravanparis.com\/fr\/wp-json\/wp\/v2\/events_cravan\/580\/revisions\/582"}],"wp:featuredmedia":[{"embeddable":true,"href":"https:\/\/www.cravanparis.com\/fr\/wp-json\/wp\/v2\/media\/581"}],"wp:attachment":[{"href":"https:\/\/www.cravanparis.com\/fr\/wp-json\/wp\/v2\/media?parent=580"}],"wp:term":[{"taxonomy":"events_cravan_cat","embeddable":true,"href":"https:\/\/www.cravanparis.com\/fr\/wp-json\/wp\/v2\/events_cravan_cat?post=580"}],"curies":[{"name":"wp","href":"https:\/\/api.w.org\/{rel}","templated":true}]}}