{"id":614,"date":"2025-12-26T09:40:34","date_gmt":"2025-12-26T08:40:34","guid":{"rendered":"https:\/\/www.cravanparis.com\/?post_type=events_cravan&#038;p=614"},"modified":"2025-12-26T09:40:34","modified_gmt":"2025-12-26T08:40:34","slug":"nuit-double-par-esther-teillard-cecile-guilbert-et-bertrand-burgalat","status":"publish","type":"events_cravan","link":"https:\/\/www.cravanparis.com\/fr\/evenement\/nuit-double-par-esther-teillard-cecile-guilbert-et-bertrand-burgalat\/","title":{"rendered":"Nuit Double par Esther Teillard &#8211; C\u00e9cile Guilbert et Bertrand Burgalat"},"content":{"rendered":"\n<p>La d\u00e9mesure est-elle une forme d\u00e9tourn\u00e9e de m\u00e9lancolie ? L&#8217;exc\u00e8s est-il fatalement triste ? Comment faire rire le d\u00e9bauch\u00e9 ?<\/p>\n\n\n\n<p>Pour cette nouvelle Nuit Double, Esther Teillard accueillera C\u00e9cile Guilbert, \u00e9crivaine, essayiste, journaliste, critique litt\u00e9raire, et Bertrand Burgalat, producteur, musicien, compositeur, arrangeur, chanteur, autour du th\u00e8me suivant : D\u00e9mesure et m\u00e9lancolie.<\/p>\n\n\n\n<figure class=\"wp-block-image size-large\"><img loading=\"lazy\" decoding=\"async\" width=\"1024\" height=\"768\" src=\"https:\/\/www.cravanparis.com\/app\/uploads\/2025\/12\/Nuit-Double-7.png-1024x768.avif\" alt=\"\" class=\"wp-image-615\" srcset=\"https:\/\/www.cravanparis.com\/app\/uploads\/2025\/12\/Nuit-Double-7.png-1024x768.avif 1024w, https:\/\/www.cravanparis.com\/app\/uploads\/2025\/12\/Nuit-Double-7.png-300x225.avif 300w, https:\/\/www.cravanparis.com\/app\/uploads\/2025\/12\/Nuit-Double-7.png-768x576.avif 768w, https:\/\/www.cravanparis.com\/app\/uploads\/2025\/12\/Nuit-Double-7.png.avif 1400w\" sizes=\"auto, (max-width: 1024px) 100vw, 1024px\" \/><\/figure>\n\n\n\n<p>Nuit Double est un espace d\u2019\u00e9change libre autour de deux personnalit\u00e9s. Nuit Double questionne et interroge sans fard &#8211; d\u00e9sirs, limites, v\u00e9rit\u00e9, interdits, s\u00e9duction &#8211; m\u00e9lange et d\u00e9double, confronte deux regards, deux visions.<\/p>\n\n\n\n<p>Une fois par mois, \u00e0 22h, deux invit\u00e9s s\u2019y retrouvent. D\u2019un th\u00e8me choisi, ils \u00e9crivent un r\u00e9cit qui se construit \u00e0 deux. Ils additionnent et superposent leurs horizons, leurs diff\u00e9rences, leurs intuitions. Duel ou duo, conversation, confrontation, Nuit Double est une ode au dialogue, une \u00e9chapp\u00e9e.<\/p>\n\n\n\n<p>Esther Teillard y remet la parole au centre, libre, brute, vivante. Elle d\u00e9cloisonne les arts, entrem\u00eale les pens\u00e9es, dans une nuit r\u00e9invent\u00e9e.<\/p>\n","protected":false},"excerpt":{"rendered":"<p>La d\u00e9mesure est-elle une forme d\u00e9tourn\u00e9e de m\u00e9lancolie ? L&#8217;exc\u00e8s est-il fatalement triste ? Comment faire rire le d\u00e9bauch\u00e9 ? Pour cette nouvelle Nuit Double, Esther Teillard accueillera C\u00e9cile Guilbert, \u00e9crivaine, essayiste, journaliste, critique litt\u00e9raire, et Bertrand Burgalat, producteur, musicien, compositeur, arrangeur, chanteur, autour du th\u00e8me suivant : D\u00e9mesure et m\u00e9lancolie. Nuit Double est un [&hellip;]<\/p>\n","protected":false},"author":1,"featured_media":615,"template":"","events_cravan_cat":[14],"class_list":["post-614","events_cravan","type-events_cravan","status-publish","has-post-thumbnail","hentry","events_cravan_cat-melange-des-genres"],"acf":[],"yoast_head":"<!-- This site is optimized with the Yoast SEO plugin v27.3 - https:\/\/yoast.com\/product\/yoast-seo-wordpress\/ -->\n<title>Nuit Double par Esther Teillard - C\u00e9cile Guilbert et Bertrand Burgalat - CRAVAN - Cocktail Bar - Paris 6<\/title>\n<meta name=\"robots\" content=\"index, follow, max-snippet:-1, max-image-preview:large, max-video-preview:-1\" \/>\n<link rel=\"canonical\" href=\"https:\/\/www.cravanparis.com\/fr\/evenement\/nuit-double-par-esther-teillard-cecile-guilbert-et-bertrand-burgalat\/\" \/>\n<meta property=\"og:locale\" content=\"fr_FR\" \/>\n<meta property=\"og:type\" content=\"article\" \/>\n<meta property=\"og:title\" content=\"Nuit Double par Esther Teillard - C\u00e9cile Guilbert et Bertrand Burgalat - CRAVAN - Cocktail Bar - Paris 6\" \/>\n<meta property=\"og:description\" content=\"La d\u00e9mesure est-elle une forme d\u00e9tourn\u00e9e de m\u00e9lancolie ? L&#8217;exc\u00e8s est-il fatalement triste ? Comment faire rire le d\u00e9bauch\u00e9 ? Pour cette nouvelle Nuit Double, Esther Teillard accueillera C\u00e9cile Guilbert, \u00e9crivaine, essayiste, journaliste, critique litt\u00e9raire, et Bertrand Burgalat, producteur, musicien, compositeur, arrangeur, chanteur, autour du th\u00e8me suivant : D\u00e9mesure et m\u00e9lancolie. Nuit Double est un [&hellip;]\" \/>\n<meta property=\"og:url\" content=\"https:\/\/www.cravanparis.com\/fr\/evenement\/nuit-double-par-esther-teillard-cecile-guilbert-et-bertrand-burgalat\/\" \/>\n<meta property=\"og:site_name\" content=\"CRAVAN - Cocktail Bar - Paris 6\" \/>\n<meta name=\"twitter:card\" content=\"summary_large_image\" \/>\n<meta name=\"twitter:label1\" content=\"Dur\u00e9e de lecture estim\u00e9e\" \/>\n\t<meta name=\"twitter:data1\" content=\"1 minute\" \/>\n<script type=\"application\/ld+json\" class=\"yoast-schema-graph\">{\"@context\":\"https:\\\/\\\/schema.org\",\"@graph\":[{\"@type\":\"WebPage\",\"@id\":\"https:\\\/\\\/www.cravanparis.com\\\/fr\\\/evenement\\\/nuit-double-par-esther-teillard-cecile-guilbert-et-bertrand-burgalat\\\/\",\"url\":\"https:\\\/\\\/www.cravanparis.com\\\/fr\\\/evenement\\\/nuit-double-par-esther-teillard-cecile-guilbert-et-bertrand-burgalat\\\/\",\"name\":\"Nuit Double par Esther Teillard - C\u00e9cile Guilbert et Bertrand Burgalat - CRAVAN - Cocktail Bar - Paris 6\",\"isPartOf\":{\"@id\":\"https:\\\/\\\/www.cravanparis.com\\\/fr\\\/#website\"},\"primaryImageOfPage\":{\"@id\":\"https:\\\/\\\/www.cravanparis.com\\\/fr\\\/evenement\\\/nuit-double-par-esther-teillard-cecile-guilbert-et-bertrand-burgalat\\\/#primaryimage\"},\"image\":{\"@id\":\"https:\\\/\\\/www.cravanparis.com\\\/fr\\\/evenement\\\/nuit-double-par-esther-teillard-cecile-guilbert-et-bertrand-burgalat\\\/#primaryimage\"},\"thumbnailUrl\":\"https:\\\/\\\/www.cravanparis.com\\\/app\\\/uploads\\\/2025\\\/12\\\/Nuit-Double-7.png.avif\",\"datePublished\":\"2025-12-26T08:40:34+00:00\",\"breadcrumb\":{\"@id\":\"https:\\\/\\\/www.cravanparis.com\\\/fr\\\/evenement\\\/nuit-double-par-esther-teillard-cecile-guilbert-et-bertrand-burgalat\\\/#breadcrumb\"},\"inLanguage\":\"fr-FR\",\"potentialAction\":[{\"@type\":\"ReadAction\",\"target\":[\"https:\\\/\\\/www.cravanparis.com\\\/fr\\\/evenement\\\/nuit-double-par-esther-teillard-cecile-guilbert-et-bertrand-burgalat\\\/\"]}]},{\"@type\":\"ImageObject\",\"inLanguage\":\"fr-FR\",\"@id\":\"https:\\\/\\\/www.cravanparis.com\\\/fr\\\/evenement\\\/nuit-double-par-esther-teillard-cecile-guilbert-et-bertrand-burgalat\\\/#primaryimage\",\"url\":\"https:\\\/\\\/www.cravanparis.com\\\/app\\\/uploads\\\/2025\\\/12\\\/Nuit-Double-7.png.avif\",\"contentUrl\":\"https:\\\/\\\/www.cravanparis.com\\\/app\\\/uploads\\\/2025\\\/12\\\/Nuit-Double-7.png.avif\",\"width\":1400,\"height\":1050},{\"@type\":\"BreadcrumbList\",\"@id\":\"https:\\\/\\\/www.cravanparis.com\\\/fr\\\/evenement\\\/nuit-double-par-esther-teillard-cecile-guilbert-et-bertrand-burgalat\\\/#breadcrumb\",\"itemListElement\":[{\"@type\":\"ListItem\",\"position\":1,\"name\":\"Home\",\"item\":\"https:\\\/\\\/www.cravanparis.com\\\/fr\\\/\"},{\"@type\":\"ListItem\",\"position\":2,\"name\":\"\u00c9v\u00e8nements Cravan\",\"item\":\"https:\\\/\\\/www.cravanparis.com\\\/fr\\\/evenement\\\/\"},{\"@type\":\"ListItem\",\"position\":3,\"name\":\"Nuit Double par Esther Teillard &#8211; C\u00e9cile Guilbert et Bertrand Burgalat\"}]},{\"@type\":\"WebSite\",\"@id\":\"https:\\\/\\\/www.cravanparis.com\\\/fr\\\/#website\",\"url\":\"https:\\\/\\\/www.cravanparis.com\\\/fr\\\/\",\"name\":\"CRAVAN - Cocktail Bar - Paris 6\",\"description\":\"CRAVAN, bar \u00e0 cocktails dans le 6\u00e8 arrondissement de Paris, au c\u0153ur du quartier litt\u00e9raire de Saint-Germain-des-Pr\u00e9s. Suivez-nous sur @cravanparis.\",\"publisher\":{\"@id\":\"https:\\\/\\\/www.cravanparis.com\\\/fr\\\/#organization\"},\"potentialAction\":[{\"@type\":\"SearchAction\",\"target\":{\"@type\":\"EntryPoint\",\"urlTemplate\":\"https:\\\/\\\/www.cravanparis.com\\\/fr\\\/?s={search_term_string}\"},\"query-input\":{\"@type\":\"PropertyValueSpecification\",\"valueRequired\":true,\"valueName\":\"search_term_string\"}}],\"inLanguage\":\"fr-FR\"},{\"@type\":\"Organization\",\"@id\":\"https:\\\/\\\/www.cravanparis.com\\\/fr\\\/#organization\",\"name\":\"CRAVAN - Cocktail Bar - Paris 6\",\"url\":\"https:\\\/\\\/www.cravanparis.com\\\/fr\\\/\",\"logo\":{\"@type\":\"ImageObject\",\"inLanguage\":\"fr-FR\",\"@id\":\"https:\\\/\\\/www.cravanparis.com\\\/fr\\\/#\\\/schema\\\/logo\\\/image\\\/\",\"url\":\"https:\\\/\\\/www.cravanparis.com\\\/app\\\/uploads\\\/2026\\\/03\\\/cravan.svg\",\"contentUrl\":\"https:\\\/\\\/www.cravanparis.com\\\/app\\\/uploads\\\/2026\\\/03\\\/cravan.svg\",\"width\":1296,\"height\":357,\"caption\":\"CRAVAN - Cocktail Bar - Paris 6\"},\"image\":{\"@id\":\"https:\\\/\\\/www.cravanparis.com\\\/fr\\\/#\\\/schema\\\/logo\\\/image\\\/\"},\"sameAs\":[\"https:\\\/\\\/www.instagram.com\\\/cravanparis\\\/\"]}]}<\/script>\n<!-- \/ Yoast SEO plugin. -->","yoast_head_json":{"title":"Nuit Double par Esther Teillard - C\u00e9cile Guilbert et Bertrand Burgalat - CRAVAN - Cocktail Bar - Paris 6","robots":{"index":"index","follow":"follow","max-snippet":"max-snippet:-1","max-image-preview":"max-image-preview:large","max-video-preview":"max-video-preview:-1"},"canonical":"https:\/\/www.cravanparis.com\/fr\/evenement\/nuit-double-par-esther-teillard-cecile-guilbert-et-bertrand-burgalat\/","og_locale":"fr_FR","og_type":"article","og_title":"Nuit Double par Esther Teillard - C\u00e9cile Guilbert et Bertrand Burgalat - CRAVAN - Cocktail Bar - Paris 6","og_description":"La d\u00e9mesure est-elle une forme d\u00e9tourn\u00e9e de m\u00e9lancolie ? L&#8217;exc\u00e8s est-il fatalement triste ? Comment faire rire le d\u00e9bauch\u00e9 ? Pour cette nouvelle Nuit Double, Esther Teillard accueillera C\u00e9cile Guilbert, \u00e9crivaine, essayiste, journaliste, critique litt\u00e9raire, et Bertrand Burgalat, producteur, musicien, compositeur, arrangeur, chanteur, autour du th\u00e8me suivant : D\u00e9mesure et m\u00e9lancolie. Nuit Double est un [&hellip;]","og_url":"https:\/\/www.cravanparis.com\/fr\/evenement\/nuit-double-par-esther-teillard-cecile-guilbert-et-bertrand-burgalat\/","og_site_name":"CRAVAN - Cocktail Bar - Paris 6","twitter_card":"summary_large_image","twitter_misc":{"Dur\u00e9e de lecture estim\u00e9e":"1 minute"},"schema":{"@context":"https:\/\/schema.org","@graph":[{"@type":"WebPage","@id":"https:\/\/www.cravanparis.com\/fr\/evenement\/nuit-double-par-esther-teillard-cecile-guilbert-et-bertrand-burgalat\/","url":"https:\/\/www.cravanparis.com\/fr\/evenement\/nuit-double-par-esther-teillard-cecile-guilbert-et-bertrand-burgalat\/","name":"Nuit Double par Esther Teillard - C\u00e9cile Guilbert et Bertrand Burgalat - CRAVAN - Cocktail Bar - Paris 6","isPartOf":{"@id":"https:\/\/www.cravanparis.com\/fr\/#website"},"primaryImageOfPage":{"@id":"https:\/\/www.cravanparis.com\/fr\/evenement\/nuit-double-par-esther-teillard-cecile-guilbert-et-bertrand-burgalat\/#primaryimage"},"image":{"@id":"https:\/\/www.cravanparis.com\/fr\/evenement\/nuit-double-par-esther-teillard-cecile-guilbert-et-bertrand-burgalat\/#primaryimage"},"thumbnailUrl":"https:\/\/www.cravanparis.com\/app\/uploads\/2025\/12\/Nuit-Double-7.png.avif","datePublished":"2025-12-26T08:40:34+00:00","breadcrumb":{"@id":"https:\/\/www.cravanparis.com\/fr\/evenement\/nuit-double-par-esther-teillard-cecile-guilbert-et-bertrand-burgalat\/#breadcrumb"},"inLanguage":"fr-FR","potentialAction":[{"@type":"ReadAction","target":["https:\/\/www.cravanparis.com\/fr\/evenement\/nuit-double-par-esther-teillard-cecile-guilbert-et-bertrand-burgalat\/"]}]},{"@type":"ImageObject","inLanguage":"fr-FR","@id":"https:\/\/www.cravanparis.com\/fr\/evenement\/nuit-double-par-esther-teillard-cecile-guilbert-et-bertrand-burgalat\/#primaryimage","url":"https:\/\/www.cravanparis.com\/app\/uploads\/2025\/12\/Nuit-Double-7.png.avif","contentUrl":"https:\/\/www.cravanparis.com\/app\/uploads\/2025\/12\/Nuit-Double-7.png.avif","width":1400,"height":1050},{"@type":"BreadcrumbList","@id":"https:\/\/www.cravanparis.com\/fr\/evenement\/nuit-double-par-esther-teillard-cecile-guilbert-et-bertrand-burgalat\/#breadcrumb","itemListElement":[{"@type":"ListItem","position":1,"name":"Home","item":"https:\/\/www.cravanparis.com\/fr\/"},{"@type":"ListItem","position":2,"name":"\u00c9v\u00e8nements Cravan","item":"https:\/\/www.cravanparis.com\/fr\/evenement\/"},{"@type":"ListItem","position":3,"name":"Nuit Double par Esther Teillard &#8211; C\u00e9cile Guilbert et Bertrand Burgalat"}]},{"@type":"WebSite","@id":"https:\/\/www.cravanparis.com\/fr\/#website","url":"https:\/\/www.cravanparis.com\/fr\/","name":"CRAVAN - Cocktail Bar - Paris 6","description":"CRAVAN, bar \u00e0 cocktails dans le 6\u00e8 arrondissement de Paris, au c\u0153ur du quartier litt\u00e9raire de Saint-Germain-des-Pr\u00e9s. Suivez-nous sur @cravanparis.","publisher":{"@id":"https:\/\/www.cravanparis.com\/fr\/#organization"},"potentialAction":[{"@type":"SearchAction","target":{"@type":"EntryPoint","urlTemplate":"https:\/\/www.cravanparis.com\/fr\/?s={search_term_string}"},"query-input":{"@type":"PropertyValueSpecification","valueRequired":true,"valueName":"search_term_string"}}],"inLanguage":"fr-FR"},{"@type":"Organization","@id":"https:\/\/www.cravanparis.com\/fr\/#organization","name":"CRAVAN - Cocktail Bar - Paris 6","url":"https:\/\/www.cravanparis.com\/fr\/","logo":{"@type":"ImageObject","inLanguage":"fr-FR","@id":"https:\/\/www.cravanparis.com\/fr\/#\/schema\/logo\/image\/","url":"https:\/\/www.cravanparis.com\/app\/uploads\/2026\/03\/cravan.svg","contentUrl":"https:\/\/www.cravanparis.com\/app\/uploads\/2026\/03\/cravan.svg","width":1296,"height":357,"caption":"CRAVAN - Cocktail Bar - Paris 6"},"image":{"@id":"https:\/\/www.cravanparis.com\/fr\/#\/schema\/logo\/image\/"},"sameAs":["https:\/\/www.instagram.com\/cravanparis\/"]}]}},"_links":{"self":[{"href":"https:\/\/www.cravanparis.com\/fr\/wp-json\/wp\/v2\/events_cravan\/614","targetHints":{"allow":["GET"]}}],"collection":[{"href":"https:\/\/www.cravanparis.com\/fr\/wp-json\/wp\/v2\/events_cravan"}],"about":[{"href":"https:\/\/www.cravanparis.com\/fr\/wp-json\/wp\/v2\/types\/events_cravan"}],"author":[{"embeddable":true,"href":"https:\/\/www.cravanparis.com\/fr\/wp-json\/wp\/v2\/users\/1"}],"version-history":[{"count":1,"href":"https:\/\/www.cravanparis.com\/fr\/wp-json\/wp\/v2\/events_cravan\/614\/revisions"}],"predecessor-version":[{"id":616,"href":"https:\/\/www.cravanparis.com\/fr\/wp-json\/wp\/v2\/events_cravan\/614\/revisions\/616"}],"wp:featuredmedia":[{"embeddable":true,"href":"https:\/\/www.cravanparis.com\/fr\/wp-json\/wp\/v2\/media\/615"}],"wp:attachment":[{"href":"https:\/\/www.cravanparis.com\/fr\/wp-json\/wp\/v2\/media?parent=614"}],"wp:term":[{"taxonomy":"events_cravan_cat","embeddable":true,"href":"https:\/\/www.cravanparis.com\/fr\/wp-json\/wp\/v2\/events_cravan_cat?post=614"}],"curies":[{"name":"wp","href":"https:\/\/api.w.org\/{rel}","templated":true}]}}