{"id":658,"date":"2025-12-26T10:05:56","date_gmt":"2025-12-26T09:05:56","guid":{"rendered":"https:\/\/www.cravanparis.com\/?post_type=events_cravan&#038;p=658"},"modified":"2025-12-26T10:05:56","modified_gmt":"2025-12-26T09:05:56","slug":"special-editions-par-luca-marchetti-mathias-chelebourg","status":"publish","type":"events_cravan","link":"https:\/\/www.cravanparis.com\/fr\/evenement\/special-editions-par-luca-marchetti-mathias-chelebourg\/","title":{"rendered":"Special Editions par Luca Marchetti &#8211; Mathias Chelebourg"},"content":{"rendered":"\n<p>Pour la cinqui\u00e8me rencontre de Special Editions, Luca Marchetti re\u00e7oit le cr\u00e9ateur fran\u00e7ais Mathias Chelebourg.&nbsp;<\/p>\n\n\n\n<p>Avec son Atelier Daruma, il repousse les limites de la narration immersive \u00e0 travers des exp\u00e9riences sensorielles uniques, m\u00ealant r\u00e9alit\u00e9 virtuelle, performances th\u00e9\u00e2trales et technologies de pointe. Parmi ses projets r\u00e9cents, on compte sa participation \u00e0 l&#8217;installation immersive &#8220;Le Parlement des Vivants&#8221; de Ramy Fischler au Jardin des Plantes de Paris (2024) ainsi que plusieurs collaborations avec de grandes institutions comme la Philharmonie de Paris ou des marques internationales telles que Chanel. Cette rencontre a lieu \u00e0 l\u2019occasion de la publication de \u00ab gastronomy \u00bb, premier volume de la collection \u2197immersive.paris \u00ae, qui explore la transition immersive contemporaine \u00e0 travers interviews, pr\u00e9sentations d\u2019\u0153uvres et articles de fond, offrant une perspective artistique sur une mutation culturelle en cours.<\/p>\n\n\n\n<figure class=\"wp-block-image size-large\"><img loading=\"lazy\" decoding=\"async\" width=\"1024\" height=\"768\" src=\"https:\/\/www.cravanparis.com\/app\/uploads\/2025\/12\/SE-5.png-1024x768.webp\" alt=\"\" class=\"wp-image-659\" srcset=\"https:\/\/www.cravanparis.com\/app\/uploads\/2025\/12\/SE-5.png-1024x768.webp 1024w, https:\/\/www.cravanparis.com\/app\/uploads\/2025\/12\/SE-5.png-300x225.webp 300w, https:\/\/www.cravanparis.com\/app\/uploads\/2025\/12\/SE-5.png-768x576.webp 768w, https:\/\/www.cravanparis.com\/app\/uploads\/2025\/12\/SE-5.png.webp 1400w\" sizes=\"auto, (max-width: 1024px) 100vw, 1024px\" \/><\/figure>\n\n\n\n<p>Special Editions est une s\u00e9rie d\u2019\u00e9v\u00e9nements consacr\u00e9e aux objets et aux livres. A la crois\u00e9e du design et de l\u2019\u00e9dition, Special Editions interroge le statut des \u0153uvres et des objets qui occupent une place particuli\u00e8re dans la vie des cr\u00e9atives et cr\u00e9atifs, cr\u00e9atrices et cr\u00e9ateurs, autrices et auteurs.<\/p>\n\n\n\n<p>Y a-t-il une histoire derri\u00e8re l\u2019objet ? Quel est le r\u00e9cit personnel, l\u2019\u00e9motion, le sentiment derri\u00e8re les mots, les lignes, les formes ? Que dit le livre de son auteur ? Que dit l\u2019objet de la personne qui l\u2019a cr\u00e9\u00e9 ? Et que disent, en retour, le cr\u00e9ateur de son objet et l\u2019auteur de son livre ? Que disent-ils encore de celles ou ceux qui les collectionnent, les appr\u00e9cient ?Pour le savoir, Luca Marchetti propose \u00e0 travers Special Editions une s\u00e9rie de rencontres pour celles et ceux qui aiment le temps lent et les correspondances intimes. L\u2019objet y est au service du sens dans une conversation d\u2019un autre genre, \u00e0 la fois \u00e9vasion, exp\u00e9rience, divertissement et communion.&nbsp;<\/p>\n","protected":false},"excerpt":{"rendered":"<p>Pour la cinqui\u00e8me rencontre de Special Editions, Luca Marchetti re\u00e7oit le cr\u00e9ateur fran\u00e7ais Mathias Chelebourg.&nbsp; Avec son Atelier Daruma, il repousse les limites de la narration immersive \u00e0 travers des exp\u00e9riences sensorielles uniques, m\u00ealant r\u00e9alit\u00e9 virtuelle, performances th\u00e9\u00e2trales et technologies de pointe. Parmi ses projets r\u00e9cents, on compte sa participation \u00e0 l&#8217;installation immersive &#8220;Le Parlement [&hellip;]<\/p>\n","protected":false},"author":1,"featured_media":659,"template":"","events_cravan_cat":[14],"class_list":["post-658","events_cravan","type-events_cravan","status-publish","has-post-thumbnail","hentry","events_cravan_cat-melange-des-genres"],"acf":[],"yoast_head":"<!-- This site is optimized with the Yoast SEO plugin v27.3 - https:\/\/yoast.com\/product\/yoast-seo-wordpress\/ -->\n<title>Special Editions par Luca Marchetti - Mathias Chelebourg - CRAVAN - Cocktail Bar - Paris 6<\/title>\n<meta name=\"robots\" content=\"index, follow, max-snippet:-1, max-image-preview:large, max-video-preview:-1\" \/>\n<link rel=\"canonical\" href=\"https:\/\/www.cravanparis.com\/fr\/evenement\/special-editions-par-luca-marchetti-mathias-chelebourg\/\" \/>\n<meta property=\"og:locale\" content=\"fr_FR\" \/>\n<meta property=\"og:type\" content=\"article\" \/>\n<meta property=\"og:title\" content=\"Special Editions par Luca Marchetti - Mathias Chelebourg - CRAVAN - Cocktail Bar - Paris 6\" \/>\n<meta property=\"og:description\" content=\"Pour la cinqui\u00e8me rencontre de Special Editions, Luca Marchetti re\u00e7oit le cr\u00e9ateur fran\u00e7ais Mathias Chelebourg.&nbsp; Avec son Atelier Daruma, il repousse les limites de la narration immersive \u00e0 travers des exp\u00e9riences sensorielles uniques, m\u00ealant r\u00e9alit\u00e9 virtuelle, performances th\u00e9\u00e2trales et technologies de pointe. Parmi ses projets r\u00e9cents, on compte sa participation \u00e0 l&#8217;installation immersive &#8220;Le Parlement [&hellip;]\" \/>\n<meta property=\"og:url\" content=\"https:\/\/www.cravanparis.com\/fr\/evenement\/special-editions-par-luca-marchetti-mathias-chelebourg\/\" \/>\n<meta property=\"og:site_name\" content=\"CRAVAN - Cocktail Bar - Paris 6\" \/>\n<meta property=\"og:image\" content=\"https:\/\/www.cravanparis.com\/app\/uploads\/2025\/12\/SE-5.png.webp\" \/>\n\t<meta property=\"og:image:width\" content=\"1400\" \/>\n\t<meta property=\"og:image:height\" content=\"1050\" \/>\n\t<meta property=\"og:image:type\" content=\"image\/webp\" \/>\n<meta name=\"twitter:card\" content=\"summary_large_image\" \/>\n<meta name=\"twitter:label1\" content=\"Dur\u00e9e de lecture estim\u00e9e\" \/>\n\t<meta name=\"twitter:data1\" content=\"2 minutes\" \/>\n<script type=\"application\/ld+json\" class=\"yoast-schema-graph\">{\"@context\":\"https:\\\/\\\/schema.org\",\"@graph\":[{\"@type\":\"WebPage\",\"@id\":\"https:\\\/\\\/www.cravanparis.com\\\/fr\\\/evenement\\\/special-editions-par-luca-marchetti-mathias-chelebourg\\\/\",\"url\":\"https:\\\/\\\/www.cravanparis.com\\\/fr\\\/evenement\\\/special-editions-par-luca-marchetti-mathias-chelebourg\\\/\",\"name\":\"Special Editions par Luca Marchetti - Mathias Chelebourg - CRAVAN - Cocktail Bar - Paris 6\",\"isPartOf\":{\"@id\":\"https:\\\/\\\/www.cravanparis.com\\\/fr\\\/#website\"},\"primaryImageOfPage\":{\"@id\":\"https:\\\/\\\/www.cravanparis.com\\\/fr\\\/evenement\\\/special-editions-par-luca-marchetti-mathias-chelebourg\\\/#primaryimage\"},\"image\":{\"@id\":\"https:\\\/\\\/www.cravanparis.com\\\/fr\\\/evenement\\\/special-editions-par-luca-marchetti-mathias-chelebourg\\\/#primaryimage\"},\"thumbnailUrl\":\"https:\\\/\\\/www.cravanparis.com\\\/app\\\/uploads\\\/2025\\\/12\\\/SE-5.png.webp\",\"datePublished\":\"2025-12-26T09:05:56+00:00\",\"breadcrumb\":{\"@id\":\"https:\\\/\\\/www.cravanparis.com\\\/fr\\\/evenement\\\/special-editions-par-luca-marchetti-mathias-chelebourg\\\/#breadcrumb\"},\"inLanguage\":\"fr-FR\",\"potentialAction\":[{\"@type\":\"ReadAction\",\"target\":[\"https:\\\/\\\/www.cravanparis.com\\\/fr\\\/evenement\\\/special-editions-par-luca-marchetti-mathias-chelebourg\\\/\"]}]},{\"@type\":\"ImageObject\",\"inLanguage\":\"fr-FR\",\"@id\":\"https:\\\/\\\/www.cravanparis.com\\\/fr\\\/evenement\\\/special-editions-par-luca-marchetti-mathias-chelebourg\\\/#primaryimage\",\"url\":\"https:\\\/\\\/www.cravanparis.com\\\/app\\\/uploads\\\/2025\\\/12\\\/SE-5.png.webp\",\"contentUrl\":\"https:\\\/\\\/www.cravanparis.com\\\/app\\\/uploads\\\/2025\\\/12\\\/SE-5.png.webp\",\"width\":1400,\"height\":1050},{\"@type\":\"BreadcrumbList\",\"@id\":\"https:\\\/\\\/www.cravanparis.com\\\/fr\\\/evenement\\\/special-editions-par-luca-marchetti-mathias-chelebourg\\\/#breadcrumb\",\"itemListElement\":[{\"@type\":\"ListItem\",\"position\":1,\"name\":\"Home\",\"item\":\"https:\\\/\\\/www.cravanparis.com\\\/fr\\\/\"},{\"@type\":\"ListItem\",\"position\":2,\"name\":\"\u00c9v\u00e8nements Cravan\",\"item\":\"https:\\\/\\\/www.cravanparis.com\\\/fr\\\/evenement\\\/\"},{\"@type\":\"ListItem\",\"position\":3,\"name\":\"Special Editions par Luca Marchetti &#8211; Mathias Chelebourg\"}]},{\"@type\":\"WebSite\",\"@id\":\"https:\\\/\\\/www.cravanparis.com\\\/fr\\\/#website\",\"url\":\"https:\\\/\\\/www.cravanparis.com\\\/fr\\\/\",\"name\":\"CRAVAN - Cocktail Bar - Paris 6\",\"description\":\"CRAVAN, bar \u00e0 cocktails dans le 6\u00e8 arrondissement de Paris, au c\u0153ur du quartier litt\u00e9raire de Saint-Germain-des-Pr\u00e9s. Suivez-nous sur @cravanparis.\",\"publisher\":{\"@id\":\"https:\\\/\\\/www.cravanparis.com\\\/fr\\\/#organization\"},\"potentialAction\":[{\"@type\":\"SearchAction\",\"target\":{\"@type\":\"EntryPoint\",\"urlTemplate\":\"https:\\\/\\\/www.cravanparis.com\\\/fr\\\/?s={search_term_string}\"},\"query-input\":{\"@type\":\"PropertyValueSpecification\",\"valueRequired\":true,\"valueName\":\"search_term_string\"}}],\"inLanguage\":\"fr-FR\"},{\"@type\":\"Organization\",\"@id\":\"https:\\\/\\\/www.cravanparis.com\\\/fr\\\/#organization\",\"name\":\"CRAVAN - Cocktail Bar - Paris 6\",\"url\":\"https:\\\/\\\/www.cravanparis.com\\\/fr\\\/\",\"logo\":{\"@type\":\"ImageObject\",\"inLanguage\":\"fr-FR\",\"@id\":\"https:\\\/\\\/www.cravanparis.com\\\/fr\\\/#\\\/schema\\\/logo\\\/image\\\/\",\"url\":\"https:\\\/\\\/www.cravanparis.com\\\/app\\\/uploads\\\/2026\\\/03\\\/cravan.svg\",\"contentUrl\":\"https:\\\/\\\/www.cravanparis.com\\\/app\\\/uploads\\\/2026\\\/03\\\/cravan.svg\",\"width\":1296,\"height\":357,\"caption\":\"CRAVAN - Cocktail Bar - Paris 6\"},\"image\":{\"@id\":\"https:\\\/\\\/www.cravanparis.com\\\/fr\\\/#\\\/schema\\\/logo\\\/image\\\/\"},\"sameAs\":[\"https:\\\/\\\/www.instagram.com\\\/cravanparis\\\/\"]}]}<\/script>\n<!-- \/ Yoast SEO plugin. -->","yoast_head_json":{"title":"Special Editions par Luca Marchetti - Mathias Chelebourg - CRAVAN - Cocktail Bar - Paris 6","robots":{"index":"index","follow":"follow","max-snippet":"max-snippet:-1","max-image-preview":"max-image-preview:large","max-video-preview":"max-video-preview:-1"},"canonical":"https:\/\/www.cravanparis.com\/fr\/evenement\/special-editions-par-luca-marchetti-mathias-chelebourg\/","og_locale":"fr_FR","og_type":"article","og_title":"Special Editions par Luca Marchetti - Mathias Chelebourg - CRAVAN - Cocktail Bar - Paris 6","og_description":"Pour la cinqui\u00e8me rencontre de Special Editions, Luca Marchetti re\u00e7oit le cr\u00e9ateur fran\u00e7ais Mathias Chelebourg.&nbsp; Avec son Atelier Daruma, il repousse les limites de la narration immersive \u00e0 travers des exp\u00e9riences sensorielles uniques, m\u00ealant r\u00e9alit\u00e9 virtuelle, performances th\u00e9\u00e2trales et technologies de pointe. Parmi ses projets r\u00e9cents, on compte sa participation \u00e0 l&#8217;installation immersive &#8220;Le Parlement [&hellip;]","og_url":"https:\/\/www.cravanparis.com\/fr\/evenement\/special-editions-par-luca-marchetti-mathias-chelebourg\/","og_site_name":"CRAVAN - Cocktail Bar - Paris 6","og_image":[{"width":1400,"height":1050,"url":"https:\/\/www.cravanparis.com\/app\/uploads\/2025\/12\/SE-5.png.webp","type":"image\/webp"}],"twitter_card":"summary_large_image","twitter_misc":{"Dur\u00e9e de lecture estim\u00e9e":"2 minutes"},"schema":{"@context":"https:\/\/schema.org","@graph":[{"@type":"WebPage","@id":"https:\/\/www.cravanparis.com\/fr\/evenement\/special-editions-par-luca-marchetti-mathias-chelebourg\/","url":"https:\/\/www.cravanparis.com\/fr\/evenement\/special-editions-par-luca-marchetti-mathias-chelebourg\/","name":"Special Editions par Luca Marchetti - Mathias Chelebourg - CRAVAN - Cocktail Bar - Paris 6","isPartOf":{"@id":"https:\/\/www.cravanparis.com\/fr\/#website"},"primaryImageOfPage":{"@id":"https:\/\/www.cravanparis.com\/fr\/evenement\/special-editions-par-luca-marchetti-mathias-chelebourg\/#primaryimage"},"image":{"@id":"https:\/\/www.cravanparis.com\/fr\/evenement\/special-editions-par-luca-marchetti-mathias-chelebourg\/#primaryimage"},"thumbnailUrl":"https:\/\/www.cravanparis.com\/app\/uploads\/2025\/12\/SE-5.png.webp","datePublished":"2025-12-26T09:05:56+00:00","breadcrumb":{"@id":"https:\/\/www.cravanparis.com\/fr\/evenement\/special-editions-par-luca-marchetti-mathias-chelebourg\/#breadcrumb"},"inLanguage":"fr-FR","potentialAction":[{"@type":"ReadAction","target":["https:\/\/www.cravanparis.com\/fr\/evenement\/special-editions-par-luca-marchetti-mathias-chelebourg\/"]}]},{"@type":"ImageObject","inLanguage":"fr-FR","@id":"https:\/\/www.cravanparis.com\/fr\/evenement\/special-editions-par-luca-marchetti-mathias-chelebourg\/#primaryimage","url":"https:\/\/www.cravanparis.com\/app\/uploads\/2025\/12\/SE-5.png.webp","contentUrl":"https:\/\/www.cravanparis.com\/app\/uploads\/2025\/12\/SE-5.png.webp","width":1400,"height":1050},{"@type":"BreadcrumbList","@id":"https:\/\/www.cravanparis.com\/fr\/evenement\/special-editions-par-luca-marchetti-mathias-chelebourg\/#breadcrumb","itemListElement":[{"@type":"ListItem","position":1,"name":"Home","item":"https:\/\/www.cravanparis.com\/fr\/"},{"@type":"ListItem","position":2,"name":"\u00c9v\u00e8nements Cravan","item":"https:\/\/www.cravanparis.com\/fr\/evenement\/"},{"@type":"ListItem","position":3,"name":"Special Editions par Luca Marchetti &#8211; Mathias Chelebourg"}]},{"@type":"WebSite","@id":"https:\/\/www.cravanparis.com\/fr\/#website","url":"https:\/\/www.cravanparis.com\/fr\/","name":"CRAVAN - Cocktail Bar - Paris 6","description":"CRAVAN, bar \u00e0 cocktails dans le 6\u00e8 arrondissement de Paris, au c\u0153ur du quartier litt\u00e9raire de Saint-Germain-des-Pr\u00e9s. Suivez-nous sur @cravanparis.","publisher":{"@id":"https:\/\/www.cravanparis.com\/fr\/#organization"},"potentialAction":[{"@type":"SearchAction","target":{"@type":"EntryPoint","urlTemplate":"https:\/\/www.cravanparis.com\/fr\/?s={search_term_string}"},"query-input":{"@type":"PropertyValueSpecification","valueRequired":true,"valueName":"search_term_string"}}],"inLanguage":"fr-FR"},{"@type":"Organization","@id":"https:\/\/www.cravanparis.com\/fr\/#organization","name":"CRAVAN - Cocktail Bar - Paris 6","url":"https:\/\/www.cravanparis.com\/fr\/","logo":{"@type":"ImageObject","inLanguage":"fr-FR","@id":"https:\/\/www.cravanparis.com\/fr\/#\/schema\/logo\/image\/","url":"https:\/\/www.cravanparis.com\/app\/uploads\/2026\/03\/cravan.svg","contentUrl":"https:\/\/www.cravanparis.com\/app\/uploads\/2026\/03\/cravan.svg","width":1296,"height":357,"caption":"CRAVAN - Cocktail Bar - Paris 6"},"image":{"@id":"https:\/\/www.cravanparis.com\/fr\/#\/schema\/logo\/image\/"},"sameAs":["https:\/\/www.instagram.com\/cravanparis\/"]}]}},"_links":{"self":[{"href":"https:\/\/www.cravanparis.com\/fr\/wp-json\/wp\/v2\/events_cravan\/658","targetHints":{"allow":["GET"]}}],"collection":[{"href":"https:\/\/www.cravanparis.com\/fr\/wp-json\/wp\/v2\/events_cravan"}],"about":[{"href":"https:\/\/www.cravanparis.com\/fr\/wp-json\/wp\/v2\/types\/events_cravan"}],"author":[{"embeddable":true,"href":"https:\/\/www.cravanparis.com\/fr\/wp-json\/wp\/v2\/users\/1"}],"version-history":[{"count":1,"href":"https:\/\/www.cravanparis.com\/fr\/wp-json\/wp\/v2\/events_cravan\/658\/revisions"}],"predecessor-version":[{"id":660,"href":"https:\/\/www.cravanparis.com\/fr\/wp-json\/wp\/v2\/events_cravan\/658\/revisions\/660"}],"wp:featuredmedia":[{"embeddable":true,"href":"https:\/\/www.cravanparis.com\/fr\/wp-json\/wp\/v2\/media\/659"}],"wp:attachment":[{"href":"https:\/\/www.cravanparis.com\/fr\/wp-json\/wp\/v2\/media?parent=658"}],"wp:term":[{"taxonomy":"events_cravan_cat","embeddable":true,"href":"https:\/\/www.cravanparis.com\/fr\/wp-json\/wp\/v2\/events_cravan_cat?post=658"}],"curies":[{"name":"wp","href":"https:\/\/api.w.org\/{rel}","templated":true}]}}