{"id":3,"date":"2025-12-08T13:32:45","date_gmt":"2025-12-08T12:32:45","guid":{"rendered":"https:\/\/www.cravanparis.com\/?page_id=3"},"modified":"2026-01-21T09:03:19","modified_gmt":"2026-01-21T08:03:19","slug":"charte-donnees-personnelles-et-cookies","status":"publish","type":"page","link":"https:\/\/www.cravanparis.com\/fr\/charte-donnees-personnelles-et-cookies\/","title":{"rendered":"Donn\u00e9es personnelles et cookies"},"content":{"rendered":"                <div  class=\"cravan-bloc cravan-hero cravan-hero-container height-50 \">\n            <div class=\"container-fluid cravan__hero_container h-100\">\n\n                <div class=\"row align-content-center justify-content-center h-100\">\n\n                                            <div class=\"cravan__hero_background_image\">\n                            <div class=\"cravan-bloc cravan-image container-fluid\">\n                                <img decoding=\"async\" src=\"https:\/\/www.cravanparis.com\/app\/uploads\/2026\/01\/image00017.jpeg.avif\" alt=\"\" class=\"img-fluid\"\/>\n                            <\/div>\n                        <\/div>\n\n                    \n                    <div class=\"container\">\n\n                        <div class=\"cravan__hero_content row\">\n\n                            <div class=\"col-12\">\n\n                                <div class=\"row justify-content-center\">\n                                    <div class=\"col-12\">\n                                        <div class=\"cravan-bloc cravan-subtitle-title-text-cta\">\n\n                                            <div class=\"row justify-content-center\">\n                                                <div class=\"col-12 text-center\">\n                                                    <div class=\"cravan__title_container\">\n\n                                                                                                                    <div class=\"cravan__sub_title row\">\n                                                                <div class=\"col-12\">\n                                                                    Derni\u00e8re mise \u00e0 jour : Mai 2023                                                                <\/div>\n                                                            <\/div>\n                                                        \n                                                        <div class=\"cravan__title row\">\n                                                            <h1 class=\"col\">\n                                                            Donn\u00e9es personnelles et cookies                                                        <\/h1>\n                                                    <\/div>\n                                                <\/div>\n\n                                                <div class=\"cravan__text row justify-content-center\">\n                                                    <div class=\"col-12 col-lg-6\">\n                                                                                                            <\/div>\n                                                <\/div>\n                                                                                            <\/div>\n\n                                        <\/div>\n                                    <\/div>\n                                <\/div>\n                            <\/div>\n\n                        <\/div>\n\n                    <\/div>\n\n                <\/div>\n\n            <\/div>\n        <\/div>\n        <\/div>\n    \n\n                <div  class=\"cravan-bloc cravan-wysiwyg \">\n            <div class=\"row\">\n                <div class=\"container\">\n                    <div class=\"row justify-content-center\">\n                        <div class=\"col-12 col-xl-8\">\n                            <div class=\"cravan__wysiwyg_text_container\">\n                                <h2>Note d&#8217;information<\/h2>\n<p>Nous respectons vos pr\u00e9occupations concernant la protection de votre vie priv\u00e9e et de vos donn\u00e9es personnelles. La pr\u00e9sente Note d\u2019information sur le traitement des donn\u00e9es personnelles et les Cookies (la \u00ab\u00a0Note\u00a0\u00bb) expose quelles sont les informations collect\u00e9es et la mani\u00e8re dont sont trait\u00e9es vos donn\u00e9es \u00e0 caract\u00e8re personnel. Les termes \u00ab nous \u00bb, \u00ab notre \u00bb et \u00ab nos \u00bb font r\u00e9f\u00e9rence aux responsables de traitement tels qu\u2019identifi\u00e9s ci-dessous.<\/p>\n<p>Modification de la Note<\/p>\n<p>Nous sommes susceptibles de modifier occasionnellement cette Note en en publiant une nouvelle version sur le Site. Nous vous invitons donc \u00e0 la consulter r\u00e9guli\u00e8rement.<br \/>\nVous serez inform\u00e9 de toute modification substantielle, soit par le biais d&#8217;un bandeau sur le Site r\u00e9sumant les principales modifications r\u00e9alis\u00e9es, soit par courriel.<br \/>\nPour toute question relative aux traitements de vos donn\u00e9es \u00e0 caract\u00e8re personnel, vous pouvez nous contacter :<\/p>\n<ul>\n<li>par courrier postal, \u00e0 l\u2019adresse : \u00ab DPO Mo\u00ebt Hennessy \u00bb, 38 rue de S\u00e8vres, 75007 Paris, France ;<\/li>\n<li><a href=\"mailto:contactdpo@moethennessy.com\">par courriel<\/a><\/li>\n<\/ul>\n<p>&nbsp;<\/p>\n<ol>\n<li>QUELS SONT LES R\u00d4LES ET RESPONSABILIT\u00c9S DE NOS SOCI\u00c9T\u00c9S AU REGARD DU TRAITEMENT DE VOS DONN\u00c9ES PERSONNELLES ?<\/li>\n<li>QUELLES DONNEES COLLECTONS-NOUS ?<\/li>\n<li>PROTECTION DES PERSONNES N\u2019AYANT PAS ATTEINT L\u2019AGE LEGAL DE CONSOMMATION D\u2019ALCOOL<\/li>\n<li>POUR QUELLES FINALITES UTILISONS NOUS VOS DONNEES\u00a0? SUR QUEL FONDEMENT LEGAL ? ET COMBIEN DE TEMPS CONSERVONS NOUS VOS DONNEES\u00a0?<\/li>\n<li>AVEC QUI PARTAGEONS NOUS VOS DONNEES PERSONNELLES\u00a0?<\/li>\n<li>COMMENT ENCADRONS-NOUS LES TRANSFERTS DE DONNEES HORS DE L\u2019ESPACE ECONOMIQUE EUROPEEN\u00a0?<\/li>\n<li>QUELS SONT VOS DROITS ET COMMENT LES EXERCER\u00a0?<\/li>\n<li>COMMENT NOUS CONTACTER\u00a0?<\/li>\n<li>CHARTE DES COOKIES<\/li>\n<\/ol>\n<p>&nbsp;<\/p>\n<h3 class=\"title-level-2\">QUELS SONT LES R\u00d4LES ET RESPONSABILIT\u00c9S DE NOS SOCI\u00c9T\u00c9S AU REGARD DU TRAITEMENT DE VOS DONN\u00c9ES PERSONNELLES ?<\/h3>\n<p>Les traitements des donn\u00e9es personnelles effectu\u00e9s sur le pr\u00e9sent site web \u00ab\u00a0<a href=\"https:\/\/www.cravanparis.com\/\">https:\/\/www.cravanparis.com\/fr<\/a>\u00a0\u00bb (le\u00a0\u00ab\u00a0Site\u00a0\u00bb) sont op\u00e9r\u00e9s, en qualit\u00e9 de responsables conjoints de traitement au sens du R\u00e8glement G\u00e9n\u00e9ral de Protection des Donn\u00e9es personnelles du 27 avril 2016 (\u00ab\u00a0RGPD\u00a0\u00bb), par\u00a0:<\/p>\n<p>CRAVAN, Soci\u00e9t\u00e9 par Actions Simplifi\u00e9e dont le si\u00e8ge social est situ\u00e9\u00a0au 142 rue du Bac, 75007 Paris, France, immatricul\u00e9e sous le num\u00e9ro 912\u00a0601\u00a0721 RCS Paris\u00a0; et<\/p>\n<p>Mo\u00ebt Hennessy, Soci\u00e9t\u00e9 par Actions Simplifi\u00e9e dont le si\u00e8ge social est situ\u00e9 au 24-32 rue Jean Goujon, 75008 Paris, France, immatricul\u00e9e sous le num\u00e9ro 338 228 414 RCS Paris (\u00ab\u00a0MH\u00a0\u00bb)<\/p>\n<p>Sauf indication contraire, l\u2019affili\u00e9e Mo\u00ebt Hennessy avec laquelle vous \u00eates en contact ou qui est mentionn\u00e9e dans les mentions l\u00e9gales du Site ou dans tout autre document qui vous serait adress\u00e9, que ce soit dans votre pays de r\u00e9sidence ou \u00e0 l\u2019\u00e9tranger, a la qualit\u00e9 de responsable conjoint de traitement avec MH et Mo\u00ebt Hennessy.<\/p>\n<p>Enfin et dans les cas \u00e9voqu\u00e9s ci-apr\u00e8s, certains de nos partenaires, tels que les r\u00e9seaux sociaux, peuvent avoir la qualit\u00e9 de responsable de traitement ind\u00e9pendant\u00a0: nous vous invitons \u00e0 consulter leur Charte de Donn\u00e9es personnelles comme par exemple\u00a0:<\/p>\n<ul>\n<li>\u00a0<a href=\"https:\/\/www.facebook.com\/privacy\/policy\">Instagram<\/a>\u00a0(en cliquant sur ce lien)<\/li>\n<li>\u00a0<a href=\"https:\/\/www.facebook.com\/privacy\/policy\">META<\/a>\u00a0(en cliquant sur ce lien)<\/li>\n<li>\u00a0<a href=\"https:\/\/policies.google.com\/privacy?hl=fr\">Google<\/a>\u00a0(en cliquant sur ce lien)<\/li>\n<\/ul>\n<h3 class=\"title-level-2\">QUELLES DONNEES COLLECTONS-NOUS ?<\/h3>\n<p>Nous collectons trois types de donn\u00e9es personnelles vous concernant, et pour r\u00e9aliser les finalit\u00e9s d\u00e9crites ci-apr\u00e8s dans la section \u00ab Pour quelles finalit\u00e9s nous utilisons vos donn\u00e9es et sur quel fondement l\u00e9gal ? \u00bb de cette note.<\/p>\n<p><img loading=\"lazy\" decoding=\"async\" class=\"aligncenter wp-image-948 size-full\" src=\"https:\/\/www.cravanparis.com\/app\/uploads\/2026\/01\/CRAVAN_Donnees-perso-cookies_FR_Tableaux1.PNG.webp\" alt=\"\" width=\"1400\" height=\"1798\" srcset=\"https:\/\/www.cravanparis.com\/app\/uploads\/2026\/01\/CRAVAN_Donnees-perso-cookies_FR_Tableaux1.PNG.webp 1400w, https:\/\/www.cravanparis.com\/app\/uploads\/2026\/01\/CRAVAN_Donnees-perso-cookies_FR_Tableaux1.PNG-234x300.webp 234w, https:\/\/www.cravanparis.com\/app\/uploads\/2026\/01\/CRAVAN_Donnees-perso-cookies_FR_Tableaux1.PNG-797x1024.webp 797w, https:\/\/www.cravanparis.com\/app\/uploads\/2026\/01\/CRAVAN_Donnees-perso-cookies_FR_Tableaux1.PNG-768x986.webp 768w, https:\/\/www.cravanparis.com\/app\/uploads\/2026\/01\/CRAVAN_Donnees-perso-cookies_FR_Tableaux1.PNG-1196x1536.webp 1196w, https:\/\/www.cravanparis.com\/app\/uploads\/2026\/01\/CRAVAN_Donnees-perso-cookies_FR_Tableaux1.PNG-600x771.webp 600w\" sizes=\"auto, (max-width: 1400px) 100vw, 1400px\" \/><\/p>\n<h3 class=\"title-level-2\">PROTECTION DES PERSONNES N\u2019AYANT PAS ATTEINT L\u2019AGE LEGAL DE CONSOMMATION D\u2019ALCOOL<\/h3>\n<p>L\u2019acc\u00e8s au Site est encadr\u00e9 par les\u00a0<a href=\"https:\/\/www.cravanparis.com\/node\/20\" data-entity-substitution=\"canonical\" data-entity-type=\"node\" data-entity-uuid=\"d2755a74-b529-4872-aaaf-6e95eadbc201\">Conditions G\u00e9n\u00e9rales<\/a>\u00a0\u00a0et nous ne collectons intentionnellement aucune donn\u00e9e personnelle relative aux personnes n\u2019ayant pas atteint l\u2019\u00e2ge l\u00e9gal de consommation et\/ou d\u2019achat d\u2019alcool selon la l\u00e9gislation en vigueur dans leur lieu de r\u00e9sidence, sauf si requis ou permis par la loi. Vous devez avoir l\u2019\u00e2ge l\u00e9gal de consommation et\/ou d\u2019achat d\u2019alcool selon la l\u00e9gislation en vigueur dans votre lieu de r\u00e9sidence pour r\u00e9aliser des transactions sur le Site et en effectuant ces transactions, vous garantissez avoir l\u2019\u00e2ge requis et \u00eates pleinement en mesure de conclure et d&#8217;\u00eatre l\u00e9galement li\u00e9s par de telles transactions.<\/p>\n<p>Toutefois, si vous pensez que nous pouvons traiter les donn\u00e9es personnelles de personnes n\u2019ayant pas atteint l\u2019\u00e2ge l\u00e9gal de consommation et\/ou d\u2019achat d\u2019alcool, nous vous prions de bien vouloir nous en faire part\u00a0: nous supprimerons ces informations le cas \u00e9ch\u00e9ant.<\/p>\n<h3 class=\"title-level-2\"><\/h3>\n<h3 class=\"title-level-2\">POUR QUELLES FINALITES UTILISONS NOUS VOS DONNEES\u00a0? SUR QUEL FONDEMENT LEGAL ? ET COMBIEN DE TEMPS CONSERVONS NOUS VOS DONNEES\u00a0?<\/h3>\n<p>Nous collectons et traitons vos donn\u00e9es \u00e0 caract\u00e8re personnel pour les finalit\u00e9s et en nous fondant sur les bases l\u00e9gales \u00e9num\u00e9r\u00e9es ci-dessous.<\/p>\n<p>De mani\u00e8re g\u00e9n\u00e9rale, vos donn\u00e9es \u00e0 caract\u00e8re personnel sont conserv\u00e9es uniquement pendant la dur\u00e9e n\u00e9cessaire \u00e0 la finalit\u00e9 pour laquelle elles ont \u00e9t\u00e9 collect\u00e9es (cf. tableau ci-dessous) \u00e0 moins que vous ne demandiez leur effacement, que vous ne r\u00e9voquiez votre consentement, lorsque le traitement se fonde sur celui-ci.<\/p>\n<p><img loading=\"lazy\" decoding=\"async\" class=\"wp-image-951 size-full aligncenter\" src=\"https:\/\/www.cravanparis.com\/app\/uploads\/2026\/01\/CRAVAN_Donnees-perso-cookies_FR_Tableaux2.PNG.webp\" alt=\"\" width=\"1400\" height=\"2039\" srcset=\"https:\/\/www.cravanparis.com\/app\/uploads\/2026\/01\/CRAVAN_Donnees-perso-cookies_FR_Tableaux2.PNG.webp 1400w, https:\/\/www.cravanparis.com\/app\/uploads\/2026\/01\/CRAVAN_Donnees-perso-cookies_FR_Tableaux2.PNG-206x300.webp 206w, https:\/\/www.cravanparis.com\/app\/uploads\/2026\/01\/CRAVAN_Donnees-perso-cookies_FR_Tableaux2.PNG-703x1024.webp 703w, https:\/\/www.cravanparis.com\/app\/uploads\/2026\/01\/CRAVAN_Donnees-perso-cookies_FR_Tableaux2.PNG-768x1119.webp 768w, https:\/\/www.cravanparis.com\/app\/uploads\/2026\/01\/CRAVAN_Donnees-perso-cookies_FR_Tableaux2.PNG-1055x1536.webp 1055w, https:\/\/www.cravanparis.com\/app\/uploads\/2026\/01\/CRAVAN_Donnees-perso-cookies_FR_Tableaux2.PNG-600x874.webp 600w\" sizes=\"auto, (max-width: 1400px) 100vw, 1400px\" \/><\/p>\n<div><img loading=\"lazy\" decoding=\"async\" class=\"wp-image-952 size-full aligncenter\" src=\"https:\/\/www.cravanparis.com\/app\/uploads\/2026\/01\/CRAVAN_Donnees-perso-cookies_FR_Tableaux3.PNG.webp\" alt=\"\" width=\"1400\" height=\"1783\" srcset=\"https:\/\/www.cravanparis.com\/app\/uploads\/2026\/01\/CRAVAN_Donnees-perso-cookies_FR_Tableaux3.PNG.webp 1400w, https:\/\/www.cravanparis.com\/app\/uploads\/2026\/01\/CRAVAN_Donnees-perso-cookies_FR_Tableaux3.PNG-236x300.webp 236w, https:\/\/www.cravanparis.com\/app\/uploads\/2026\/01\/CRAVAN_Donnees-perso-cookies_FR_Tableaux3.PNG-804x1024.webp 804w, https:\/\/www.cravanparis.com\/app\/uploads\/2026\/01\/CRAVAN_Donnees-perso-cookies_FR_Tableaux3.PNG-768x978.webp 768w, https:\/\/www.cravanparis.com\/app\/uploads\/2026\/01\/CRAVAN_Donnees-perso-cookies_FR_Tableaux3.PNG-1206x1536.webp 1206w, https:\/\/www.cravanparis.com\/app\/uploads\/2026\/01\/CRAVAN_Donnees-perso-cookies_FR_Tableaux3.PNG-600x764.webp 600w\" sizes=\"auto, (max-width: 1400px) 100vw, 1400px\" \/><\/p>\n<div><img loading=\"lazy\" decoding=\"async\" class=\"wp-image-953 size-full aligncenter\" src=\"https:\/\/www.cravanparis.com\/app\/uploads\/2026\/01\/CRAVAN_Donnees-perso-cookies_FR_Tableaux4.PNG.avif\" alt=\"\" width=\"1400\" height=\"703\" srcset=\"https:\/\/www.cravanparis.com\/app\/uploads\/2026\/01\/CRAVAN_Donnees-perso-cookies_FR_Tableaux4.PNG.avif 1400w, https:\/\/www.cravanparis.com\/app\/uploads\/2026\/01\/CRAVAN_Donnees-perso-cookies_FR_Tableaux4.PNG-300x151.avif 300w, https:\/\/www.cravanparis.com\/app\/uploads\/2026\/01\/CRAVAN_Donnees-perso-cookies_FR_Tableaux4.PNG-1024x514.avif 1024w, https:\/\/www.cravanparis.com\/app\/uploads\/2026\/01\/CRAVAN_Donnees-perso-cookies_FR_Tableaux4.PNG-768x386.avif 768w, https:\/\/www.cravanparis.com\/app\/uploads\/2026\/01\/CRAVAN_Donnees-perso-cookies_FR_Tableaux4.PNG-600x301.avif 600w\" sizes=\"auto, (max-width: 1400px) 100vw, 1400px\" \/><\/p>\n<p>Lorsque nous vous demandons de nous fournir des donn\u00e9es \u00e0 caract\u00e8re personnel, nous indiquons clairement si leur renseignement est obligatoire ou facultatif et les cons\u00e9quences en cas de refus de votre part (par exemple, le fait que nous ne serons pas en mesure de traiter votre demande).<\/p>\n<p>Lorsqu&#8217;un traitement est bas\u00e9 sur notre int\u00e9r\u00eat l\u00e9gitime nous nous assurons dans ce cas de prendre en compte tout impact potentiel que l&#8217;utilisation de vos donn\u00e9es peut avoir sur vous. Si nous pensons que votre int\u00e9r\u00eat ou vos droits et libert\u00e9s fondamentaux outrepassent notre int\u00e9r\u00eat l\u00e9gitime, alors nous n&#8217;utiliserons pas vos donn\u00e9es personnelles sur ce fondement et nous vous vous demanderons un consentement sp\u00e9cifique.<\/p>\n<h3 class=\"title-level-2\"><\/h3>\n<h3 class=\"title-level-2\">AVEC QUI PARTAGEONS NOUS VOS DONNEES PERSONNELLES\u00a0?<\/h3>\n<p>Nous partageons des donn\u00e9es lorsque cela est n\u00e9cessaire\u00a0;<\/p>\n<p>Avec nos soci\u00e9t\u00e9s affili\u00e9es du groupe MOET HENNESSY et avec LVMH i) pour am\u00e9liorer votre exp\u00e9rience en vous proposant du contenu adapt\u00e9, des offres et des services personnalis\u00e9s ainsi que des communications correspondant davantage \u00e0 vos attentes et ii) pour qu&#8217;elles connaissent vos pr\u00e9f\u00e9rences et historique d\u2019achats de nos produits et services afin \u00e9galement d&#8217;en am\u00e9liorer la visibilit\u00e9, l&#8217;accessibilit\u00e9 et la performance.<\/p>\n<p>LVMH agit en tant que notre sous-traitant de donn\u00e9es personnelles et n&#8217;utilisera pas vos donn\u00e9es \u00e0 d&#8217;autres fins que celles d\u00e9crites ci-dessus. En particulier, LVMH n&#8217;utilisera pas vos donn\u00e9es pour ses propres besoins, ne vous contactera jamais \u00e0 des fins marketing et ne partagera en aucun cas vos donn\u00e9es avec les Maisons du Groupe LVMH dont vous n&#8217;\u00eates pas client ou auxquelles vous n&#8217;avez pas donn\u00e9 votre consentement.<\/p>\n<p>Sous r\u00e9serve de votre consentement, les donn\u00e9es relatives aux achats que vous avez effectu\u00e9s aupr\u00e8s de nous au cours des 3 derni\u00e8res ann\u00e9es seront, transmissent \u00e0 LVMH, notre soci\u00e9t\u00e9 m\u00e8re, sous forme de donn\u00e9es pseudonymis\u00e9es (ce qui signifie que ni votre nom, ni vos coordonn\u00e9es ne seront transmises \u00e0\u00a0\u00a0LVMH). Ainsi, l\u2019ensemble des donn\u00e9es relatives \u00e0 vos achats effectu\u00e9s au sein de notre Maison et au sein des autres Maisons du groupe, auxquelles vous avez \u00e9galement donn\u00e9 votre consentement, seront reconcili\u00e9es. Sur la base de cette analyse, nous recevrons de la part de LVMH des informations compl\u00e9mentaires concernant vos habitudes et pr\u00e9f\u00e9rences d&#8217;achat (sans toutefois savoir dans quelle(s) autre(s) Maison(s) vous avez r\u00e9alis\u00e9 ces achats).<\/p>\n<p>Avec des prestataires pour assurer la gestion du Site et celle de vos r\u00e9servations.<\/p>\n<p>Dans le cadre de l&#8217;utilisation du site web, certaines de vos informations sont transmises \u00e0 nos prestataires et sous-traitants intervenant pour assurer la gestion du Site et celle de vos r\u00e9servations dans la limite n\u00e9cessaire \u00e0 leur intervention.<\/p>\n<p>Par exemple\u00a0:<\/p>\n<ul>\n<li>Vos donn\u00e9es de connexion et vos informations lors de votre inscription sur le Site sont h\u00e9berg\u00e9es par notre h\u00e9bergeur<\/li>\n<li>Vos donn\u00e9es renseign\u00e9es pour la r\u00e9servation sont transmises aux partenaires du service de r\u00e9servation.<\/li>\n<\/ul>\n<p>Avec des partenaires afin qu&#8217;ils vous adressent des offres personnalis\u00e9es, mais ce sous r\u00e9serve de votre consentement.<\/p>\n<p>Certaines donn\u00e9es sont partag\u00e9es dans le respect de votre consentement avec nos partenaires commerciaux qui sont ainsi susceptibles de vous adresser des informations sur leurs produits et services.<\/p>\n<p>Avec nos conseils, nos prestataires sp\u00e9cialis\u00e9s dans le recouvrement, pour nous permettre d&#8217;assurer notamment le recouvrement de nos cr\u00e9ances, la gestion des litiges, pr\u00e9vention des impay\u00e9s et contentieux<\/p>\n<p>Nous sommes \u00e9galement conduits \u00e0 partager des donn\u00e9es vous concernant avec nos conseils externes en cas de litige (cabinet d\u2019avocats), avec des tiers, comme des soci\u00e9t\u00e9s de recouvrement de cr\u00e9ance.<\/p>\n<p>Avec les r\u00e9seaux sociaux<\/p>\n<p>Lorsque vous utilisez les boutons sociaux, des donn\u00e9es relatives \u00e0 votre identification sont automatiquement communiqu\u00e9es \u00e0 ces r\u00e9seaux sociaux.\u00a0\u00a0Vous avez \u00e9galement la possibilit\u00e9 de partager sur les r\u00e9seaux sociaux certaines informations ou contenus pr\u00e9sents sur notre Site.\u00a0\u00a0Cette utilisation est r\u00e9gie par les conditions d&#8217;utilisation dudit r\u00e9seau social que nous vous invitons \u00e0 consulter directement sur leur site.<\/p>\n<p>Avec les acqu\u00e9reurs \u00e9ventuels de nos actifs<\/p>\n<p>Des donn\u00e9es peuvent \u00e9galement \u00eatre partag\u00e9es avec l\u2019acqu\u00e9reur ou le destinataire, d\u00e9finitif ou potentiel, de tout ou partie de notre activit\u00e9 ou de nos actifs, en cas notamment de vente ou de r\u00e9organisation (quelle qu\u2019en soit la forme<\/p>\n<p>Avec les autorit\u00e9s judiciaires et administratives<\/p>\n<p>Des donn\u00e9es peuvent \u00e9galement \u00eatre partag\u00e9es avec toutes autorit\u00e9s, juridiction, organe administratif ou tout autre tiers autoris\u00e9, lorsque la communication des donn\u00e9es personnelles est requise par la loi, une disposition r\u00e8glementaire ou une d\u00e9cision de justice ou si cette communication est n\u00e9cessaire pour assurer la protection et la d\u00e9fense de nos droits.<\/p>\n<h3 class=\"title-level-2\"><\/h3>\n<h3 class=\"title-level-2\">COMMENT ENCADRONS-NOUS LES TRANSFERTS DE DONNEES HORS DE L\u2019ESPACE ECONOMIQUE EUROPEEN\u00a0?<\/h3>\n<p>Compte tenu de la pr\u00e9sence de Mo\u00ebt Hennessy dans de nombreux pays du monde, certaines de vos donn\u00e9es peuvent \u00eatre collect\u00e9es, accessibles ou stock\u00e9es en dehors de votre pays de r\u00e9sidence.<\/p>\n<p>Nous pouvons transf\u00e9rer des donn\u00e9es personnelles vers des pays hors de l\u2019Espace \u00c9conomique Europ\u00e9en (\u00ab\u00a0EEE\u00a0\u00bb), y compris vers des pays qui ont des normes de protection des donn\u00e9es diff\u00e9rentes de celles qui s\u2019appliquent dans l\u2019EEE.<\/p>\n<p>Conform\u00e9ment \u00e0 l\u2019art. 46.2(c) du RGPD, tout transfert de vos donn\u00e9es personnelles en dehors de l\u2019EEE s\u2019effectue moyennant des garanties appropri\u00e9es conformes aux r\u00e9glementations applicables en mati\u00e8re de protection des donn\u00e9es personnelles. Une copie des garanties applicables peut \u00eatre obtenue sur demande en\u00a0<a href=\"mailto:contactdpo@moethennessy.com\">nous contactant<\/a>.<\/p>\n<p>Pour toute question concernant les transferts de donn\u00e9es en dehors de l\u2019EEE, ou pour obtenir un extrait des clauses contractuelles types que nous utilisons, nous vous invitons \u00e0\u00a0<a href=\"mailto:contactdpo@moethennessy.com\">nous contacter<\/a>\u00a0\u00e0 l\u2019adresse indiqu\u00e9e ci-dessous (section \u00ab Coordonn\u00e9es du d\u00e9l\u00e9gu\u00e9 \u00e0 la protection des donn\u00e9es :\u00a0<a href=\"mailto:contactdpo@moethennessy.com\">Contact DPO<\/a>.<\/p>\n<h3 class=\"title-level-2\"><\/h3>\n<h3 class=\"title-level-2\">QUELS SONT VOS DROITS ET COMMENT LES EXERCER\u00a0?<\/h3>\n<p>Acc\u00e8s et copie<\/p>\n<p>Vous avez un droit d&#8217;acc\u00e8s et de communication \u00e0 vos donn\u00e9es personnelles.<\/p>\n<p>Vous pouvez, dans les limites pr\u00e9vues par la loi, exercer\u00a0votre droit \u00e0 la portabilit\u00e9\u00a0vous permettant de r\u00e9cup\u00e9rer dans un format interop\u00e9rable les donn\u00e9es personnelles que vous nous avez communiqu\u00e9es.<\/p>\n<p>Si vous ne pouvez pas acc\u00e9der \u00e0 votre compte ou pour acc\u00e9der \u00e0 d&#8217;autres donn\u00e9es, contactez-nous selon les modalit\u00e9s indiqu\u00e9es \u00e0 la rubrique\u00a0Nous contacter\u00a0ci-dessous.<\/p>\n<p>Obtenir la correction de donn\u00e9es personnelles inexactes<\/p>\n<p>Vous avez \u00e9galement la possibilit\u00e9 de demander la correction des donn\u00e9es personnelles vous concernant qui seraient incorrectes et la limitation de leur traitement le temps de leur correction. Vous avez \u00e9galement le droit, selon la nature du traitement, de demander que les donn\u00e9es personnelles en notre possession soient compl\u00e9t\u00e9es.<\/p>\n<p>Si vous ne pouvez pas acc\u00e9der \u00e0 votre compte ou si les donn\u00e9es que vous souhaitez corriger ne peuvent pas \u00eatre corrig\u00e9es via l&#8217;acc\u00e8s \u00e0 votre compte, contactez-nous selon les modalit\u00e9s indiqu\u00e9es \u00e0 la rubrique\u00a0Nous contacter\u00a0ci-dessous.<\/p>\n<p>Retirer votre consentement au traitement de vos donn\u00e9es personnelles<\/p>\n<p>Lorsque le traitement de vos donn\u00e9es personnelles repose sur votre consentement (comme par exemple l&#8217;inscription \u00e0 la newsletter, l&#8217;utilisation de cookies et technologies similaires sur ce Site), vous avez le droit \u00e0 tout moment de retirer vote consentement.<\/p>\n<p>Ce droit s&#8217;exerce en modifiant vos options en mati\u00e8re de prospection commerciale et d&#8217;abonnements \u00e0 nos newsletters, ainsi qu&#8217;en retirant votre consentement au placement de cookies en suivant\u00a0<a class=\"cookies-settings\" href=\"https:\/\/www.cravanparis.com\/fr\/charte-donnees-personnelles-et-cookies\/#\">ce lien<\/a>.<\/p>\n<p>Si vous ne pouvez pas retirer votre consentement, contactez-nous selon les modalit\u00e9s indiqu\u00e9es \u00e0 la rubrique\u00a0Nous contacter\u00a0ci-dessous.<\/p>\n<p>Obtenir l&#8217;effacement de vos donn\u00e9es personnelles<\/p>\n<p>Vous pouvez \u00e9galement demander l&#8217;effacement de vos donn\u00e9es personnelles dans les cas suivants :<\/p>\n<ul>\n<li>Vous consid\u00e9rez que le traitement de vos donn\u00e9es n&#8217;est plus n\u00e9cessaire au regard des services souscrits ou de votre utilisation du Site, ou la r\u00e9alisation des finalit\u00e9s vis\u00e9es dans cette politique ou que leur conservation est contraire \u00e0 la loi ;<\/li>\n<li>Vous avez retir\u00e9 votre consentement au traitement de vos donn\u00e9es\u00a0;<\/li>\n<li>Vous vous opposez au traitement de vos donn\u00e9es personnelles pour des motifs tenant \u00e0 votre situation personnelle ;<\/li>\n<li>Vous vous opposez \u00e0 l&#8217;utilisation de vos donn\u00e9es \u00e0 des fins de prospection commerciale ;<\/li>\n<li>Vos donn\u00e9es ont \u00e9t\u00e9 collect\u00e9es en ligne alors que vous \u00e9tiez mineur.<\/li>\n<\/ul>\n<p>Vous pouvez alternativement, dans les limites pr\u00e9vues par la loi, demander la limitation du traitement de vos donn\u00e9es personnelles.<\/p>\n<p>Veuillez noter que nonobstant l&#8217;exercice de votre droit \u00e0 l&#8217;effacement ou \u00e0 limitation, nous sommes susceptibles de conserver certaines donn\u00e9es personnelles vous concernant lorsque la loi nous l&#8217;impose ou l&#8217;autorise, lorsque nous avons un motif l\u00e9gitime de le faire (par exemple pour nous permettre de justifier de l&#8217;ex\u00e9cution d&#8217;un contrat), pour l&#8217;exercice ou la d\u00e9fense de droits en justice ou encore lorsque l&#8217;exercice de ce droit porte atteinte au droit \u00e0 la libert\u00e9 d&#8217;expression et d&#8217;information.<\/p>\n<p>Vos droits concernant les d\u00e9cisions automatis\u00e9es fond\u00e9es exclusivement sur un traitement automatise<\/p>\n<p>Vous disposez \u00e0 tout moment du droit d&#8217;obtenir une intervention humaine, de faire part de vos observations et de contester la d\u00e9cision en contactant le Service Clients\u00a0selon les modalit\u00e9s indiqu\u00e9es \u00e0 la rubrique\u00a0Comment nous contacter\u00a0ci-dessous<\/p>\n<p>D\u00e9finir des directives g\u00e9n\u00e9rales ou particuli\u00e8res relatives \u00e0 la conservation, \u00e0 l&#8217;effacement et \u00e0 la communication de vos donn\u00e9es personnelles apr\u00e8s son d\u00e9c\u00e8s<\/p>\n<p>Vous avez le droit de\u00a0d\u00e9finir des directives g\u00e9n\u00e9rales ou particuli\u00e8res relatives \u00e0 la conservation, \u00e0 l&#8217;effacement et \u00e0 la communication de vos donn\u00e9es personnelles apr\u00e8s son d\u00e9c\u00e8s\u00a0; ces directives sont g\u00e9n\u00e9rales ou particuli\u00e8res<\/p>\n<h3 class=\"title-level-2\"><\/h3>\n<h3 class=\"title-level-2\">COMMENT NOUS CONTACTER\u00a0?<\/h3>\n<p>Vous avez le droit d\u2019obtenir des informations claires, transparentes et compr\u00e9hensibles sur la fa\u00e7on dont nous utilisons vos donn\u00e9es personnelles et sur vos droits.<\/p>\n<p>Pour toute question, vous pouvez contacter le d\u00e9l\u00e9gu\u00e9 \u00e0 la protection des donn\u00e9es de Cravan \u00e0 l\u2019adresse suivante :<\/p>\n<ul>\n<li>par courrier postal, \u00e0 l\u2019adresse : \u00ab DPO Mo\u00ebt Hennessy \u00bb, 38 rue de S\u00e8vres, 75007 Paris, France ;<\/li>\n<li><a href=\"mailto:contactdpo@moethennessy.com\">par courriel<\/a><\/li>\n<\/ul>\n<p>Veuillez noter qu&#8217;afin de r\u00e9pondre \u00e0 votre demande, nous pouvons \u00eatre amen\u00e9s \u00e0 vous demander de nous fournir un justificatif d\u2019identit\u00e9. Nous pouvons \u00e9galement vous demander de nous communiquer des informations ou justificatifs compl\u00e9mentaires.<\/p>\n<p>Vous disposez \u00e9galement du droit de saisir la Commission Nationale de l\u2019Informatique et des Libert\u00e9s (CNIL), 3 Place de Fontenoy &#8211; TSA 80715 &#8211; 75334 PARIS CEDEX 07, de toute r\u00e9clamation se rapportant \u00e0 la mani\u00e8re dont nous collectons et traitons vos Donn\u00e9es.<\/p>\n<p>&nbsp;<\/p>\n<h3 class=\"title-level-2\">CHARTE DES COOKIES<\/h3>\n<p>COOKIES \u2013 DE QUOI S\u2019AGIT-IL ?<\/p>\n<p>Un \u00ab cookie \u00bb est un \u00e9l\u00e9ment d\u2019information, tel qu\u2019un tag, qui est stock\u00e9 sur votre ordinateur, tablette ou t\u00e9l\u00e9phone quand vous visitez un site internet. Il peut permettre d\u2019identifier votre appareil \u2013 comme votre ordinateur, tablette ou t\u00e9l\u00e9phone- \u00e0 chaque fois que vous visitez un site internet.<\/p>\n<p>La plupart des sites internet utilisent des cookies et c\u2019est le cas de notre Site.<\/p>\n<p>\u00c0 QUOI SERVENT LES COOKIES<\/p>\n<p>Nous utilisons des cookies et d\u2019autres donn\u00e9es stock\u00e9es sur votre appareil afin de :<\/p>\n<ul>\n<li>Vous offrir une meilleure exp\u00e9rience de navigation sur le Site (notamment en affichant un contenu \u00e9ditorial personnalis\u00e9 en fonction de ce que vous avez consult\u00e9 pr\u00e9c\u00e9demment)\u00a0;<\/li>\n<li>Vous permettre de param\u00e9trer vos pr\u00e9f\u00e9rences (choix du pays et de la langue)\u00a0;<\/li>\n<li>Prot\u00e9ger votre s\u00e9curit\u00e9 et lutter contre la fraude\u00a0;<\/li>\n<li>Mesurer et am\u00e9liorer les services propos\u00e9s sur le Site\u00a0;<\/li>\n<li>Collaborer avec nos partenaires et \u00e9valuer nos actions marketing.<\/li>\n<\/ul>\n<p>QUELLES SONT LES INFORMATIONS CONCERNEES PAR LES COOKIES ?<\/p>\n<p>Un cookie va principalement contenir :<\/p>\n<ul>\n<li>Le nom du site internet d\u2019o\u00f9 il provient;<\/li>\n<li>Combien de temps le cookie sera stock\u00e9 sur votre appareil,<\/li>\n<\/ul>\n<p>Un num\u00e9ro unique \u2013 g\u00e9n\u00e9ralement attribu\u00e9 de mani\u00e8re al\u00e9atoire.<\/p>\n<p>LES COOKIES QUE NOUS UTILISONS SUR LE SITE<\/p>\n<p>Nous utilisons les cat\u00e9gories de cookies suivantes sur le Site :<\/p>\n<ul>\n<li>Cat\u00e9gorie 1 : les cookies strictement n\u00e9cessaires et exempt\u00e9s de consentement (base l\u00e9gale : notre int\u00e9r\u00eat l\u00e9gitime &#8211; art. 6 (1) (f) du RGPD)\u00a0: Ces cookies sont essentiels pour vous permettre de naviguer sur le Site et de profiter de ses fonctionnalit\u00e9s. Sans ces cookies, les services que vous avez demand\u00e9s, tels que la m\u00e9morisation de vos donn\u00e9es de connexion, ne peuvent pas \u00eatre fournis.<\/li>\n<li>Cat\u00e9gorie 2 : les cookies de performance (base l\u00e9gale : votre consentement pr\u00e9alable &#8211; art. 6 (1) (a) du RGPD)\u00a0: Ces cookies collectent des informations anonymes sur la fa\u00e7on dont les personnes naviguent sur le Site. Les donn\u00e9es stock\u00e9es via ces cookies n\u2019enregistrent aucune donn\u00e9e permettant d\u2019identifier une personne en particulier.<\/li>\n<li>Cat\u00e9gorie 3 : les cookies de fonctionnalit\u00e9s (base l\u00e9gale : votre consentement pr\u00e9alable &#8211; art. 6 (1) (a) du RGPD)\u00a0: Ces cookies permettent de se souvenir de vos choix tels que le lieu \u00e0 partir duquel vous vous \u00eates connect\u00e9, vos pr\u00e9f\u00e9rences de langue, vos crit\u00e8res de recherche en mati\u00e8re de produits ou de services. Ces informations peuvent servir \u00e0 vous proposer une exp\u00e9rience plus personnalis\u00e9e et davantage pertinente \u00e0 vos attentes. Les informations collect\u00e9es via ces cookies peuvent \u00eatre anonymis\u00e9es et ne permettent pas de suivre vos navigations sur d\u2019autres sites internet.<\/li>\n<li>Cat\u00e9gorie 4 : Cookies de ciblage et publicitaires (base l\u00e9gale : votre consentement pr\u00e9alable &#8211; art. 6 (1) (a) du RGPD)\u00a0: Ces cookies collectent des informations sur vos habitudes de navigation afin de rendre la publicit\u00e9 plus pertinente pour vous et par rapport \u00e0 vos centres d\u2019int\u00e9r\u00eat. Ils sont aussi utilis\u00e9s pour limiter le nombre de fois o\u00f9 vous verrez une publicit\u00e9 et mesurer l\u2019efficacit\u00e9 d\u2019une campagne publicitaire. Ces cookies sont g\u00e9n\u00e9ralement plac\u00e9s par des r\u00e9seaux publicitaires de tiers. Ils se souviennent des sites internet que vous visitez et ces informations sont partag\u00e9es avec des tiers tels que des annonceurs. A titre d\u2019exemple, nous utilisons des cookies de tiers pour vous fournir des publicit\u00e9s personnalis\u00e9es quand vous visitez d\u2019autres sites internet.<\/li>\n<li>Cat\u00e9gorie 5 : Cookies de r\u00e9seaux sociaux\u00a0: Ces cookies vous permettent de partager des contenus du Site sur les r\u00e9seaux sociaux. Ces cookies ne sont pas contr\u00f4l\u00e9s par Cravan. Nous vous invitons \u00e0 consulter les chartes de donn\u00e9es personnelles et cookies des r\u00e9seaux sociaux concern\u00e9s pour en savoir plus sur le fonctionnement de leurs cookies.<\/li>\n<\/ul>\n<p>Les cookies qui ne sont pas exempt\u00e9s de consentement sont dits \u00ab cookies optionnels \u00bb.<\/p>\n<p>Vous pouvez acc\u00e9der \u00e0 la liste des cookies que nous utilisons et g\u00e9rer vos consentements en cliquant sur notre outil de gestion des Cookies\u00a0<a class=\"cookies-settings\" href=\"https:\/\/www.cravanparis.com\/fr\/charte-donnees-personnelles-et-cookies\/#\">ici<\/a>. Nous utilisons nos Cookies mais \u00e9galement des Cookies install\u00e9s par des tiers (nos partenaires).<\/p>\n<p>Vous pouvez acc\u00e9der \u00e0 la liste des entit\u00e9s et partenaires qui d\u00e9posent des cookies sur notre Site en cliquant sur notre outil de gestion des Cookies\u00a0<a class=\"cookies-settings\" href=\"https:\/\/www.cravanparis.com\/fr\/charte-donnees-personnelles-et-cookies\/#\">ici<\/a><\/p>\n<p>PENDANT COMBIEN DE TEMPS LES COOKIES SONT-ILS STOCKES SUR MON APPAREIL ?<\/p>\n<p>Les cookies de session ne restent stock\u00e9s sur votre appareil que pendant la dur\u00e9e de votre session internet. Ils ne sont pas stock\u00e9s sur votre disque dur. Ils sont g\u00e9n\u00e9ralement utilis\u00e9s pour suivre les pages que vous visitez pour pouvoir vous proposer une exp\u00e9rience plus personnalis\u00e9e durant votre visite sur le Site.<\/p>\n<p>Les cookies persistants sont stock\u00e9s sur le disque dur de votre appareil jusqu\u2019\u00e0 ce que vous les supprimiez ou qu\u2019ils atteignent leur date d\u2019expiration. Ces cookies peuvent, par exemple, \u00eatre utilis\u00e9s pour se souvenir de vos pr\u00e9f\u00e9rences quand vous utilisez le Site. La dur\u00e9e de vie de ces cookies ne d\u00e9passera pas treize (13) mois \u00e0 compter de leur d\u00e9p\u00f4t sur le terminal.<\/p>\n<p>Nous vous rappelons que, s\u2019agissant des \u00ab cookies optionnels \u00bb, vous disposez de la facult\u00e9 de faire \u00e9voluer vos pr\u00e9f\u00e9rences et de retirer votre consentement \u00e0 tout moment en cliquant ici<\/p>\n<p>QUE PUIS-JE FAIRE POUR GERER LES COOKIES STOCKES SUR MON APPAREIL ?<\/p>\n<p>Vous pouvez accepter ou refuser les cookies optionnels, par cat\u00e9gories de cookies, en utilisant notre\u00a0<a class=\"cookies-settings\" href=\"https:\/\/www.cravanparis.com\/fr\/charte-donnees-personnelles-et-cookies\/#\">Param\u00e8tres des cookies<\/a><\/p>\n<p>QUE SE PASSE-T-IL SI JE N\u2019ACCEPTE PAS LES COOKIES ?<\/p>\n<p>Si vous refusez les cookies optionnels, vous pourriez ne pas b\u00e9n\u00e9ficier d\u2019une navigation optimale sur le Site.<\/p>\n<\/div>\n<\/article>\n                            <\/div>\n                        <\/div>\n                    <\/div>\n                <\/div>\n            <\/div>\n        <\/div>\n    ","protected":false},"excerpt":{"rendered":"","protected":false},"author":1,"featured_media":0,"parent":0,"menu_order":0,"comment_status":"closed","ping_status":"open","template":"page-transversale.php","meta":{"_acf_changed":false,"inline_featured_image":false,"footnotes":""},"class_list":["post-3","page","type-page","status-publish","hentry"],"acf":[],"yoast_head":"<!-- This site is optimized with the Yoast SEO plugin v27.3 - https:\/\/yoast.com\/product\/yoast-seo-wordpress\/ -->\n<title>Donn\u00e9es personnelles et cookies - CRAVAN - Cocktail Bar - Paris 6<\/title>\n<meta name=\"robots\" content=\"index, follow, max-snippet:-1, max-image-preview:large, max-video-preview:-1\" \/>\n<link rel=\"canonical\" href=\"https:\/\/www.cravanparis.com\/fr\/charte-donnees-personnelles-et-cookies\/\" \/>\n<meta property=\"og:locale\" content=\"fr_FR\" \/>\n<meta property=\"og:type\" content=\"article\" \/>\n<meta property=\"og:title\" content=\"Donn\u00e9es personnelles et cookies - CRAVAN - Cocktail Bar - Paris 6\" \/>\n<meta property=\"og:url\" content=\"https:\/\/www.cravanparis.com\/fr\/charte-donnees-personnelles-et-cookies\/\" \/>\n<meta property=\"og:site_name\" content=\"CRAVAN - Cocktail Bar - Paris 6\" \/>\n<meta property=\"article:modified_time\" content=\"2026-01-21T08:03:19+00:00\" \/>\n<meta name=\"twitter:card\" content=\"summary_large_image\" \/>\n<script type=\"application\/ld+json\" class=\"yoast-schema-graph\">{\"@context\":\"https:\\\/\\\/schema.org\",\"@graph\":[{\"@type\":\"WebPage\",\"@id\":\"https:\\\/\\\/www.cravanparis.com\\\/fr\\\/charte-donnees-personnelles-et-cookies\\\/\",\"url\":\"https:\\\/\\\/www.cravanparis.com\\\/fr\\\/charte-donnees-personnelles-et-cookies\\\/\",\"name\":\"Donn\u00e9es personnelles et cookies - CRAVAN - Cocktail Bar - Paris 6\",\"isPartOf\":{\"@id\":\"https:\\\/\\\/www.cravanparis.com\\\/fr\\\/#website\"},\"datePublished\":\"2025-12-08T12:32:45+00:00\",\"dateModified\":\"2026-01-21T08:03:19+00:00\",\"breadcrumb\":{\"@id\":\"https:\\\/\\\/www.cravanparis.com\\\/fr\\\/charte-donnees-personnelles-et-cookies\\\/#breadcrumb\"},\"inLanguage\":\"fr-FR\",\"potentialAction\":[{\"@type\":\"ReadAction\",\"target\":[\"https:\\\/\\\/www.cravanparis.com\\\/fr\\\/charte-donnees-personnelles-et-cookies\\\/\"]}]},{\"@type\":\"BreadcrumbList\",\"@id\":\"https:\\\/\\\/www.cravanparis.com\\\/fr\\\/charte-donnees-personnelles-et-cookies\\\/#breadcrumb\",\"itemListElement\":[{\"@type\":\"ListItem\",\"position\":1,\"name\":\"Home\",\"item\":\"https:\\\/\\\/www.cravanparis.com\\\/fr\\\/\"},{\"@type\":\"ListItem\",\"position\":2,\"name\":\"Donn\u00e9es personnelles et cookies\"}]},{\"@type\":\"WebSite\",\"@id\":\"https:\\\/\\\/www.cravanparis.com\\\/fr\\\/#website\",\"url\":\"https:\\\/\\\/www.cravanparis.com\\\/fr\\\/\",\"name\":\"CRAVAN - Cocktail Bar - Paris 6\",\"description\":\"CRAVAN, bar \u00e0 cocktails dans le 6\u00e8 arrondissement de Paris, au c\u0153ur du quartier litt\u00e9raire de Saint-Germain-des-Pr\u00e9s. Suivez-nous sur @cravanparis.\",\"publisher\":{\"@id\":\"https:\\\/\\\/www.cravanparis.com\\\/fr\\\/#organization\"},\"potentialAction\":[{\"@type\":\"SearchAction\",\"target\":{\"@type\":\"EntryPoint\",\"urlTemplate\":\"https:\\\/\\\/www.cravanparis.com\\\/fr\\\/?s={search_term_string}\"},\"query-input\":{\"@type\":\"PropertyValueSpecification\",\"valueRequired\":true,\"valueName\":\"search_term_string\"}}],\"inLanguage\":\"fr-FR\"},{\"@type\":\"Organization\",\"@id\":\"https:\\\/\\\/www.cravanparis.com\\\/fr\\\/#organization\",\"name\":\"CRAVAN - Cocktail Bar - Paris 6\",\"url\":\"https:\\\/\\\/www.cravanparis.com\\\/fr\\\/\",\"logo\":{\"@type\":\"ImageObject\",\"inLanguage\":\"fr-FR\",\"@id\":\"https:\\\/\\\/www.cravanparis.com\\\/fr\\\/#\\\/schema\\\/logo\\\/image\\\/\",\"url\":\"https:\\\/\\\/www.cravanparis.com\\\/app\\\/uploads\\\/2026\\\/03\\\/cravan.svg\",\"contentUrl\":\"https:\\\/\\\/www.cravanparis.com\\\/app\\\/uploads\\\/2026\\\/03\\\/cravan.svg\",\"width\":1296,\"height\":357,\"caption\":\"CRAVAN - Cocktail Bar - Paris 6\"},\"image\":{\"@id\":\"https:\\\/\\\/www.cravanparis.com\\\/fr\\\/#\\\/schema\\\/logo\\\/image\\\/\"},\"sameAs\":[\"https:\\\/\\\/www.instagram.com\\\/cravanparis\\\/\"]}]}<\/script>\n<!-- \/ Yoast SEO plugin. -->","yoast_head_json":{"title":"Donn\u00e9es personnelles et cookies - CRAVAN - Cocktail Bar - Paris 6","robots":{"index":"index","follow":"follow","max-snippet":"max-snippet:-1","max-image-preview":"max-image-preview:large","max-video-preview":"max-video-preview:-1"},"canonical":"https:\/\/www.cravanparis.com\/fr\/charte-donnees-personnelles-et-cookies\/","og_locale":"fr_FR","og_type":"article","og_title":"Donn\u00e9es personnelles et cookies - CRAVAN - Cocktail Bar - Paris 6","og_url":"https:\/\/www.cravanparis.com\/fr\/charte-donnees-personnelles-et-cookies\/","og_site_name":"CRAVAN - Cocktail Bar - Paris 6","article_modified_time":"2026-01-21T08:03:19+00:00","twitter_card":"summary_large_image","schema":{"@context":"https:\/\/schema.org","@graph":[{"@type":"WebPage","@id":"https:\/\/www.cravanparis.com\/fr\/charte-donnees-personnelles-et-cookies\/","url":"https:\/\/www.cravanparis.com\/fr\/charte-donnees-personnelles-et-cookies\/","name":"Donn\u00e9es personnelles et cookies - CRAVAN - Cocktail Bar - Paris 6","isPartOf":{"@id":"https:\/\/www.cravanparis.com\/fr\/#website"},"datePublished":"2025-12-08T12:32:45+00:00","dateModified":"2026-01-21T08:03:19+00:00","breadcrumb":{"@id":"https:\/\/www.cravanparis.com\/fr\/charte-donnees-personnelles-et-cookies\/#breadcrumb"},"inLanguage":"fr-FR","potentialAction":[{"@type":"ReadAction","target":["https:\/\/www.cravanparis.com\/fr\/charte-donnees-personnelles-et-cookies\/"]}]},{"@type":"BreadcrumbList","@id":"https:\/\/www.cravanparis.com\/fr\/charte-donnees-personnelles-et-cookies\/#breadcrumb","itemListElement":[{"@type":"ListItem","position":1,"name":"Home","item":"https:\/\/www.cravanparis.com\/fr\/"},{"@type":"ListItem","position":2,"name":"Donn\u00e9es personnelles et cookies"}]},{"@type":"WebSite","@id":"https:\/\/www.cravanparis.com\/fr\/#website","url":"https:\/\/www.cravanparis.com\/fr\/","name":"CRAVAN - Cocktail Bar - Paris 6","description":"CRAVAN, bar \u00e0 cocktails dans le 6\u00e8 arrondissement de Paris, au c\u0153ur du quartier litt\u00e9raire de Saint-Germain-des-Pr\u00e9s. Suivez-nous sur @cravanparis.","publisher":{"@id":"https:\/\/www.cravanparis.com\/fr\/#organization"},"potentialAction":[{"@type":"SearchAction","target":{"@type":"EntryPoint","urlTemplate":"https:\/\/www.cravanparis.com\/fr\/?s={search_term_string}"},"query-input":{"@type":"PropertyValueSpecification","valueRequired":true,"valueName":"search_term_string"}}],"inLanguage":"fr-FR"},{"@type":"Organization","@id":"https:\/\/www.cravanparis.com\/fr\/#organization","name":"CRAVAN - Cocktail Bar - Paris 6","url":"https:\/\/www.cravanparis.com\/fr\/","logo":{"@type":"ImageObject","inLanguage":"fr-FR","@id":"https:\/\/www.cravanparis.com\/fr\/#\/schema\/logo\/image\/","url":"https:\/\/www.cravanparis.com\/app\/uploads\/2026\/03\/cravan.svg","contentUrl":"https:\/\/www.cravanparis.com\/app\/uploads\/2026\/03\/cravan.svg","width":1296,"height":357,"caption":"CRAVAN - Cocktail Bar - Paris 6"},"image":{"@id":"https:\/\/www.cravanparis.com\/fr\/#\/schema\/logo\/image\/"},"sameAs":["https:\/\/www.instagram.com\/cravanparis\/"]}]}},"_links":{"self":[{"href":"https:\/\/www.cravanparis.com\/fr\/wp-json\/wp\/v2\/pages\/3","targetHints":{"allow":["GET"]}}],"collection":[{"href":"https:\/\/www.cravanparis.com\/fr\/wp-json\/wp\/v2\/pages"}],"about":[{"href":"https:\/\/www.cravanparis.com\/fr\/wp-json\/wp\/v2\/types\/page"}],"author":[{"embeddable":true,"href":"https:\/\/www.cravanparis.com\/fr\/wp-json\/wp\/v2\/users\/1"}],"replies":[{"embeddable":true,"href":"https:\/\/www.cravanparis.com\/fr\/wp-json\/wp\/v2\/comments?post=3"}],"version-history":[{"count":7,"href":"https:\/\/www.cravanparis.com\/fr\/wp-json\/wp\/v2\/pages\/3\/revisions"}],"predecessor-version":[{"id":958,"href":"https:\/\/www.cravanparis.com\/fr\/wp-json\/wp\/v2\/pages\/3\/revisions\/958"}],"wp:attachment":[{"href":"https:\/\/www.cravanparis.com\/fr\/wp-json\/wp\/v2\/media?parent=3"}],"curies":[{"name":"wp","href":"https:\/\/api.w.org\/{rel}","templated":true}]}}